{"id":11058,"date":"2019-03-13T20:51:38","date_gmt":"2019-03-14T00:51:38","guid":{"rendered":"http:\/\/www.institutleadership.ca\/english\/?page_id=11058"},"modified":"2024-03-20T13:51:31","modified_gmt":"2024-03-20T17:51:31","slug":"testimonials-all","status":"publish","type":"page","link":"https:\/\/www.institutleadership.ca\/inscription\/testimonials-all\/","title":{"rendered":"T\u00e9moignages"},"content":{"rendered":"<div class=\"archive-testimonials\">\n<article id=\"post-9245\" class=\"post-9245 testimonials type-testimonials status-publish has-post-thumbnail hentry\">\n<div class=\"image\"><a href=\"http:\/\/www.institutleadership.ca\/montreal\/testimonials\/brigitte-roberge-directrice-principale\/\"><img decoding=\"async\" loading=\"lazy\" title=\"desjardins\" src=\"http:\/\/www.institutleadership.ca\/montreal\/wp-content\/uploads\/sites\/7\/2018\/12\/desjardins-200x200.jpg\" alt=\"desjardins\" width=\"200\" height=\"200\" \/><\/a><\/div>\n<div class=\"content\">\n<h3 class=\"title\">Brigitte Roberge \u2013 Directrice principale<\/h3>\n<div class=\"regency\">DESJARDINS<\/div>\n<div class=\"entry-content\">\n<p>\u201cApr\u00e8s plusieurs ann\u00e9es sorties des bancs d\u2019\u00e9cole, une formation intensive en leadership donn\u00e9e par des intervenants issus du monde des affaires m\u2019a beaucoup plu et surtout m\u2019a inspir\u00e9e. Se retrouver en classe pendant 6 jours cons\u00e9cutifs permet de r\u00e9fl\u00e9chir et de prendre un certain recul face \u00e0 ses comportements de gestion. Ce type de d\u00e9veloppement moins th\u00e9orique et plus pratico pratique est certainement un \u00e9l\u00e9ment diff\u00e9renciateur des autres formations que j\u2019ai pu suivre dans le pass\u00e9. La qualit\u00e9 des intervenants provenant de divers domaines et industries combin\u00e9e aux conf\u00e9renciers de renom am\u00e8ne une belle fluidit\u00e9 dans la journ\u00e9e et tout au long de la semaine. Les opportunit\u00e9s de r\u00e9seautage sont nombreuses et l\u2019\u00e9quipe de l\u2019Institut favorise grandement cet aspect tout au long de la semaine\u201d<\/p>\n<\/div>\n<\/div>\n<\/article>\n<article id=\"post-10824\" class=\"post-10824 testimonials type-testimonials status-publish has-post-thumbnail hentry\">\n<div class=\"image\"><a href=\"http:\/\/www.institutleadership.ca\/montreal\/testimonials\/marc-andre-cormier-chef-de-service\/\"><img decoding=\"async\" loading=\"lazy\" title=\"logo cgi\" src=\"http:\/\/www.institutleadership.ca\/montreal\/wp-content\/uploads\/sites\/7\/2019\/03\/logo-cgi-200x200.jpeg\" alt=\"logo cgi\" width=\"200\" height=\"200\" \/><\/a><\/div>\n<div class=\"content\">\n<h3 class=\"title\">Marc-Andr\u00e9 Cormier \u2013 Chef de service<\/h3>\n<div class=\"regency\">CGI<\/div>\n<div class=\"entry-content\">\n<p>\u201cUne formation vraiment utile et int\u00e9ressante qui correspond en tout point de vue \u00e0 notre r\u00e9alit\u00e9 professionnelle. Cela fut vraiment agr\u00e9able et enrichissant de pouvoir b\u00e9n\u00e9ficier du savoir et de l\u2019exp\u00e9rience de formateurs et conf\u00e9renciers de renom et ainsi acqu\u00e9rir une multitude d\u2019outils pour mieux exercer notre leadership au sein de notre organisation.\u201d<\/p>\n<\/div>\n<\/div>\n<\/article>\n<article id=\"post-10958\" class=\"post-10958 testimonials type-testimonials status-publish has-post-thumbnail hentry\">\n<div class=\"image\"><a href=\"http:\/\/www.institutleadership.ca\/montreal\/testimonials\/sylvie-deschamps-francoeur-chef-de-division-adjoint-chaine-dapprovisionnement\/\"><img decoding=\"async\" loading=\"lazy\" title=\"hhh\" src=\"http:\/\/www.institutleadership.ca\/montreal\/wp-content\/uploads\/sites\/7\/2019\/03\/hhh-200x200.jpg\" alt=\"hhh\" width=\"200\" height=\"200\" \/><\/a><\/div>\n<div class=\"content\">\n<h3 class=\"title\">Sylvie Deschamps Francoeur \u2013 Chef de division adjoint, Cha\u00eene d\u2019approvisionnement<\/h3>\n<div class=\"regency\">Bell Canada<\/div>\n<div class=\"entry-content\">\n<p>\u201cEnchant\u00e9e par cette formation! Une opportunit\u00e9 exceptionnelle d\u2019avoir un survol pertinent et tr\u00e8s int\u00e9ressant des diff\u00e9rentes connaissances essentielles \u00e0 un leader. \u00a0Les formats th\u00e9oriques entrem\u00eal\u00e9s de discussions et de pr\u00e9sentations varient les m\u00e9thodes d\u2019apprentissage. Les formateurs sont bien choisis : ils maitrisent bien leur mati\u00e8re et sont d\u2019excellents communicateurs. \u00a0Ce fut aussi une opportunit\u00e9 de rencontrer des gens\u00a0tr\u00e8s\u00a0inspirants qui laisseront une trace dans mon parcours. Bravo et longue vie \u00e0 l\u2019institut! \u201c<\/p>\n<\/div>\n<\/div>\n<\/article>\n<article id=\"post-10954\" class=\"post-10954 testimonials type-testimonials status-publish has-post-thumbnail hentry\">\n<div class=\"image\"><a href=\"http:\/\/www.institutleadership.ca\/montreal\/testimonials\/steeve-de-marchi-directeur-general\/\"><img decoding=\"async\" loading=\"lazy\" title=\"CarGurusAMVOQlogo-800x500_c\" src=\"http:\/\/www.institutleadership.ca\/montreal\/wp-content\/uploads\/sites\/7\/2019\/03\/CarGurusAMVOQlogo-800x500_c-e1551814161407-200x78.jpg\" alt=\"CarGurusAMVOQlogo-800x500_c\" width=\"200\" height=\"200\" \/><\/a><\/div>\n<div class=\"content\">\n<h3 class=\"title\">Steeve De Marchi \u2013 Directeur g\u00e9n\u00e9ral<\/h3>\n<div class=\"regency\">AMVOQ<\/div>\n<div class=\"entry-content\">\n<p>\u201cLe programme de formation dispens\u00e9e par l\u2019Institut de leadership en gestion m\u2019a permis de confirmer la validit\u00e9 de certains comportements et aussi, de prendre conscience de pistes d\u2019am\u00e9lioration. Malgr\u00e9 des attentes tr\u00e8s \u00e9lev\u00e9es, l\u2019Institut a largement d\u00e9pass\u00e9 les buts que je m\u2019\u00e9tais fix\u00e9s. Le calibre de cette formation est vraiment tr\u00e8s \u00e9lev\u00e9.\u201d<\/p>\n<\/div>\n<\/div>\n<\/article>\n<article id=\"post-10952\" class=\"post-10952 testimonials type-testimonials status-publish has-post-thumbnail hentry\">\n<div class=\"image\"><a href=\"http:\/\/www.institutleadership.ca\/montreal\/testimonials\/chantal-soly-conseillere-principale-aux-evenements-benefices\/\"><img decoding=\"async\" loading=\"lazy\" title=\"chu_saintjustine_foundation_logo_before_after\" src=\"http:\/\/www.institutleadership.ca\/montreal\/wp-content\/uploads\/sites\/7\/2019\/03\/chu_saintjustine_foundation_logo_before_after-e1551813461328-200x200.png\" alt=\"chu_saintjustine_foundation_logo_before_after\" width=\"200\" height=\"200\" \/><\/a><\/div>\n<div class=\"content\">\n<h3 class=\"title\">Chantal Soly \u2013 Conseill\u00e8re principale aux \u00e9v\u00e9nements b\u00e9n\u00e9fices<\/h3>\n<div class=\"regency\">Fondation CHU Sainte-Justine<\/div>\n<div class=\"entry-content\">\n<p>\u201cLe programme de formation m\u2019a permis de voyager \u00e0 travers diverses connaissances intellectuelles et \u00e9motionnelles. J\u2019ai eu la chance de rencontrer des personnes extraordinaires qui m\u2019ont enseign\u00e9e, inform\u00e9e et enrichie sur les connaissances touchant le monde des affaires. Ils m\u2019ont insuffl\u00e9 un \u00e9lan de motivation prodigieux qui m\u2019encourage \u00e0 aller de l\u2019avant dans ma carri\u00e8re. Ce fut un grand privil\u00e8ge de faire partie de cette merveilleuse cohorte. Merci \u00e0 toute cette formidable \u00e9quipe!\u201d<\/p>\n<\/div>\n<\/div>\n<\/article>\n<article id=\"post-2827\" class=\"post-2827 testimonials type-testimonials status-publish has-post-thumbnail hentry\">\n<div class=\"image\"><a href=\"http:\/\/www.institutleadership.ca\/montreal\/testimonials\/radio-canada\/\"><img decoding=\"async\" loading=\"lazy\" title=\"fe661aee86753a172a8e3d14be5c474e\" src=\"http:\/\/www.institutleadership.ca\/montreal\/wp-content\/uploads\/sites\/7\/2015\/11\/fe661aee86753a172a8e3d14be5c474e-200x200.jpg\" alt=\"fe661aee86753a172a8e3d14be5c474e\" width=\"200\" height=\"200\" \/><\/a><\/div>\n<div class=\"content\">\n<h3 class=\"title\">Carole Pelletier- Directrice de la Publicit\u00e9<\/h3>\n<div class=\"regency\">RADIO-CANADA<\/div>\n<div class=\"entry-content\">\n<p>\u201cUne semaine charg\u00e9e, intensive et exigeante, parfaitement con\u00e7ue pour la r\u00e9alit\u00e9 professionnelle d\u2019aujourd\u2019hui. En une toute petite semaine, la formation de l\u2019Institut m\u2019a permis d\u2019approfondir toutes les facettes de l\u2019exercice de mon leadership professionnel et de me doter d\u2019outils applicables d\u00e8s maintenant, dans le cadre de mes fonctions. Plus qu\u2019une simple formation, l\u2019Institut a su construire son programme de certification pour favoriser le r\u00e9seautage entre les \u00e9tudiants et permettre des rencontres surprenantes et inspirantes avec des gestionnaires d\u2019exception. C\u2019est l\u2019occasion parfaite pour prendre du recul sur le quotidien, porter un regard critique sur l\u2019exercice de ses fonctions et se projeter vers de nouveaux sommets professionnels.\u201d<\/p>\n<p>&nbsp;<\/p>\n<\/div>\n<\/div>\n<\/article>\n<article id=\"post-10948\" class=\"post-10948 testimonials type-testimonials status-publish has-post-thumbnail hentry\">\n<div class=\"image\"><a href=\"http:\/\/www.institutleadership.ca\/montreal\/testimonials\/simon-fournier-adjoint-a-la-direction\/\"><img decoding=\"async\" loading=\"lazy\" title=\"logo_metro\" src=\"http:\/\/www.institutleadership.ca\/montreal\/wp-content\/uploads\/sites\/7\/2019\/03\/logo_metro-1-200x200.jpg\" alt=\"logo_metro\" width=\"200\" height=\"200\" \/><\/a><\/div>\n<div class=\"content\">\n<h3 class=\"title\">Simon Fournier \u2013 Adjoint \u00e0 la direction<\/h3>\n<div class=\"regency\">Metro Plus Fournier<\/div>\n<div class=\"entry-content\">\n<p>\u201cCe que m\u2019a apport\u00e9 l\u2019Institut de leadership en gestion va bien au-del\u00e0 des connaissances et des techniques apprises en cours. Si on en ressort un peu plus grand, c\u2019est aussi parce que, tout au long de la semaine, les diff\u00e9rents intervenants nous challengent et les formations nous am\u00e8nent de mani\u00e8re positive \u00e0 remettre en question nos notions du leader d\u2019aujourd\u2019hui et de demain. Merci \u00e0 toute l\u2019\u00e9quipe pour cette exp\u00e9rience enrichissante.\u201d<\/p>\n<\/div>\n<\/div>\n<\/article>\n<article id=\"post-10946\" class=\"post-10946 testimonials type-testimonials status-publish has-post-thumbnail hentry\">\n<div class=\"image\"><a href=\"http:\/\/www.institutleadership.ca\/montreal\/testimonials\/yael-mamane-chercheure-senior\/\"><img decoding=\"async\" loading=\"lazy\" title=\"0\" src=\"http:\/\/www.institutleadership.ca\/montreal\/wp-content\/uploads\/sites\/7\/2019\/03\/0-1-200x200.png\" alt=\"0\" width=\"200\" height=\"200\" \/><\/a><\/div>\n<div class=\"content\">\n<h3 class=\"title\">Yael Mamane \u2013 Chercheure s\u00e9nior<\/h3>\n<div class=\"regency\">Vertex Pharmaceuticals Canada<\/div>\n<div class=\"entry-content\">\n<p>\u201cCe fut un excellent programme.\u00a0Il y avait une bonne combinaison de pr\u00e9sentations magistrales, d\u2019exercices de groupe et de t\u00e9moignages d\u2019experts. J\u2019ai vraiment appr\u00e9ci\u00e9 la section sur les habilet\u00e9s politiques: celle-ci nous donne des notions tr\u00e8s utiles pour tous types d\u2019organisation. Je vais utiliser un grand nombre des notions que je apprises dans un but d\u2019am\u00e9liorer continue de mon leadership et de mes comp\u00e9tences en gestion. Je recommande fortement ce programme. Merci \u00e0 tous.\u201d<\/p>\n<\/div>\n<\/div>\n<\/article>\n<article id=\"post-10944\" class=\"post-10944 testimonials type-testimonials status-publish has-post-thumbnail hentry\">\n<div class=\"image\"><a href=\"http:\/\/www.institutleadership.ca\/montreal\/testimonials\/renee-boisclair-crha-directrice-des-ressources-humaines\/\"><img decoding=\"async\" loading=\"lazy\" title=\"logo_Saint-Bruno-de-Montarville_300\" src=\"http:\/\/www.institutleadership.ca\/montreal\/wp-content\/uploads\/sites\/7\/2019\/03\/logo_Saint-Bruno-de-Montarville_300-200x200.png\" alt=\"logo_Saint-Bruno-de-Montarville_300\" width=\"200\" height=\"200\" \/><\/a><\/div>\n<div class=\"content\">\n<h3 class=\"title\">Ren\u00e9e Boisclair \u2013 CRHA, Directrice des ressources humaines<\/h3>\n<div class=\"regency\">Ville de Saint-Bruno-de-Montarville<\/div>\n<div class=\"entry-content\">\n<p>\u201cPercutant, pertinent, valeur ajout\u00e9e, des t\u00e9moignages motivants, des th\u00e8mes empreints d\u2019intelligence, de la motivation \u00e0 l\u2019\u00e9tat pur! Merci aux organisateurs, aux formateurs ainsi qu\u2019aux conf\u00e9renciers! Une exp\u00e9rience que je souhaite \u00e0 tous ceux qui veulent explorer de nouvelles fa\u00e7ons d\u2019\u00eatre.\u201d<\/p>\n<\/div>\n<\/div>\n<\/article>\n<article id=\"post-10942\" class=\"post-10942 testimonials type-testimonials status-publish has-post-thumbnail hentry\">\n<div class=\"image\"><a href=\"http:\/\/www.institutleadership.ca\/montreal\/testimonials\/philip-obrien-vice-president-ventes-et-marketing\/\"><img decoding=\"async\" loading=\"lazy\" title=\"exp_logo_2137_fr_2013_06_11_13_41_23\" src=\"http:\/\/www.institutleadership.ca\/montreal\/wp-content\/uploads\/sites\/7\/2019\/03\/exp_logo_2137_fr_2013_06_11_13_41_23-200x200.jpg\" alt=\"exp_logo_2137_fr_2013_06_11_13_41_23\" width=\"200\" height=\"200\" \/><\/a><\/div>\n<div class=\"content\">\n<h3 class=\"title\">Philip O\u2019Brien \u2013 Vice-pr\u00e9sident, ventes et marketing<\/h3>\n<div class=\"regency\">Arrimage Qu\u00e9bec<\/div>\n<div class=\"entry-content\">\n<p>\u201cPar la qualit\u00e9 impressionnante de ses intervenants et la pertinence des sujets trait\u00e9s relativement aux nombreux d\u00e9fis auxquels les leaders d\u2019entreprises font face tous les jours, l\u2019Institut de Leadership a su se tailler une place au devant de peloton pour former les leaders d\u2019aujourd\u2019hui et de demain. L\u2019environnement de convivialit\u00e9 \u00e9tabli tout au long de la formation stimule les \u00e9changes entre tous les participants et permet de capitaliser<br \/>\nsur l\u2019opportunit\u00e9 unique de participer au rassemblement de gens d\u2019importance venus de tous les milieux de travail imaginables. Merci pour cette fantastique exp\u00e9rience!\u201d<\/p>\n<\/div>\n<\/div>\n<\/article>\n<article id=\"post-10940\" class=\"post-10940 testimonials type-testimonials status-publish has-post-thumbnail hentry\">\n<div class=\"image\"><a href=\"http:\/\/www.institutleadership.ca\/montreal\/testimonials\/genevieve-laurendeau-directrice-ressources-humaines-secteur-detail\/\"><img decoding=\"async\" loading=\"lazy\" title=\"Sobeys\" src=\"http:\/\/www.institutleadership.ca\/montreal\/wp-content\/uploads\/sites\/7\/2019\/03\/Sobeys-200x200.jpg\" alt=\"Sobeys\" width=\"200\" height=\"200\" \/><\/a><\/div>\n<div class=\"content\">\n<h3 class=\"title\">Genevi\u00e8ve Laurendeau \u2013 Directrice Ressources Humaines, secteur d\u00e9tail<\/h3>\n<div class=\"regency\">Sobeys<\/div>\n<div class=\"entry-content\">\n<p>\u201cJe crois \u00e9norm\u00e9ment au d\u00e9veloppement continu des mes connaissances et comp\u00e9tences, mais ma r\u00e9alit\u00e9 quotidienne professionnelle ne me permet pas de suivre une formation ex\u00e9cutive de plusieurs mois. La Certification en leadership est une super alternative, tr\u00e8s pratique, qui permet le partage d\u2019exp\u00e9riences avec les autres participants et avec des intervenants inspirants. Je sors de cette semaine avec un beau coffre \u00e0 outils. J\u2019ai ador\u00e9!\u201d<\/p>\n<\/div>\n<\/div>\n<\/article>\n<article id=\"post-10938\" class=\"post-10938 testimonials type-testimonials status-publish has-post-thumbnail hentry\">\n<div class=\"image\"><a href=\"http:\/\/www.institutleadership.ca\/montreal\/testimonials\/yim-han-directrice-gestion-du-risque-de-credit\/\"><img decoding=\"async\" loading=\"lazy\" title=\"te\u0301le\u0301chargement\" src=\"http:\/\/www.institutleadership.ca\/montreal\/wp-content\/uploads\/sites\/7\/2019\/03\/te\u0301le\u0301chargement-200x200.jpeg\" alt=\"te\u0301le\u0301chargement\" width=\"200\" height=\"200\" \/><\/a><\/div>\n<div class=\"content\">\n<h3 class=\"title\">Yim Han \u2013 Directrice Gestion du risque de cr\u00e9dit<\/h3>\n<div class=\"regency\">Banque de d\u00e9veloppement du Canada<\/div>\n<div class=\"entry-content\">\n<p>\u201cLe programme de l\u2019Institut Leadership est une formation tr\u00e8s int\u00e9ressante et pertinente. La richesse du programme repose sur trois \u00e9l\u00e9ments : 1. La diversit\u00e9 des participants qui s\u2019y composent : des gens venant de secteurs diff\u00e9rents, des exp\u00e9riences vari\u00e9es, rendant les ateliers d\u2019\u00e9quipes et les interventions tr\u00e8s int\u00e9ressantes. De plus, il s\u2019agit d\u2019un excellent endroit pour le r\u00e9seautage. 2. La qualit\u00e9 et la vari\u00e9t\u00e9 des formateurs : Chaque sujet est trait\u00e9 par des sp\u00e9cialistes dans le domaine, de par leur formation mais surtout avec leurs v\u00e9cus en nous partageant leurs exp\u00e9riences. 3. Le calibre des invit\u00e9s-conf\u00e9renciers qui ont su nous toucher par leurs t\u00e9moignages inspirants. Ils ont \u00e9t\u00e9 tr\u00e8s g\u00e9n\u00e9reux dans le partage de leurs parcours. Ce fut une semaine bien investie dont je suis repartie avec plusieurs outils qui me seront utiles tout au long de ma carri\u00e8re! Je souhaite \u00e0 de nombreux leaders d\u2019avoir l\u2019opportunit\u00e9 que j\u2019ai eue de suivre cette formation.\u201d<\/p>\n<\/div>\n<\/div>\n<\/article>\n<article id=\"post-10935\" class=\"post-10935 testimonials type-testimonials status-publish has-post-thumbnail hentry\">\n<div class=\"image\"><a href=\"http:\/\/www.institutleadership.ca\/montreal\/testimonials\/benoit-jodoin-vice-president-transport-logistique-et-operations\/\"><img decoding=\"async\" loading=\"lazy\" title=\"kkk\" src=\"http:\/\/www.institutleadership.ca\/montreal\/wp-content\/uploads\/sites\/7\/2019\/03\/kkk-e1551808381169-200x89.jpg\" alt=\"kkk\" width=\"200\" height=\"200\" \/><\/a><\/div>\n<div class=\"content\">\n<h3 class=\"title\">Benoit Jodoin \u2013 Vice-pr\u00e9sident transport, logistique et op\u00e9rations<\/h3>\n<div class=\"regency\">Harnois Groupe p\u00e9trolier<\/div>\n<div class=\"entry-content\">\n<p>\u201cJ\u2019ai ador\u00e9 ma semaine en classe. L\u2019institut a\u00a0une tr\u00e8s belle \u00e9quipe, et un plan de formation tr\u00e8s bien structur\u00e9, qui a rencontr\u00e9 mes attentes.\u00a0Je n\u2019h\u00e9siterai pas \u00e0 recommander le programme. Ces journ\u00e9es en classe nous permettent de prendre du recul, et nous donnent un regard diff\u00e9rent sur notre travail quotidien.\u201d<\/p>\n<\/div>\n<\/div>\n<\/article>\n<article id=\"post-10932\" class=\"post-10932 testimonials type-testimonials status-publish has-post-thumbnail hentry\">\n<div class=\"image\"><a href=\"http:\/\/www.institutleadership.ca\/montreal\/testimonials\/frederic-sujobert-directeur-general\/\"><img decoding=\"async\" loading=\"lazy\" title=\"massif\" src=\"http:\/\/www.institutleadership.ca\/montreal\/wp-content\/uploads\/sites\/7\/2019\/03\/massif-200x113.jpg\" alt=\"massif\" width=\"200\" height=\"200\" \/><\/a><\/div>\n<div class=\"content\">\n<h3 class=\"title\">Fr\u00e9d\u00e9ric Sujobert \u2013 Directeur g\u00e9n\u00e9ral<\/h3>\n<div class=\"regency\">Le Massif<\/div>\n<div class=\"entry-content\">\n<p>\u201cLa qualit\u00e9 franchement impressionnante des diff\u00e9rents intervenants, les exp\u00e9riences de vie qui nous ont \u00e9t\u00e9 pr\u00e9sent\u00e9es, la vari\u00e9t\u00e9 de provenance des autres participants (\u00e9l\u00e8ves tels que moi), ainsi que la pertinence de la structure de cours\/th\u00e9matiques offerte sont autant d\u2019\u00e9l\u00e9ments positifs \u00e0 cette formation. Je suis certain que tout gestionnaire aurait int\u00e9r\u00eat \u00e0 suivre votre formation.\u201d<\/p>\n<\/div>\n<\/div>\n<\/article>\n<article id=\"post-10930\" class=\"post-10930 testimonials type-testimonials status-publish has-post-thumbnail hentry\">\n<div class=\"image\"><a href=\"http:\/\/www.institutleadership.ca\/montreal\/testimonials\/lise-roy-directrice-generale\/\"><img decoding=\"async\" loading=\"lazy\" title=\"centrestpierre\" src=\"http:\/\/www.institutleadership.ca\/montreal\/wp-content\/uploads\/sites\/7\/2019\/03\/centrestpierre-e1551807911199-200x107.jpg\" alt=\"centrestpierre\" width=\"200\" height=\"200\" \/><\/a><\/div>\n<div class=\"content\">\n<h3 class=\"title\">Lise Roy \u2013 Directrice g\u00e9n\u00e9rale<\/h3>\n<div class=\"regency\">Centre St-Pierre<\/div>\n<div class=\"entry-content\">\n<p>\u201cAu fil des ann\u00e9es, j\u2019ai eu l\u2019occasion \u00e0 maintes reprises de suivre des formations. Celle offerte par l\u2019Institut de leadership en gestion est de loin une des meilleures. Des conf\u00e9renciers chevronn\u00e9s, des formateurs d\u2019une tr\u00e8s grande expertise et g\u00e9n\u00e9rosit\u00e9, des participants dont les exp\u00e9riences sont inspirantes et enrichissantes, des outils concrets et adaptables \u00e0 nos organisations. Une formule gagnante! Merci et bravo \u00e0 toute l\u2019\u00e9quipe! Bonne continuit\u00e9!\u201d<\/p>\n<\/div>\n<\/div>\n<\/article>\n<article id=\"post-10928\" class=\"post-10928 testimonials type-testimonials status-publish has-post-thumbnail hentry\">\n<div class=\"image\"><a href=\"http:\/\/www.institutleadership.ca\/montreal\/testimonials\/stephane-arseneau-directeur-general-par-interim\/\"><img decoding=\"async\" loading=\"lazy\" title=\"23-\" src=\"http:\/\/www.institutleadership.ca\/montreal\/wp-content\/uploads\/sites\/7\/2019\/03\/23--200x64.jpg\" alt=\"23-\" width=\"200\" height=\"200\" \/><\/a><\/div>\n<div class=\"content\">\n<h3 class=\"title\">St\u00e9phane Arseneau \u2013 Directeur g\u00e9n\u00e9ral par int\u00e9rim<\/h3>\n<div class=\"regency\">CCAP<\/div>\n<div class=\"entry-content\">\n<p>\u201cTr\u00e8s pertinent et int\u00e9ressant, des conf\u00e9renciers et des formateurs de haut niveau avec des exp\u00e9riences vari\u00e9es et enrichissantes. Tout pr\u00e8s de vingt-cinq participants engag\u00e9s venant de milieux diff\u00e9rents qui apportent chacun leur couleur et enrichissent davantage l\u2019exp\u00e9rience tout en permettant une activit\u00e9 de r\u00e9seautage in\u00e9gal\u00e9e.\u201d<\/p>\n<\/div>\n<\/div>\n<\/article>\n<article id=\"post-10956\" class=\"post-10956 testimonials type-testimonials status-publish has-post-thumbnail hentry\">\n<div class=\"image\"><a href=\"http:\/\/www.institutleadership.ca\/montreal\/testimonials\/stephane-david-president\/\"><img decoding=\"async\" loading=\"lazy\" title=\"exp_logo_3207_fr_2017_11_09_14_41_01\" src=\"http:\/\/www.institutleadership.ca\/montreal\/wp-content\/uploads\/sites\/7\/2019\/03\/exp_logo_3207_fr_2017_11_09_14_41_01-200x75.jpg\" alt=\"exp_logo_3207_fr_2017_11_09_14_41_01\" width=\"200\" height=\"200\" \/><\/a><\/div>\n<div class=\"content\">\n<h3 class=\"title\">St\u00e9phane David \u2013 Pr\u00e9sident<\/h3>\n<div class=\"regency\">Republic Technologies Canada<\/div>\n<div class=\"entry-content\">\n<p><i>\u201c<\/i>Tr\u00e8s int\u00e9ressant et pertinent. Les intervenants sont int\u00e9ressants, voir m\u00eame inspirants. Les formations sont ax\u00e9es sur les r\u00e9alit\u00e9s des affaires.\u201d<\/p>\n<\/div>\n<\/div>\n<\/article>\n<article id=\"post-10925\" class=\"post-10925 testimonials type-testimonials status-publish has-post-thumbnail hentry\">\n<div class=\"image\"><a href=\"http:\/\/www.institutleadership.ca\/montreal\/testimonials\/alexandre-monarque-conseiller-programmes-sts\/\"><img decoding=\"async\" loading=\"lazy\" title=\"Canadian-Space-Agencyttt\" src=\"http:\/\/www.institutleadership.ca\/montreal\/wp-content\/uploads\/sites\/7\/2019\/03\/Canadian-Space-Agencyttt-200x200.jpg\" alt=\"Canadian-Space-Agencyttt\" width=\"200\" height=\"200\" \/><\/a><\/div>\n<div class=\"content\">\n<h3 class=\"title\">Alexandre Monarque \u2013 Conseiller Programmes S&amp;TS<\/h3>\n<div class=\"regency\">Canadian Space Agency<\/div>\n<div class=\"entry-content\">\n<p>\u201cLes tr\u00e8s nombreux intervenants (formateurs, conf\u00e9renciers) sont tous d\u2019une r\u00e9putation et d\u2019un calibre exceptionnel. Ils donnent une dimension utile, efficace et tr\u00e8s pratique aux connaissances acquises. Avoir l\u2019occasion de les entendre et d\u2019\u00e9changer avec eux de fa\u00e7on intimiste donne une perspective unique aux participants.\u00a0Je recommande sans h\u00e9siter cette formation.\u201d<\/p>\n<\/div>\n<\/div>\n<\/article>\n<article id=\"post-10923\" class=\"post-10923 testimonials type-testimonials status-publish has-post-thumbnail hentry\">\n<div class=\"image\"><a href=\"http:\/\/www.institutleadership.ca\/montreal\/testimonials\/benoit-hugo-st-pierre-conseiller-projets-nationaux-provincial-partenariats-et-gestion-de-projets\/\"><img decoding=\"async\" loading=\"lazy\" title=\"Logo-Que\u0301bec-en-forme-min\" src=\"http:\/\/www.institutleadership.ca\/montreal\/wp-content\/uploads\/sites\/7\/2019\/03\/Logo-Que\u0301bec-en-forme-min-200x200.jpg\" alt=\"Logo-Que\u0301bec-en-forme-min\" width=\"200\" height=\"200\" \/><\/a><\/div>\n<div class=\"content\">\n<h3 class=\"title\">Beno\u00eet-Hugo St-Pierre \u2013 Conseiller projets nationaux, Provincial, Partenariats et Gestion de projets<\/h3>\n<div class=\"regency\">Qu\u00e9bec en forme<\/div>\n<div class=\"entry-content\">\n<p>\u201cPremi\u00e8rement et sans aucun doute, la force de l\u2019Institut est la qualit\u00e9 de ses intervenants! De mani\u00e8re condens\u00e9e, le format est id\u00e9al pour un gestionnaire actuel ou en devenir de prendre un moment de recul professionnel pour d\u00e9velopper et consolider ses pratiques.\u00a0 Ce m\u00eame format permet dans l\u2019imm\u00e9diat de s\u2019approprier des concepts qu\u2019il est facile de mettre en pratique d\u00e8s notre retour au travail le lundi matin.\u00a0 Derni\u00e8rement, l\u2019Institut est un lieu de r\u00e9seautage exceptionnel ce qui devient un tremplin professionnel important.\u201d<\/p>\n<\/div>\n<\/div>\n<\/article>\n<article id=\"post-10920\" class=\"post-10920 testimonials type-testimonials status-publish has-post-thumbnail hentry\">\n<div class=\"image\"><a href=\"http:\/\/www.institutleadership.ca\/montreal\/testimonials\/louis-turcotte-directeur-gestion-des-actifs-technologie-et-innovation\/\"><img decoding=\"async\" loading=\"lazy\" title=\"riotintoalcansq\" src=\"http:\/\/www.institutleadership.ca\/montreal\/wp-content\/uploads\/sites\/7\/2019\/03\/riotintoalcansq-200x200.png\" alt=\"riotintoalcansq\" width=\"200\" height=\"200\" \/><\/a><\/div>\n<div class=\"content\">\n<h3 class=\"title\">Louis Turcotte \u2013 Directeur Gestion des actifs, Technologie et Innovation<\/h3>\n<div class=\"regency\">Rio Tinto<\/div>\n<div class=\"entry-content\">\n<p>\u201cLe programme est tout \u00e0 fait impressionnant. La qualit\u00e9 des intervenants ainsi que le contenu de chacune des formations ont \u00e9t\u00e9 choisi avec soins. Plusieurs ateliers m\u2019ont faits d\u00e9couvrir de nouveaux trucs, \u00a0facilement applicables dans mon travail et dans la vie de tous les jours. C\u2019est comme un vent de fra\u00eecheur dans l\u2019apprentissage du leadership. F\u00e9licitations \u00e0 toute l\u2019\u00e9quipe, c\u2019est une r\u00e9ussite sur toute la ligne.\u201d<\/p>\n<\/div>\n<\/div>\n<\/article>\n<article id=\"post-10916\" class=\"post-10916 testimonials type-testimonials status-publish has-post-thumbnail hentry\">\n<div class=\"image\"><a href=\"http:\/\/www.institutleadership.ca\/montreal\/testimonials\/charles-drouin-chef-de-la-direction\/\"><img decoding=\"async\" loading=\"lazy\" title=\"looo\" src=\"http:\/\/www.institutleadership.ca\/montreal\/wp-content\/uploads\/sites\/7\/2019\/03\/looo-e1551806724483.png\" alt=\"looo\" width=\"200\" height=\"200\" \/><\/a><\/div>\n<div class=\"content\">\n<h3 class=\"title\">Charles Drouin \u2013 Chef de la direction<\/h3>\n<div class=\"regency\">Corporation Mobilis<\/div>\n<div class=\"entry-content\">\n<p>\u201cC\u2019est un privil\u00e8ge de pouvoir vivre une semaine intensive, une semaine de formation offerte par des intervenants qualifi\u00e9s, des conf\u00e9renciers de renom et les meilleurs professeurs. Le certificat en leadership est une opportunit\u00e9 inestimable que tout gestionnaire devrait songer \u00e0 suivre, car la diversit\u00e9 des th\u00e8mes pr\u00e9sent\u00e9e par L\u2019Institut contribuera indubitablement au succ\u00e8s de vos entreprises.\u201d<\/p>\n<\/div>\n<\/div>\n<\/article>\n<article id=\"post-10914\" class=\"post-10914 testimonials type-testimonials status-publish has-post-thumbnail hentry\">\n<div class=\"image\"><a href=\"http:\/\/www.institutleadership.ca\/montreal\/testimonials\/marie-carmen-velasco-vice-presidente-executive-et-chef-du-capital-humain-et-services-partages\/\"><img decoding=\"async\" loading=\"lazy\" title=\"Acceo-Solutions-500\u00d7250\" src=\"http:\/\/www.institutleadership.ca\/montreal\/wp-content\/uploads\/sites\/7\/2019\/03\/Acceo-Solutions-500x250-200x200.jpg\" alt=\"Acceo-Solutions-500\u00d7250\" width=\"200\" height=\"200\" \/><\/a><\/div>\n<div class=\"content\">\n<h3 class=\"title\">Marie-Carmen Velasco \u2013 Vice-pr\u00e9sidente ex\u00e9cutive et chef du capital humain et services partag\u00e9s<\/h3>\n<div class=\"regency\">Acceo Solutions<\/div>\n<div class=\"entry-content\">\n<p>\u201cJ\u2019ai trouv\u00e9 le programme de certification en leadership et habilet\u00e9s de direction innovateur, enrichissant et structur\u00e9 en fonction des besoins de la client\u00e8le. \u00a0De plus, la qualit\u00e9 des formateurs et conf\u00e9renciers se distingue des autres programmes sur le march\u00e9, en plus de repr\u00e9senter une excellente opportunit\u00e9 de r\u00e9seautage. Je le recommande grandement.\u201d<\/p>\n<\/div>\n<\/div>\n<\/article>\n<article id=\"post-10837\" class=\"post-10837 testimonials type-testimonials status-publish has-post-thumbnail hentry\">\n<div class=\"image\"><a href=\"http:\/\/www.institutleadership.ca\/montreal\/testimonials\/marie-helene-gagne-co-proprietaire\/\"><img decoding=\"async\" loading=\"lazy\" title=\"ALEGRIA-logo-2251056099\" src=\"http:\/\/www.institutleadership.ca\/montreal\/wp-content\/uploads\/sites\/7\/2019\/03\/ALEGRIA-logo-2251056099-200x200.jpg\" alt=\"ALEGRIA-logo-2251056099\" width=\"200\" height=\"200\" \/><\/a><\/div>\n<div class=\"content\">\n<h3 class=\"title\">Marie-H\u00e9l\u00e8ne Gagn\u00e9 \u2013 Co-propri\u00e9taire<\/h3>\n<div class=\"regency\">Alegria<\/div>\n<div class=\"entry-content\">\n<p>\u201cSortir de notre tourbillon quotidien et prendre le temps comme gestionnaire de participer \u00e0 cette formation unique, c\u2019est se permettre de prendre du recul et de mieux \u00e9valuer les diverses fonctions de nos organisations tout en se donnant les outils pour propulser nos \u00e9quipes et par le fait m\u00eame nos entreprises. Les interactions avec les formateurs, les conf\u00e9renciers ainsi qu\u2019entre les participants ont \u00e9t\u00e9 des plus enrichissantes. Je recommande cette formation \u00e0 tous les gestionnaires et chefs d\u2019entreprises qui ont \u00e0 coeur de toujours \u00eatre parmi les meilleurs leaders.\u201d<\/p>\n<\/div>\n<\/div>\n<\/article>\n<article id=\"post-10835\" class=\"post-10835 testimonials type-testimonials status-publish has-post-thumbnail hentry\">\n<div class=\"image\"><a href=\"http:\/\/www.institutleadership.ca\/montreal\/testimonials\/laurent-grenier-labrecque-directeur-strategie-media\/\"><img decoding=\"async\" loading=\"lazy\" title=\"metro\" src=\"http:\/\/www.institutleadership.ca\/montreal\/wp-content\/uploads\/sites\/7\/2019\/03\/metro-200x200.png\" alt=\"metro\" width=\"200\" height=\"200\" \/><\/a><\/div>\n<div class=\"content\">\n<h3 class=\"title\">Laurent Grenier-Labrecque \u2013 Directeur Strat\u00e9gie M\u00e9dia<\/h3>\n<div class=\"regency\">Journal m\u00e9tro<\/div>\n<div class=\"entry-content\">\n<p>\u201cJ\u2019ai assist\u00e9 \u00e0 plusieurs formations et conf\u00e9rences organis\u00e9es par des institutions s\u00e9rieuses et reconnues. Aucune n\u2019avait la qualit\u00e9, ni la rigueur de celles offertes par l\u2019Institut de leadership. Merci \u00e0 toute l\u2019\u00e9quipe. Gr\u00e2ce \u00e0 vous, je n\u2019en serai qu\u2019un meilleure gestionnaire.\u201d<\/p>\n<\/div>\n<\/div>\n<\/article>\n<article id=\"post-10828\" class=\"post-10828 testimonials type-testimonials status-publish has-post-thumbnail hentry\">\n<div class=\"image\"><a href=\"http:\/\/www.institutleadership.ca\/montreal\/testimonials\/steve-proulx-directeur-general\/\"><img decoding=\"async\" loading=\"lazy\" title=\"logos finaux\" src=\"http:\/\/www.institutleadership.ca\/montreal\/wp-content\/uploads\/sites\/7\/2019\/03\/CJEcoaticook-1-200x200.jpg\" alt=\"logos finaux\" width=\"200\" height=\"200\" \/><\/a><\/div>\n<div class=\"content\">\n<h3 class=\"title\">Steve Proulx \u2013 Directeur g\u00e9n\u00e9ral<\/h3>\n<div class=\"regency\">CJE MRC COATICOOK<\/div>\n<div class=\"entry-content\">\n<p>\u201cL\u2019Institut de leadership, le \u201ctout inclus\u201d du coaching en gestion ! Quoi de mieux que de se faire enseigner de nouvelles techniques, de nouvelles approches et de se faire valider nos comp\u00e9tences parfois inconscientes ou m\u00e9sestim\u00e9es, le tout par des formateurs dynamiques qui sont des sommit\u00e9s dans leur domaine. Tout simplement \u201cwow\u201d !\u201d<\/p>\n<\/div>\n<\/div>\n<\/article>\n<article id=\"post-10826\" class=\"post-10826 testimonials type-testimonials status-publish has-post-thumbnail hentry\">\n<div class=\"image\"><a href=\"http:\/\/www.institutleadership.ca\/montreal\/testimonials\/isabelle-morin-directrice-adjointe-des-etudes-aux-programmes-et-a-lenseignement\/\"><img decoding=\"async\" loading=\"lazy\" title=\"cegep ahunstic\" src=\"http:\/\/www.institutleadership.ca\/montreal\/wp-content\/uploads\/sites\/7\/2019\/03\/cegep-ahunstic-200x200.jpg\" alt=\"cegep ahunstic\" width=\"200\" height=\"200\" \/><\/a><\/div>\n<div class=\"content\">\n<h3 class=\"title\">Isabelle Morin \u2013 Directrice adjointe des \u00e9tudes aux programmes et \u00e0 l\u2019enseignement<\/h3>\n<div class=\"regency\">C\u00e9gep Ahunstic<\/div>\n<div class=\"entry-content\">\n<p>\u201cLes intervenants se suivent comme des coffres au tr\u00e9sor tous plus riches de leur bagage les uns que les autres et d\u2019une g\u00e9n\u00e9rosit\u00e9 incommensurable.\u201d<\/p>\n<\/div>\n<\/div>\n<\/article>\n<article id=\"post-10821\" class=\"post-10821 testimonials type-testimonials status-publish has-post-thumbnail hentry\">\n<div class=\"image\"><a href=\"http:\/\/www.institutleadership.ca\/montreal\/testimonials\/marie-france-grenier-directrice-des-operations\/\"><img decoding=\"async\" loading=\"lazy\" title=\"logo rocheleau\" src=\"http:\/\/www.institutleadership.ca\/montreal\/wp-content\/uploads\/sites\/7\/2019\/03\/logo-rocheleau-200x200.jpg\" alt=\"logo rocheleau\" width=\"200\" height=\"200\" \/><\/a><\/div>\n<div class=\"content\">\n<h3 class=\"title\">Marie-France Grenier \u2013 Directrice des op\u00e9rations<\/h3>\n<div class=\"regency\">Rocheleau<\/div>\n<div class=\"entry-content\">\n<p>\u201cTous les sp\u00e9cialistes nous ont permis \u00e0 nous, gens en ligne, de prendre part activement tout au long de la formation. Je recommande ce temps de formation \u00e0 tout gestionnaire qui souhaite prendre un temps de r\u00e9flexion au sujet de divers enjeux.\u201d<\/p>\n<\/div>\n<\/div>\n<\/article>\n<article id=\"post-10812\" class=\"post-10812 testimonials type-testimonials status-publish has-post-thumbnail hentry\">\n<div class=\"image\"><a href=\"http:\/\/www.institutleadership.ca\/montreal\/testimonials\/patricia-piuze-vice-presidente-formation-et-processus-daffaires\/\"><img decoding=\"async\" loading=\"lazy\" title=\"logo_lorganisme-d-autoreglementation-du-courtage-immobilier-du-quebec-oaciq\" src=\"http:\/\/www.institutleadership.ca\/montreal\/wp-content\/uploads\/sites\/7\/2019\/03\/logo_lorganisme-d-autoreglementation-du-courtage-immobilier-du-quebec-oaciq-200x200.jpg\" alt=\"logo_lorganisme-d-autoreglementation-du-courtage-immobilier-du-quebec-oaciq\" width=\"200\" height=\"200\" \/><\/a><\/div>\n<div class=\"content\">\n<h3 class=\"title\">Patricia Piuze \u2013 Vice-pr\u00e9sidente, formation et processus d\u2019affaires<\/h3>\n<div class=\"regency\">Organisme d&#8217;autor\u00e9glementation du courtage immobilier du Qu\u00e9bec<\/div>\n<div class=\"entry-content\">\n<p>\u201cUne organisation efficace, un service de qualit\u00e9, des formateurs qui sont tous des sommit\u00e9s dans leur domaine et savent transmettre leur passion et leurs connaissances ainsi que des conf\u00e9renciers qui nous allument, nous \u00e9veillent et ouvrent nos horizons. Bravo !\u201d<\/p>\n<\/div>\n<\/div>\n<\/article>\n<article id=\"post-9247\" class=\"post-9247 testimonials type-testimonials status-publish has-post-thumbnail hentry\">\n<div class=\"image\"><a href=\"http:\/\/www.institutleadership.ca\/montreal\/testimonials\/couche-tard\/\"><img decoding=\"async\" loading=\"lazy\" title=\"couche tard\" src=\"http:\/\/www.institutleadership.ca\/montreal\/wp-content\/uploads\/sites\/7\/2018\/12\/couche-tard-200x200.jpg\" alt=\"couche tard\" width=\"200\" height=\"200\" \/><\/a><\/div>\n<div class=\"content\">\n<h3 class=\"title\">M\u00e9lissa Lessard \u2013 Directrice marketing et porte-parole pour le Qu\u00e9bec<\/h3>\n<div class=\"regency\">Couche-Tard<\/div>\n<div class=\"entry-content\">\n<p style=\"text-align: justify;\"><strong>\u201c<\/strong>Je suis tr\u00e8s satisfaite de ma participation au programme de certification en leadership et habilit\u00e9s de direction. Peu de formations sur le march\u00e9 s\u2019adressent r\u00e9ellement \u00e0 une client\u00e8le de cadres en exercice, du nombre encore plus limit\u00e9es sont celles qui abordent le sujet fondamental du leadership et ses composantes. Le certificat est le m\u00e9lange parfait de th\u00e9orie, pratique, t\u00e9moignages et de r\u00e9seautage. Il est b\u00e2ti sur des piliers pertinents pour les gestionnaires de nos jours, on y voit de bonnes tactiques en gestion mais on nous fait aussi r\u00e9fl\u00e9chir sur nos habitudes courantes et les meilleurs moyens de nous am\u00e9liorer. En somme, un programme pertinent qui comble un besoin r\u00e9el dans le march\u00e9.<strong>\u201c<\/strong><\/p>\n<\/div>\n<\/div>\n<\/article>\n<article id=\"post-9243\" class=\"post-9243 testimonials type-testimonials status-publish has-post-thumbnail hentry\">\n<div class=\"image\"><a href=\"http:\/\/www.institutleadership.ca\/montreal\/testimonials\/uni-select\/\"><img decoding=\"async\" loading=\"lazy\" title=\"uniselect \u2013 Copie\" src=\"http:\/\/www.institutleadership.ca\/montreal\/wp-content\/uploads\/sites\/7\/2018\/12\/uniselect-Copie-200x200.jpg\" alt=\"uniselect \u2013 Copie\" width=\"200\" height=\"200\" \/><\/a><\/div>\n<div class=\"content\">\n<h3 class=\"title\">Cathy Pauz\u00e9 \u2013 Directrice Gestion de l\u2019approvisionnement<\/h3>\n<div class=\"regency\">Uni-S\u00e9lect<\/div>\n<div class=\"entry-content\">\n<p>\u201cExcellente formation donn\u00e9e par des formateurs hyper qualifi\u00e9s et comp\u00e9tents, entrecoup\u00e9e par des conf\u00e9renciers de renom et avec un bagage d\u2019exp\u00e9rience tr\u00e8s int\u00e9ressant. Cette formation nous permet de d\u00e9velopper nos comp\u00e9tences de leader et de gestionnaire. On repart avec pleins de trucs et d\u2019outils concrets \u00e0 appliquer dans notre quotidien.\u201d<\/p>\n<\/div>\n<\/div>\n<\/article>\n<article id=\"post-2826\" class=\"post-2826 testimonials type-testimonials status-publish has-post-thumbnail hentry\">\n<div class=\"image\"><a href=\"http:\/\/www.institutleadership.ca\/montreal\/testimonials\/emballages-mitchel-lincoln\/\"><img decoding=\"async\" loading=\"lazy\" title=\"Sans titre-3\" src=\"http:\/\/www.institutleadership.ca\/montreal\/wp-content\/uploads\/sites\/7\/2015\/11\/Sans-titre-3-200x200.jpg\" alt=\"Sans titre-3\" width=\"200\" height=\"200\" \/><\/a><\/div>\n<div class=\"content\">\n<h3 class=\"title\">Jean-Ren\u00e9 Dubois \u2013 Directeur de production<\/h3>\n<div class=\"regency\">Designer<\/div>\n<div class=\"entry-content\">\n<p>\u201cCe fut une exp\u00e9rience extraordinaire ! Du contenu de qualit\u00e9 pr\u00e9sent\u00e9 par des intervenants de qualit\u00e9 dans un contexte favorisant l\u2019apprentissage et le r\u00e9seautage. Une formule gagnante ! Les outils acquis lors de la formation sont faciles \u00e0 mettre en pratique dans nos milieux de travail et peuvent m\u00eame nous aider dans nos vies personnelles. Je suis convaincu qu\u2019en plus d\u2019\u00eatre un meilleur leader, je suis aujourd\u2019hui un meilleur homme. Je recommande fortement le programme intensif.\u201d<\/p>\n<\/div>\n<h3><\/h3>\n<\/div>\n<\/article>\n<\/div>\n","protected":false},"excerpt":{"rendered":"<p>Brigitte Roberge \u2013 Directrice principale DESJARDINS \u201cApr\u00e8s plusieurs ann\u00e9es sorties des bancs d\u2019\u00e9cole, une formation intensive en leadership donn\u00e9e par des intervenants issus du monde des affaires m\u2019a beaucoup plu et surtout m\u2019a inspir\u00e9e. Se retrouver en classe pendant 6 &hellip; <\/p>\n","protected":false},"author":16,"featured_media":0,"parent":0,"menu_order":0,"comment_status":"closed","ping_status":"closed","template":"","meta":{"content-type":"","om_disable_all_campaigns":false},"yoast_head":"<!-- This site is optimized with the Yoast SEO plugin v20.6 - https:\/\/yoast.com\/wordpress\/plugins\/seo\/ -->\n<title>T\u00e9moignages - Institut de Leadership<\/title>\n<meta name=\"robots\" content=\"index, follow, max-snippet:-1, max-image-preview:large, max-video-preview:-1\" \/>\n<link rel=\"canonical\" href=\"https:\/\/www.institutleadership.ca\/inscription\/testimonials-all\/\" \/>\n<meta property=\"og:locale\" content=\"fr_CA\" \/>\n<meta property=\"og:type\" content=\"article\" \/>\n<meta property=\"og:title\" content=\"T\u00e9moignages - Institut de Leadership\" \/>\n<meta property=\"og:description\" content=\"Brigitte Roberge \u2013 Directrice principale DESJARDINS \u201cApr\u00e8s plusieurs ann\u00e9es sorties des bancs d\u2019\u00e9cole, une formation intensive en leadership donn\u00e9e par des intervenants issus du monde des affaires m\u2019a beaucoup plu et surtout m\u2019a inspir\u00e9e. Se retrouver en classe pendant 6 &hellip;\" \/>\n<meta property=\"og:url\" content=\"https:\/\/www.institutleadership.ca\/inscription\/testimonials-all\/\" \/>\n<meta property=\"og:site_name\" content=\"Institut de Leadership\" \/>\n<meta property=\"article:publisher\" content=\"https:\/\/www.facebook.com\/institutleadership\/\" \/>\n<meta property=\"article:modified_time\" content=\"2024-03-20T17:51:31+00:00\" \/>\n<meta property=\"og:image\" content=\"http:\/\/www.institutleadership.ca\/montreal\/wp-content\/uploads\/sites\/7\/2018\/12\/desjardins-200x200.jpg\" \/>\n<meta name=\"twitter:card\" content=\"summary_large_image\" \/>\n<meta name=\"twitter:label1\" content=\"Estimation du temps de lecture\" \/>\n\t<meta name=\"twitter:data1\" content=\"19 minutes\" \/>\n<script type=\"application\/ld+json\" class=\"yoast-schema-graph\">{\"@context\":\"https:\/\/schema.org\",\"@graph\":[{\"@type\":\"WebPage\",\"@id\":\"https:\/\/www.institutleadership.ca\/inscription\/testimonials-all\/\",\"url\":\"https:\/\/www.institutleadership.ca\/inscription\/testimonials-all\/\",\"name\":\"T\u00e9moignages - Institut de Leadership\",\"isPartOf\":{\"@id\":\"https:\/\/www.institutleadership.ca\/inscription\/#website\"},\"datePublished\":\"2019-03-14T00:51:38+00:00\",\"dateModified\":\"2024-03-20T17:51:31+00:00\",\"breadcrumb\":{\"@id\":\"https:\/\/www.institutleadership.ca\/inscription\/testimonials-all\/#breadcrumb\"},\"inLanguage\":\"fr-CA\",\"potentialAction\":[{\"@type\":\"ReadAction\",\"target\":[\"https:\/\/www.institutleadership.ca\/inscription\/testimonials-all\/\"]}]},{\"@type\":\"BreadcrumbList\",\"@id\":\"https:\/\/www.institutleadership.ca\/inscription\/testimonials-all\/#breadcrumb\",\"itemListElement\":[{\"@type\":\"ListItem\",\"position\":1,\"name\":\"Accueil\",\"item\":\"https:\/\/www.institutleadership.ca\/inscription\/\"},{\"@type\":\"ListItem\",\"position\":2,\"name\":\"T\u00e9moignages\"}]},{\"@type\":\"WebSite\",\"@id\":\"https:\/\/www.institutleadership.ca\/inscription\/#website\",\"url\":\"https:\/\/www.institutleadership.ca\/inscription\/\",\"name\":\"Institut de leadership\",\"description\":\"Formations pour cadres et dirigeants\",\"publisher\":{\"@id\":\"https:\/\/www.institutleadership.ca\/inscription\/#organization\"},\"potentialAction\":[{\"@type\":\"SearchAction\",\"target\":{\"@type\":\"EntryPoint\",\"urlTemplate\":\"https:\/\/www.institutleadership.ca\/inscription\/?s={search_term_string}\"},\"query-input\":\"required name=search_term_string\"}],\"inLanguage\":\"fr-CA\"},{\"@type\":\"Organization\",\"@id\":\"https:\/\/www.institutleadership.ca\/inscription\/#organization\",\"name\":\"Institut de leadership\",\"url\":\"https:\/\/www.institutleadership.ca\/inscription\/\",\"logo\":{\"@type\":\"ImageObject\",\"inLanguage\":\"fr-CA\",\"@id\":\"https:\/\/www.institutleadership.ca\/inscription\/#\/schema\/logo\/image\/\",\"url\":\"https:\/\/www.institutleadership.ca\/english\/wp-content\/uploads\/sites\/10\/2019\/11\/Logo_Officiel-2-1.jpg\",\"contentUrl\":\"https:\/\/www.institutleadership.ca\/english\/wp-content\/uploads\/sites\/10\/2019\/11\/Logo_Officiel-2-1.jpg\",\"width\":2048,\"height\":1024,\"caption\":\"Institut de leadership\"},\"image\":{\"@id\":\"https:\/\/www.institutleadership.ca\/inscription\/#\/schema\/logo\/image\/\"},\"sameAs\":[\"https:\/\/www.facebook.com\/institutleadership\/\",\"https:\/\/www.linkedin.com\/school\/5305840\"]}]}<\/script>\n<!-- \/ Yoast SEO plugin. -->","yoast_head_json":{"title":"T\u00e9moignages - Institut de Leadership","robots":{"index":"index","follow":"follow","max-snippet":"max-snippet:-1","max-image-preview":"max-image-preview:large","max-video-preview":"max-video-preview:-1"},"canonical":"https:\/\/www.institutleadership.ca\/inscription\/testimonials-all\/","og_locale":"fr_CA","og_type":"article","og_title":"T\u00e9moignages - Institut de Leadership","og_description":"Brigitte Roberge \u2013 Directrice principale DESJARDINS \u201cApr\u00e8s plusieurs ann\u00e9es sorties des bancs d\u2019\u00e9cole, une formation intensive en leadership donn\u00e9e par des intervenants issus du monde des affaires m\u2019a beaucoup plu et surtout m\u2019a inspir\u00e9e. Se retrouver en classe pendant 6 &hellip;","og_url":"https:\/\/www.institutleadership.ca\/inscription\/testimonials-all\/","og_site_name":"Institut de Leadership","article_publisher":"https:\/\/www.facebook.com\/institutleadership\/","article_modified_time":"2024-03-20T17:51:31+00:00","og_image":[{"url":"http:\/\/www.institutleadership.ca\/montreal\/wp-content\/uploads\/sites\/7\/2018\/12\/desjardins-200x200.jpg"}],"twitter_card":"summary_large_image","twitter_misc":{"Estimation du temps de lecture":"19 minutes"},"schema":{"@context":"https:\/\/schema.org","@graph":[{"@type":"WebPage","@id":"https:\/\/www.institutleadership.ca\/inscription\/testimonials-all\/","url":"https:\/\/www.institutleadership.ca\/inscription\/testimonials-all\/","name":"T\u00e9moignages - Institut de Leadership","isPartOf":{"@id":"https:\/\/www.institutleadership.ca\/inscription\/#website"},"datePublished":"2019-03-14T00:51:38+00:00","dateModified":"2024-03-20T17:51:31+00:00","breadcrumb":{"@id":"https:\/\/www.institutleadership.ca\/inscription\/testimonials-all\/#breadcrumb"},"inLanguage":"fr-CA","potentialAction":[{"@type":"ReadAction","target":["https:\/\/www.institutleadership.ca\/inscription\/testimonials-all\/"]}]},{"@type":"BreadcrumbList","@id":"https:\/\/www.institutleadership.ca\/inscription\/testimonials-all\/#breadcrumb","itemListElement":[{"@type":"ListItem","position":1,"name":"Accueil","item":"https:\/\/www.institutleadership.ca\/inscription\/"},{"@type":"ListItem","position":2,"name":"T\u00e9moignages"}]},{"@type":"WebSite","@id":"https:\/\/www.institutleadership.ca\/inscription\/#website","url":"https:\/\/www.institutleadership.ca\/inscription\/","name":"Institut de leadership","description":"Formations pour cadres et dirigeants","publisher":{"@id":"https:\/\/www.institutleadership.ca\/inscription\/#organization"},"potentialAction":[{"@type":"SearchAction","target":{"@type":"EntryPoint","urlTemplate":"https:\/\/www.institutleadership.ca\/inscription\/?s={search_term_string}"},"query-input":"required name=search_term_string"}],"inLanguage":"fr-CA"},{"@type":"Organization","@id":"https:\/\/www.institutleadership.ca\/inscription\/#organization","name":"Institut de leadership","url":"https:\/\/www.institutleadership.ca\/inscription\/","logo":{"@type":"ImageObject","inLanguage":"fr-CA","@id":"https:\/\/www.institutleadership.ca\/inscription\/#\/schema\/logo\/image\/","url":"https:\/\/www.institutleadership.ca\/english\/wp-content\/uploads\/sites\/10\/2019\/11\/Logo_Officiel-2-1.jpg","contentUrl":"https:\/\/www.institutleadership.ca\/english\/wp-content\/uploads\/sites\/10\/2019\/11\/Logo_Officiel-2-1.jpg","width":2048,"height":1024,"caption":"Institut de leadership"},"image":{"@id":"https:\/\/www.institutleadership.ca\/inscription\/#\/schema\/logo\/image\/"},"sameAs":["https:\/\/www.facebook.com\/institutleadership\/","https:\/\/www.linkedin.com\/school\/5305840"]}]}},"_links":{"self":[{"href":"https:\/\/www.institutleadership.ca\/inscription\/wp-json\/wp\/v2\/pages\/11058"}],"collection":[{"href":"https:\/\/www.institutleadership.ca\/inscription\/wp-json\/wp\/v2\/pages"}],"about":[{"href":"https:\/\/www.institutleadership.ca\/inscription\/wp-json\/wp\/v2\/types\/page"}],"author":[{"embeddable":true,"href":"https:\/\/www.institutleadership.ca\/inscription\/wp-json\/wp\/v2\/users\/16"}],"replies":[{"embeddable":true,"href":"https:\/\/www.institutleadership.ca\/inscription\/wp-json\/wp\/v2\/comments?post=11058"}],"version-history":[{"count":21,"href":"https:\/\/www.institutleadership.ca\/inscription\/wp-json\/wp\/v2\/pages\/11058\/revisions"}],"predecessor-version":[{"id":15323,"href":"https:\/\/www.institutleadership.ca\/inscription\/wp-json\/wp\/v2\/pages\/11058\/revisions\/15323"}],"wp:attachment":[{"href":"https:\/\/www.institutleadership.ca\/inscription\/wp-json\/wp\/v2\/media?parent=11058"}],"curies":[{"name":"wp","href":"https:\/\/api.w.org\/{rel}","templated":true}]}}