{"id":13004,"date":"2021-03-14T15:05:47","date_gmt":"2021-03-14T19:05:47","guid":{"rendered":"https:\/\/www.institutleadership.ca\/english\/?page_id=13004"},"modified":"2021-03-28T10:23:53","modified_gmt":"2021-03-28T14:23:53","slug":"certification-en-leadership-a-1995-tarif-regulier-5595","status":"publish","type":"page","link":"https:\/\/www.institutleadership.ca\/inscription\/certification-en-leadership-a-1995-tarif-regulier-5595\/","title":{"rendered":"Certification en leadership \u00e0 1995$ (tarif r\u00e9gulier 5595$)"},"content":{"rendered":"<h1><img decoding=\"async\" loading=\"lazy\" class=\"alignnone size-full wp-image-13006\" src=\"https:\/\/www.institutleadership.ca\/english\/wp-content\/uploads\/sites\/10\/2021\/03\/Visuel-promo-1995-leadership-petit.jpg\" alt=\"\" width=\"800\" height=\"568\" srcset=\"https:\/\/www.institutleadership.ca\/inscription\/wp-content\/uploads\/sites\/10\/2021\/03\/Visuel-promo-1995-leadership-petit.jpg 800w, https:\/\/www.institutleadership.ca\/inscription\/wp-content\/uploads\/sites\/10\/2021\/03\/Visuel-promo-1995-leadership-petit-300x213.jpg 300w, https:\/\/www.institutleadership.ca\/inscription\/wp-content\/uploads\/sites\/10\/2021\/03\/Visuel-promo-1995-leadership-petit-768x545.jpg 768w, https:\/\/www.institutleadership.ca\/inscription\/wp-content\/uploads\/sites\/10\/2021\/03\/Visuel-promo-1995-leadership-petit-600x426.jpg 600w\" sizes=\"(max-width: 800px) 100vw, 800px\" \/><\/h1>\n<h1>Certification en leadership et habilet\u00e9s de direction<\/h1>\n<p>La\u00a0 Chambre de commerce et tourisme de Saint-Ad\u00e8le offre une cohorte en ligne de la\u00a0<strong>Certification en leadership et habilet\u00e9s de direction<\/strong>\u00a0offerte par l&#8217;Institut de leadership avec la participation financi\u00e8re du gouvernement du Qu\u00e9bec. Groupe priv\u00e9 pour les entreprises provenant de la r\u00e9gion des Laurentides.<\/p>\n<p>Voici les grandes lignes :<\/p>\n<ul>\n<li>Tarif de 1995$ (prix r\u00e9gulier de 5 595$)<\/li>\n<li>45 heures de formation en ligne &#8211; 2 demi-journ\u00e9es par semaine pendant six semaines<\/li>\n<li>Formation : les lundis PM (13h00 \u00e0 17h30) et mercredis AM (9h00 \u00e0 midi).\u00a0Premi\u00e8re journ\u00e9e le 3 mai 2021.<\/li>\n<li>Th\u00e8mes que nous allons couvrir pendant la formation :\u00a0 mobilisation des \u00e9quipes, habilet\u00e9s de communication, la gestion par les forces, le courage manag\u00e9rial, la gestion du stress et la r\u00e9silience, le coaching d&#8217;\u00e9quipe ainsi que les habilet\u00e9s politiques et l&#8217;influence.<\/li>\n<li>Une douzaine d&#8217;intervenants dont plusieurs personnalit\u00e9s qu\u00e9b\u00e9coises*<\/li>\n<\/ul>\n<h3><strong>Pour vous inscrire vous devez \u00e9crire \u00e0 : \u00a0<\/strong>ccsa@sainte-adele.net<\/h3>\n<p>Comme il s&#8217;agit d&#8217;un programme subventionn\u00e9 par le gouvernement du Qu\u00e9bec, il est \u00e0 noter qu&#8217;il n&#8217;est malheureusement pas admissible pour les gestionnaires d&#8217;organisations gouvernementales.<\/p>\n<p><strong>Faites vite, uniquement 25\u00a0places disponibles\u00a0!\u00a0<\/strong><\/p>\n<p>*Six intervenants de renom viendront offrir un t\u00e9moignage\/conf\u00e9rence pendant ce programme \u00e9lite. Le nom de ces intervenants sera divulgu\u00e9 uniquement lors de la formation.<\/p>\n<p>Voici une courte vid\u00e9o (2 minutes) sur la formation :<br \/>\n<iframe loading=\"lazy\" src=\"https:\/\/player.vimeo.com\/video\/452879439?dnt=1&amp;app_id=122963\" width=\"640\" height=\"360\" frameborder=\"0\" allow=\"autoplay; fullscreen; picture-in-picture\" allowfullscreen title=\"Certification en leadership et habilete\u0301s de direction\"><\/iframe><\/p>\n<h1><\/h1>\n<div id=\"page-content\">\n<div id=\"page-content\">\n<h3><b>\u00c0 QUI S&#8217;ADRESSE LA CERTIFICATION ?<\/b><\/h3>\n<p>Cette certification est destin\u00e9e aux individus qui occupent des postes \u00e0 responsabilit\u00e9s et qui souhaitent d\u00e9velopper davantage leur leadership. Ils proviennent d\u2019une grande diversit\u00e9 d\u2019industries et de contextes, en plus d\u2019avoir des profils personnels diversifi\u00e9s.<\/p>\n<ul>\n<li>Professionnels cadres \u2013 gestionnaires (entreprises, OBNL, etc.)<\/li>\n<li>Membres de la direction de PME<\/li>\n<li>Entrepreneurs et propri\u00e9taires de petites et moyennes entreprises<\/li>\n<li>Rel\u00e8ve entrepreneuriale<\/li>\n<li>Etc.<\/li>\n<\/ul>\n<p>&nbsp;<\/p>\n<div class=\"grid_6 \">\n<div class=\"sm_hr\"><\/div>\n<\/div>\n<div class=\"grid_12 \">\n<h3>DESCRIPTION DES MODULES DE LA CERTIFICATION<\/h3>\n<\/div>\n<div class=\"grid_12 \">\n<p>&nbsp;<\/p>\n<h4 class=\"p1\"><b>L<i>a gestion par les forces<\/i><\/b><\/h4>\n<ul class=\"ul1\">\n<li class=\"li1\">Comprendre ce qu\u2019est une\u00a0force.<\/li>\n<li class=\"li1\">Conna\u00eetre les moyens d\u2019identifier les\u00a0forces\u00a0de ses clients\/de son personnel.<\/li>\n<li class=\"li1\">Conna\u00eetre ses propres\u00a0forces\u00a0(passation pr\u00e9alable d\u2019un questionnaire gratuit disponible sur Internet) et mieux les mettre \u00e0 profit.<\/li>\n<li class=\"li1\">R\u00e9aliser les \u00e9tapes pour d\u00e9velopper l\u2019utilisation des\u00a0forces\u00a0au travail.<\/li>\n<li class=\"li1\">Prendre connaissance de diff\u00e9rentes implantations de la gestion par les\u00a0forces\u00a0en milieux r\u00e9els.<\/li>\n<\/ul>\n<p>&nbsp;<\/p>\n<\/div>\n<div class=\"grid_12 \">\n<h4>Les\u00a0<em>habilet\u00e9s de communication<br \/>\n<\/em><\/h4>\n<ul>\n<li>Communiquer de fa\u00e7on claire et significative la vision et les r\u00e9sultats attendus.<\/li>\n<li>Rendre ses pr\u00e9sentations orales et \u00e9crites plus efficaces et plus convaincantes.<\/li>\n<li>Se pr\u00e9parer pour une pr\u00e9sentation devant des coll\u00e8gues, des patrons, un client ou le conseil d\u2019administration.<\/li>\n<li>Se d\u00e9marquer et augmenter ses chances de faire bonne impression et d\u2019influencer son auditoire.<\/li>\n<li>Consolider son \u00e9quipe gr\u00e2ce \u00e0 une communication relationnelle.<\/li>\n<\/ul>\n<\/div>\n<\/div>\n<\/div>\n<p>&nbsp;<\/p>\n<div id=\"page-content\">\n<div id=\"page-content\">\n<div class=\"grid_12 \">\n<h4>M<em>obilisation des \u00e9quipes<\/em><\/h4>\n<ul>\n<li>D\u00e9velopper des relations, mobiliser et encadrer les employ\u00e9s.<\/li>\n<li>Accro\u00eetre le niveau de performance d\u2019une \u00e9quipe.<\/li>\n<li>Stimuler et appuyer ses employ\u00e9s afin qu\u2019ils atteignent leurs diff\u00e9rents objectifs.<\/li>\n<li>R\u00e9ussir \u00e0 d\u00e9velopper des leaders dans son organisation.<\/li>\n<li>Inspirer et diriger dans des circonstances difficiles.<\/li>\n<li>R\u00e9ussir \u00e0 augmenter constamment l\u2019engagement et la productivit\u00e9 de son \u00e9quipe.<\/li>\n<li>Cr\u00e9er un climat de travail mobilisateur pour son \u00e9quipe.<\/li>\n<li>Reconna\u00eetre l\u2019importance de la reconnaissance pour la performance de l\u2019organisation.<\/li>\n<li>Comprendre les caract\u00e9ristiques fondamentales de la bonne reconnaissance.<\/li>\n<li>Implanter de fa\u00e7on judicieuse ces pratiques au sein de son organisation.<\/li>\n<\/ul>\n<p>&nbsp;<\/p>\n<\/div>\n<div class=\"clear\"><\/div>\n<div class=\"grid_12 \">\n<h4>C<em>oaching et gestion des talents<\/em><\/h4>\n<ul>\n<li>Apprendre des outils avanc\u00e9s de l\u2019intelligence \u00e9motionnelle et de d\u00e9codage de personnalit\u00e9s pour maximiser la performance et l\u2019engagement de chaque membre de l\u2019\u00e9quipe .<\/li>\n<li>Fournir des strat\u00e9gies pour mobiliser, influencer et persuader \u00e0 travers des techniques avanc\u00e9es de communication efficace et du langage d\u2019influence.<\/li>\n<li>Comprendre l\u2019impact des perceptions, des valeurs et des croyances.<\/li>\n<li>Renforcer ses habilet\u00e9s d\u2019\u00e9coute, de questionnement et de r\u00e9troaction constructive.<\/li>\n<\/ul>\n<p>&nbsp;<\/p>\n<\/div>\n<div class=\"grid_12 \">\n<h4>L<em>es habilet\u00e9s politiques et l\u2019influence<\/em><\/h4>\n<ul>\n<li>R\u00e9ussir \u00e0 influencer les diff\u00e9rents intervenants de son organisation.<\/li>\n<li>Faire accepter ses diff\u00e9rentes demandes aupr\u00e8s de la direction de son organisation et aupr\u00e8s de ses partenaires.<\/li>\n<li>Conna\u00eetre les meilleures strat\u00e9gies pour devenir un acteur efficace au sein de son organisation.<\/li>\n<li>Conna\u00eetre les meilleures techniques pour cr\u00e9er des alliances strat\u00e9giques et les faire durer.<\/li>\n<li>Faire valoir ses id\u00e9es et rallier les diff\u00e9rents intervenants autour de ses projets.<\/li>\n<li>Devenir un acteur strat\u00e9gique et \u00e9thique.<\/li>\n<li>R\u00e9ussir \u00e0 exercer son influence en situation complexe.<\/li>\n<\/ul>\n<\/div>\n<\/div>\n<p>&nbsp;<\/p>\n<div id=\"page-content\">\n<h4 class=\"p1\"><b>L<i>e courage manag\u00e9rial<\/i><\/b><\/h4>\n<ul class=\"ul1\">\n<li class=\"li1\">Am\u00e9liorer la notion de courage manag\u00e9rial et de son importance.<\/li>\n<li class=\"li1\">Appr\u00e9cier son propre degr\u00e9 de courage et identifier les \u00e9l\u00e9ments \u00e0 am\u00e9liorer.<\/li>\n<li class=\"li1\">Mettre en \u0153uvre des outils d\u2019impact et de prise de d\u00e9cision.<\/li>\n<li class=\"li1\">Favoriser le courage en \u00e9quipe.<\/li>\n<li class=\"li1\">Contribuer positivement au d\u00e9veloppement d\u2019une culture de courage<\/li>\n<\/ul>\n<div class=\"grid_6 \">\n<div class=\"sm_hr\"><\/div>\n<\/div>\n<div class=\"grid_12 \">\n<h4><\/h4>\n<h4><\/h4>\n<h4><b>Travail d\u2019int\u00e9gration<\/b><\/h4>\n<p><i><span class=\"il\">Un<\/span>\u00a0<span class=\"il\">travail<\/span>\u00a0<span class=\"il\">d<\/span>\u2019<span class=\"il\">int\u00e9gration<\/span>\u00a0est obligatoire \u00e0 l\u2019obtention de la Certification. Ce\u00a0<span class=\"il\">travail<\/span>\u00a0est \u00e0 faire \u00e0 la suite\u00a0de la formation. Vous aurez 3 semaines pour le compl\u00e9ter. Il s&#8217;agit\u00a0<span class=\"il\">d<\/span>&#8216;une r\u00e9flexion personnelle, l\u2019objectif est de faire le lien entre les apprentissages vus en formation et votre r\u00e9alit\u00e9 \u00e0 titre de gestionnaire dans votre organisation.\u00a0<\/i><\/p>\n<\/div>\n<div class=\"grid_6 \">\n<div class=\"sm_hr\"><\/div>\n<\/div>\n<\/div>\n<p>&nbsp;<\/p>\n<div id=\"page-content\">\n<div class=\"grid_12 \">\n<h4><a href=\"https:\/\/www.dropbox.com\/s\/etlorr70k1swns7\/one%20pager%20t%C3%A9moignages.pdf?dl=0\" target=\"_blank\" rel=\"noopener\">\u00c0 lire aussi : quelques t\u00e9moignages du programme de formation\u00a0<\/a><\/h4>\n<p>&nbsp;<\/p>\n<\/div>\n<\/div>\n<h3><strong>Pour vous inscrire vous devez \u00e9crire \u00e0 : \u00a0<\/strong>ccsa@sainte-adele.net<\/h3>\n<p>&nbsp;<\/p>\n<p>&nbsp;<\/p>\n<\/div>\n","protected":false},"excerpt":{"rendered":"<p>Certification en leadership et habilet\u00e9s de direction La\u00a0 Chambre de commerce et tourisme de Saint-Ad\u00e8le offre une cohorte en ligne de la\u00a0Certification en leadership et habilet\u00e9s de direction\u00a0offerte par l&#8217;Institut de leadership avec la participation financi\u00e8re du gouvernement du Qu\u00e9bec. &hellip; <\/p>\n","protected":false},"author":17,"featured_media":0,"parent":0,"menu_order":0,"comment_status":"closed","ping_status":"closed","template":"","meta":{"content-type":"","om_disable_all_campaigns":false},"yoast_head":"<!-- This site is optimized with the Yoast SEO plugin v20.6 - https:\/\/yoast.com\/wordpress\/plugins\/seo\/ -->\n<title>Certification en leadership \u00e0 1995$ (tarif r\u00e9gulier 5595$) - Institut de Leadership<\/title>\n<meta name=\"robots\" content=\"index, follow, max-snippet:-1, max-image-preview:large, max-video-preview:-1\" \/>\n<link rel=\"canonical\" href=\"https:\/\/www.institutleadership.ca\/inscription\/certification-en-leadership-a-1995-tarif-regulier-5595\/\" \/>\n<meta property=\"og:locale\" content=\"fr_CA\" \/>\n<meta property=\"og:type\" content=\"article\" \/>\n<meta property=\"og:title\" content=\"Certification en leadership \u00e0 1995$ (tarif r\u00e9gulier 5595$) - Institut de Leadership\" \/>\n<meta property=\"og:description\" content=\"Certification en leadership et habilet\u00e9s de direction La\u00a0 Chambre de commerce et tourisme de Saint-Ad\u00e8le offre une cohorte en ligne de la\u00a0Certification en leadership et habilet\u00e9s de direction\u00a0offerte par l&#8217;Institut de leadership avec la participation financi\u00e8re du gouvernement du Qu\u00e9bec. &hellip;\" \/>\n<meta property=\"og:url\" content=\"https:\/\/www.institutleadership.ca\/inscription\/certification-en-leadership-a-1995-tarif-regulier-5595\/\" \/>\n<meta property=\"og:site_name\" content=\"Institut de Leadership\" \/>\n<meta property=\"article:publisher\" content=\"https:\/\/www.facebook.com\/institutleadership\/\" \/>\n<meta property=\"article:modified_time\" content=\"2021-03-28T14:23:53+00:00\" \/>\n<meta property=\"og:image\" content=\"https:\/\/www.institutleadership.ca\/english\/wp-content\/uploads\/sites\/10\/2021\/03\/Visuel-promo-1995-leadership-petit.jpg\" \/>\n<meta name=\"twitter:card\" content=\"summary_large_image\" \/>\n<meta name=\"twitter:label1\" content=\"Estimation du temps de lecture\" \/>\n\t<meta name=\"twitter:data1\" content=\"4 minutes\" \/>\n<script type=\"application\/ld+json\" class=\"yoast-schema-graph\">{\"@context\":\"https:\/\/schema.org\",\"@graph\":[{\"@type\":\"WebPage\",\"@id\":\"https:\/\/www.institutleadership.ca\/inscription\/certification-en-leadership-a-1995-tarif-regulier-5595\/\",\"url\":\"https:\/\/www.institutleadership.ca\/inscription\/certification-en-leadership-a-1995-tarif-regulier-5595\/\",\"name\":\"Certification en leadership \u00e0 1995$ (tarif r\u00e9gulier 5595$) - Institut de Leadership\",\"isPartOf\":{\"@id\":\"https:\/\/www.institutleadership.ca\/inscription\/#website\"},\"datePublished\":\"2021-03-14T19:05:47+00:00\",\"dateModified\":\"2021-03-28T14:23:53+00:00\",\"breadcrumb\":{\"@id\":\"https:\/\/www.institutleadership.ca\/inscription\/certification-en-leadership-a-1995-tarif-regulier-5595\/#breadcrumb\"},\"inLanguage\":\"fr-CA\",\"potentialAction\":[{\"@type\":\"ReadAction\",\"target\":[\"https:\/\/www.institutleadership.ca\/inscription\/certification-en-leadership-a-1995-tarif-regulier-5595\/\"]}]},{\"@type\":\"BreadcrumbList\",\"@id\":\"https:\/\/www.institutleadership.ca\/inscription\/certification-en-leadership-a-1995-tarif-regulier-5595\/#breadcrumb\",\"itemListElement\":[{\"@type\":\"ListItem\",\"position\":1,\"name\":\"Accueil\",\"item\":\"https:\/\/www.institutleadership.ca\/inscription\/\"},{\"@type\":\"ListItem\",\"position\":2,\"name\":\"Certification en leadership \u00e0 1995$ (tarif r\u00e9gulier 5595$)\"}]},{\"@type\":\"WebSite\",\"@id\":\"https:\/\/www.institutleadership.ca\/inscription\/#website\",\"url\":\"https:\/\/www.institutleadership.ca\/inscription\/\",\"name\":\"Institut de leadership\",\"description\":\"Formations pour cadres et dirigeants\",\"publisher\":{\"@id\":\"https:\/\/www.institutleadership.ca\/inscription\/#organization\"},\"potentialAction\":[{\"@type\":\"SearchAction\",\"target\":{\"@type\":\"EntryPoint\",\"urlTemplate\":\"https:\/\/www.institutleadership.ca\/inscription\/?s={search_term_string}\"},\"query-input\":\"required name=search_term_string\"}],\"inLanguage\":\"fr-CA\"},{\"@type\":\"Organization\",\"@id\":\"https:\/\/www.institutleadership.ca\/inscription\/#organization\",\"name\":\"Institut de leadership\",\"url\":\"https:\/\/www.institutleadership.ca\/inscription\/\",\"logo\":{\"@type\":\"ImageObject\",\"inLanguage\":\"fr-CA\",\"@id\":\"https:\/\/www.institutleadership.ca\/inscription\/#\/schema\/logo\/image\/\",\"url\":\"https:\/\/www.institutleadership.ca\/english\/wp-content\/uploads\/sites\/10\/2019\/11\/Logo_Officiel-2-1.jpg\",\"contentUrl\":\"https:\/\/www.institutleadership.ca\/english\/wp-content\/uploads\/sites\/10\/2019\/11\/Logo_Officiel-2-1.jpg\",\"width\":2048,\"height\":1024,\"caption\":\"Institut de leadership\"},\"image\":{\"@id\":\"https:\/\/www.institutleadership.ca\/inscription\/#\/schema\/logo\/image\/\"},\"sameAs\":[\"https:\/\/www.facebook.com\/institutleadership\/\",\"https:\/\/www.linkedin.com\/school\/5305840\"]}]}<\/script>\n<!-- \/ Yoast SEO plugin. -->","yoast_head_json":{"title":"Certification en leadership \u00e0 1995$ (tarif r\u00e9gulier 5595$) - Institut de Leadership","robots":{"index":"index","follow":"follow","max-snippet":"max-snippet:-1","max-image-preview":"max-image-preview:large","max-video-preview":"max-video-preview:-1"},"canonical":"https:\/\/www.institutleadership.ca\/inscription\/certification-en-leadership-a-1995-tarif-regulier-5595\/","og_locale":"fr_CA","og_type":"article","og_title":"Certification en leadership \u00e0 1995$ (tarif r\u00e9gulier 5595$) - Institut de Leadership","og_description":"Certification en leadership et habilet\u00e9s de direction La\u00a0 Chambre de commerce et tourisme de Saint-Ad\u00e8le offre une cohorte en ligne de la\u00a0Certification en leadership et habilet\u00e9s de direction\u00a0offerte par l&#8217;Institut de leadership avec la participation financi\u00e8re du gouvernement du Qu\u00e9bec. &hellip;","og_url":"https:\/\/www.institutleadership.ca\/inscription\/certification-en-leadership-a-1995-tarif-regulier-5595\/","og_site_name":"Institut de Leadership","article_publisher":"https:\/\/www.facebook.com\/institutleadership\/","article_modified_time":"2021-03-28T14:23:53+00:00","og_image":[{"url":"https:\/\/www.institutleadership.ca\/english\/wp-content\/uploads\/sites\/10\/2021\/03\/Visuel-promo-1995-leadership-petit.jpg"}],"twitter_card":"summary_large_image","twitter_misc":{"Estimation du temps de lecture":"4 minutes"},"schema":{"@context":"https:\/\/schema.org","@graph":[{"@type":"WebPage","@id":"https:\/\/www.institutleadership.ca\/inscription\/certification-en-leadership-a-1995-tarif-regulier-5595\/","url":"https:\/\/www.institutleadership.ca\/inscription\/certification-en-leadership-a-1995-tarif-regulier-5595\/","name":"Certification en leadership \u00e0 1995$ (tarif r\u00e9gulier 5595$) - Institut de Leadership","isPartOf":{"@id":"https:\/\/www.institutleadership.ca\/inscription\/#website"},"datePublished":"2021-03-14T19:05:47+00:00","dateModified":"2021-03-28T14:23:53+00:00","breadcrumb":{"@id":"https:\/\/www.institutleadership.ca\/inscription\/certification-en-leadership-a-1995-tarif-regulier-5595\/#breadcrumb"},"inLanguage":"fr-CA","potentialAction":[{"@type":"ReadAction","target":["https:\/\/www.institutleadership.ca\/inscription\/certification-en-leadership-a-1995-tarif-regulier-5595\/"]}]},{"@type":"BreadcrumbList","@id":"https:\/\/www.institutleadership.ca\/inscription\/certification-en-leadership-a-1995-tarif-regulier-5595\/#breadcrumb","itemListElement":[{"@type":"ListItem","position":1,"name":"Accueil","item":"https:\/\/www.institutleadership.ca\/inscription\/"},{"@type":"ListItem","position":2,"name":"Certification en leadership \u00e0 1995$ (tarif r\u00e9gulier 5595$)"}]},{"@type":"WebSite","@id":"https:\/\/www.institutleadership.ca\/inscription\/#website","url":"https:\/\/www.institutleadership.ca\/inscription\/","name":"Institut de leadership","description":"Formations pour cadres et dirigeants","publisher":{"@id":"https:\/\/www.institutleadership.ca\/inscription\/#organization"},"potentialAction":[{"@type":"SearchAction","target":{"@type":"EntryPoint","urlTemplate":"https:\/\/www.institutleadership.ca\/inscription\/?s={search_term_string}"},"query-input":"required name=search_term_string"}],"inLanguage":"fr-CA"},{"@type":"Organization","@id":"https:\/\/www.institutleadership.ca\/inscription\/#organization","name":"Institut de leadership","url":"https:\/\/www.institutleadership.ca\/inscription\/","logo":{"@type":"ImageObject","inLanguage":"fr-CA","@id":"https:\/\/www.institutleadership.ca\/inscription\/#\/schema\/logo\/image\/","url":"https:\/\/www.institutleadership.ca\/english\/wp-content\/uploads\/sites\/10\/2019\/11\/Logo_Officiel-2-1.jpg","contentUrl":"https:\/\/www.institutleadership.ca\/english\/wp-content\/uploads\/sites\/10\/2019\/11\/Logo_Officiel-2-1.jpg","width":2048,"height":1024,"caption":"Institut de leadership"},"image":{"@id":"https:\/\/www.institutleadership.ca\/inscription\/#\/schema\/logo\/image\/"},"sameAs":["https:\/\/www.facebook.com\/institutleadership\/","https:\/\/www.linkedin.com\/school\/5305840"]}]}},"_links":{"self":[{"href":"https:\/\/www.institutleadership.ca\/inscription\/wp-json\/wp\/v2\/pages\/13004"}],"collection":[{"href":"https:\/\/www.institutleadership.ca\/inscription\/wp-json\/wp\/v2\/pages"}],"about":[{"href":"https:\/\/www.institutleadership.ca\/inscription\/wp-json\/wp\/v2\/types\/page"}],"author":[{"embeddable":true,"href":"https:\/\/www.institutleadership.ca\/inscription\/wp-json\/wp\/v2\/users\/17"}],"replies":[{"embeddable":true,"href":"https:\/\/www.institutleadership.ca\/inscription\/wp-json\/wp\/v2\/comments?post=13004"}],"version-history":[{"count":6,"href":"https:\/\/www.institutleadership.ca\/inscription\/wp-json\/wp\/v2\/pages\/13004\/revisions"}],"predecessor-version":[{"id":13075,"href":"https:\/\/www.institutleadership.ca\/inscription\/wp-json\/wp\/v2\/pages\/13004\/revisions\/13075"}],"wp:attachment":[{"href":"https:\/\/www.institutleadership.ca\/inscription\/wp-json\/wp\/v2\/media?parent=13004"}],"curies":[{"name":"wp","href":"https:\/\/api.w.org\/{rel}","templated":true}]}}