{"id":13840,"date":"2022-01-10T13:27:08","date_gmt":"2022-01-10T18:27:08","guid":{"rendered":"https:\/\/www.institutleadership.ca\/english\/?page_id=13840"},"modified":"2022-01-10T13:27:08","modified_gmt":"2022-01-10T18:27:08","slug":"certification-en-gestion-du-capital-humain-a-1075-tarif-regulier-5595","status":"publish","type":"page","link":"https:\/\/www.institutleadership.ca\/inscription\/certification-en-gestion-du-capital-humain-a-1075-tarif-regulier-5595\/","title":{"rendered":"Certification en gestion du capital humain \u00e0 1075$ (tarif r\u00e9gulier 5595$)"},"content":{"rendered":"<p><a href=\"https:\/\/www.institutleadership.ca\/english\/wp-content\/uploads\/sites\/10\/2022\/01\/10-nouveau.png\"><img decoding=\"async\" loading=\"lazy\" class=\"alignnone size-full wp-image-13841\" src=\"https:\/\/www.institutleadership.ca\/english\/wp-content\/uploads\/sites\/10\/2022\/01\/10-nouveau.png\" alt=\"\" width=\"900\" height=\"638\" srcset=\"https:\/\/www.institutleadership.ca\/inscription\/wp-content\/uploads\/sites\/10\/2022\/01\/10-nouveau.png 900w, https:\/\/www.institutleadership.ca\/inscription\/wp-content\/uploads\/sites\/10\/2022\/01\/10-nouveau-300x213.png 300w, https:\/\/www.institutleadership.ca\/inscription\/wp-content\/uploads\/sites\/10\/2022\/01\/10-nouveau-768x544.png 768w, https:\/\/www.institutleadership.ca\/inscription\/wp-content\/uploads\/sites\/10\/2022\/01\/10-nouveau-600x425.png 600w\" sizes=\"(max-width: 900px) 100vw, 900px\" \/><\/a><\/p>\n<h1>Certification en gestion du capital humain<\/h1>\n<p>La Chambre de commerce et d&#8217;industrie de Vaudreuil-Soulanges offre une cohorte en ligne de la\u00a0<strong>Certification en gestion du capital humain<\/strong>\u00a0offerte par l&#8217;Institut de leadership avec la participation financi\u00e8re du gouvernement du Qu\u00e9bec. <strong>Ce programme est offert en exclusivit\u00e9 aux entreprises de la MRC de Vaudreuil-Soulanges.\u00a0<\/strong><\/p>\n<p>Voici les grandes lignes :<\/p>\n<ul>\n<li>Tarif de 1 075 $ + taxes (prix r\u00e9gulier de 5 595 $ + taxes).<\/li>\n<li>Formation offerte en mode virtuel \u00e0 raison de deux demi-journ\u00e9es par semaine pendant six semaines.<\/li>\n<li>Du 21 f\u00e9vrier au 6 avril 2022 (les lundis PM et mercredis AM)<\/li>\n<li>Th\u00e8mes que nous allons couvrir pendant la formation : Cr\u00e9ation d&#8217;une culture d&#8217;entreprise, gestion des g\u00e9n\u00e9rations, gestion des employ\u00e9s difficiles, le coaching, g\u00e9rer la performance et l&#8217;\u00e9nergie au travail, la mobilisation des employ\u00e9s, etc. ,<\/li>\n<li>Une douzaine d&#8217;intervenants dont plusieurs personnalit\u00e9s qu\u00e9b\u00e9coises*.<\/li>\n<\/ul>\n<h4><\/h4>\n<h2>Pour vous inscrire, communiquez avec Jade Poitras Bessette &#8211;\u00a0<a href=\"mailto:direction@ccgj.qc.ca\" target=\"_blank\" rel=\"noopener noreferrer\">direction@ccgj.qc.ca<\/a>\u00a0en mentionnant le nom de la formation.<\/h2>\n<p>&nbsp;<\/p>\n<p><strong>Faites vite, uniquement 25\u00a0places disponibles!\u00a0<\/strong><\/p>\n<p>*Six intervenants de renom viendront offrir un t\u00e9moignage\/conf\u00e9rence pendant ce programme \u00e9lite. Le nom de ces intervenants sera divulgu\u00e9 uniquement lors de la formation.<\/p>\n<p>Voici une courte vid\u00e9o (1 minute) sur l&#8217;Institut :<br \/>\n<iframe loading=\"lazy\" src=\"https:\/\/player.vimeo.com\/video\/513487920?h=0eefeeb93d&amp;dnt=1&amp;app_id=122963\" width=\"640\" height=\"360\" frameborder=\"0\" allow=\"autoplay; fullscreen; picture-in-picture\" allowfullscreen title=\"Institut de leadership - pr&amp;eacute;sentation 1 minute\"><\/iframe><\/p>\n<p>&nbsp;<\/p>\n<div id=\"page-content\">\n<div id=\"page-content\">\n<h3><b>\u00c0 QUI S&#8217;ADRESSE LA CERTIFICATION ?<\/b><\/h3>\n<p>Cette certification est destin\u00e9e aux individus qui occupent des postes \u00e0 responsabilit\u00e9s. Ils proviennent d\u2019une grande diversit\u00e9 d\u2019industries et de contextes, en plus d\u2019avoir des profils personnels diversifi\u00e9s.<\/p>\n<ul>\n<li>Professionnels cadres \u2013 gestionnaires (entreprises, OBNL, etc.)<\/li>\n<li>Entrepreneurs et propri\u00e9taires de petites et moyennes entreprises<\/li>\n<li>Rel\u00e8ve entrepreneuriale<\/li>\n<li>Etc.<\/li>\n<\/ul>\n<p>&nbsp;<\/p>\n<div class=\"grid_6 \">\n<div class=\"sm_hr\"><\/div>\n<\/div>\n<div class=\"grid_12 \">\n<h3>DESCRIPTION DES MODULES DE LA CERTIFICATION<\/h3>\n<\/div>\n<div class=\"grid_12 \">\n<p>&nbsp;<\/p>\n<div class=\"grid_12 \">\n<h4 class=\"p1\"><b>Module :\u00a0Cr\u00e9ation d\u2019une culture d\u2019entreprise et la gestion du changement<\/b><\/h4>\n<ul class=\"ul1\">\n<li>D\u00e9finir les attributs de votre culture d\u2019entreprise<\/li>\n<li>Comprendre l\u2019utilit\u00e9 et les pi\u00e8ges li\u00e9s \u00e0 votre culture d\u2019entreprise<\/li>\n<li>Transformer votre culture d\u2019entreprise pour qu\u2019elle supporte mieux votre mission<\/li>\n<li>Comprendre les mod\u00e8les et les principes en gestion du changement<\/li>\n<li>D\u00e9finir les enjeux relatifs \u00e0 la gestion du changement<\/li>\n<li>D\u00e9terminer les\u00a0conditions de succ\u00e8s des changements\u00a0en fonction de votre culture et la strat\u00e9gie de l\u2019entreprise<\/li>\n<li>\u00c9tablir une feuille de route pour piloter le changement<\/li>\n<\/ul>\n<p>&nbsp;<\/p>\n<\/div>\n<div class=\"grid_12 \">\n<h4><strong>Module<\/strong>\u00a0:\u00a0Gestion des g\u00e9n\u00e9rations<em><br \/>\n<\/em><\/h4>\n<ul>\n<li>Comprendre l\u2019importance d\u2019harmoniser notre mod\u00e8le de gestion avec les diff\u00e9rentes g\u00e9n\u00e9rations dans notre \u00e9quipe de travail.<\/li>\n<li>Identifier les forces et les d\u00e9fis de chacune des cinq g\u00e9n\u00e9rations actuellement au travail.<\/li>\n<li>Aborder les besoins particuliers de la communication.<\/li>\n<li>Comprendre les diff\u00e9rents besoins de reconnaissance et de valorisation au travail.<\/li>\n<li>Concilier les besoins de tous : la compl\u00e9mentarit\u00e9\u0301 au service de la synergie.<\/li>\n<li>Faire \u00e9voluer notre culture et nos valeurs d\u2019entreprise au rythme des besoins g\u00e9n\u00e9rationnels.<\/li>\n<\/ul>\n<p>&nbsp;<\/p>\n<\/div>\n<div class=\"grid_12 \">\n<h4><strong>Module<\/strong>\u00a0:\u00a0Gestion des employ\u00e9s difficiles<\/h4>\n<ul>\n<li>Comprendre la diff\u00e9rence entre un employ\u00e9 difficile et un employ\u00e9 en difficult\u00e9<\/li>\n<li>Conna\u00eetre les diff\u00e9rents types d\u2019employ\u00e9s difficiles<\/li>\n<li>Les causes d\u2019un employ\u00e9 difficile du point de vue de l\u2019employ\u00e9 et de son gestionnaire<\/li>\n<li>Comment ajuster son approche d\u2019encadrement selon le contexte\u202f: du coaching \u00e0 l\u2019approche directive<\/li>\n<li>Quand le reste ne fonctionne pas, le processus disciplinaire comment s\u2019y pr\u00e9parer, intervenir et effectuer le suivi n\u00e9cessaire<\/li>\n<\/ul>\n<p>&nbsp;<\/p>\n<\/div>\n<div class=\"grid_12 \">\n<h4><strong>Module<\/strong>\u00a0:\u00a0G\u00e9rer la performance et l\u2019\u00e9nergie au travail<\/h4>\n<ul>\n<li>Les bonnes pratiques pour g\u00e9rer la performance\u00a0et la mobilisation\u00a0des employ\u00e9s, et des \u00e9quipes<\/li>\n<li>Les\u00a0strat\u00e9gies et\u00a0les\u00a0indicateurs de r\u00e9sultats et comportements pour concilier performance et mobilisation dans la nouvelle r\u00e9alit\u00e9 du travail<\/li>\n<li>Les meilleures pratiques pour stimuler l\u2019\u00e9nergie au travail, le d\u00e9passement et la performance en \u00e9quipe<\/li>\n<\/ul>\n<p>&nbsp;<\/p>\n<\/div>\n<div class=\"grid_12 \">\n<h4><strong>Module<\/strong>\u00a0: La planification des effectifs<\/h4>\n<ul>\n<li>Identifier les d\u00e9s\u00e9quilibres quantitatifs<\/li>\n<li>Identifier les obstacles \u00e0 la planification et les solutions potentielles<\/li>\n<li>Comprendre les enjeux d\u2019une restructuration<\/li>\n<li>Diagnostic et tableau de bord<\/li>\n<li>Indicateurs de performance en GRH<\/li>\n<li>Pond\u00e9ration de la GRH sur la planification strat\u00e9gique de l\u2019entreprise<\/li>\n<\/ul>\n<p>&nbsp;<\/p>\n<\/div>\n<div class=\"grid_12 \">\n<h4><strong>Module<\/strong>\u00a0: L\u2019organisation du travail<\/h4>\n<ul>\n<li>Identifier les objectifs des nouvelles formes d\u2019organisation du travail<\/li>\n<li>Distinguer les d\u00e9terminants qui influencent l\u2019adoption des nouvelles formes d\u2019organisation<\/li>\n<li>Analyser les diff\u00e9rents am\u00e9nagements possibles bas\u00e9s sur la flexibilit\u00e9<\/li>\n<li>Performance organisationnelle et organisation du travail<\/li>\n<li>Qualit\u00e9 de vie au travail et organisation du travail<\/li>\n<\/ul>\n<\/div>\n<\/div>\n<\/div>\n<div id=\"page-content\">\n<div class=\"grid_12 \">\n<h4><\/h4>\n<h4><b>Travail d\u2019int\u00e9gration<\/b><\/h4>\n<p><i><span class=\"il\">Un<\/span>\u00a0<span class=\"il\">travail<\/span>\u00a0<span class=\"il\">d<\/span>\u2019<span class=\"il\">int\u00e9gration<\/span>\u00a0est obligatoire \u00e0 l\u2019obtention de la Certification. Ce\u00a0<span class=\"il\">travail<\/span>\u00a0est \u00e0 faire \u00e0 la suite\u00a0de la formation. Vous aurez 3 semaines pour le compl\u00e9ter. Il s&#8217;agit\u00a0<span class=\"il\">d<\/span>&#8216;une r\u00e9flexion personnelle, l\u2019objectif est de faire le lien entre les apprentissages vus en formation et votre r\u00e9alit\u00e9 \u00e0 titre de gestionnaire dans votre organisation.\u00a0<\/i><\/p>\n<\/div>\n<div class=\"grid_6 \">\n<div class=\"sm_hr\"><\/div>\n<\/div>\n<\/div>\n<h2>Pour vous inscrire, communiquez avec Jade Poitras Bessette &#8211;\u00a0<a href=\"mailto:direction@ccgj.qc.ca\" target=\"_blank\" rel=\"noopener noreferrer\">direction@ccgj.qc.ca<\/a>\u00a0en mentionnant le nom de la formation.<\/h2>\n<h3><\/h3>\n<p>&nbsp;<\/p>\n<p>&nbsp;<\/p>\n<\/div>\n","protected":false},"excerpt":{"rendered":"<p>Certification en gestion du capital humain La Chambre de commerce et d&#8217;industrie de Vaudreuil-Soulanges offre une cohorte en ligne de la\u00a0Certification en gestion du capital humain\u00a0offerte par l&#8217;Institut de leadership avec la participation financi\u00e8re du gouvernement du Qu\u00e9bec. Ce programme &hellip; <\/p>\n","protected":false},"author":17,"featured_media":0,"parent":0,"menu_order":0,"comment_status":"closed","ping_status":"closed","template":"","meta":{"content-type":"","om_disable_all_campaigns":false},"yoast_head":"<!-- This site is optimized with the Yoast SEO plugin v20.6 - https:\/\/yoast.com\/wordpress\/plugins\/seo\/ -->\n<title>Certification en gestion du capital humain \u00e0 1075$ (tarif r\u00e9gulier 5595$) - Institut de Leadership<\/title>\n<meta name=\"robots\" content=\"index, follow, max-snippet:-1, max-image-preview:large, max-video-preview:-1\" \/>\n<link rel=\"canonical\" href=\"https:\/\/www.institutleadership.ca\/inscription\/certification-en-gestion-du-capital-humain-a-1075-tarif-regulier-5595\/\" \/>\n<meta property=\"og:locale\" content=\"fr_CA\" \/>\n<meta property=\"og:type\" content=\"article\" \/>\n<meta property=\"og:title\" content=\"Certification en gestion du capital humain \u00e0 1075$ (tarif r\u00e9gulier 5595$) - Institut de Leadership\" \/>\n<meta property=\"og:description\" content=\"Certification en gestion du capital humain La Chambre de commerce et d&#8217;industrie de Vaudreuil-Soulanges offre une cohorte en ligne de la\u00a0Certification en gestion du capital humain\u00a0offerte par l&#8217;Institut de leadership avec la participation financi\u00e8re du gouvernement du Qu\u00e9bec. Ce programme &hellip;\" \/>\n<meta property=\"og:url\" content=\"https:\/\/www.institutleadership.ca\/inscription\/certification-en-gestion-du-capital-humain-a-1075-tarif-regulier-5595\/\" \/>\n<meta property=\"og:site_name\" content=\"Institut de Leadership\" \/>\n<meta property=\"article:publisher\" content=\"https:\/\/www.facebook.com\/institutleadership\/\" \/>\n<meta property=\"og:image\" content=\"https:\/\/www.institutleadership.ca\/english\/wp-content\/uploads\/sites\/10\/2022\/01\/10-nouveau.png\" \/>\n<meta name=\"twitter:card\" content=\"summary_large_image\" \/>\n<meta name=\"twitter:label1\" content=\"Estimation du temps de lecture\" \/>\n\t<meta name=\"twitter:data1\" content=\"4 minutes\" \/>\n<script type=\"application\/ld+json\" class=\"yoast-schema-graph\">{\"@context\":\"https:\/\/schema.org\",\"@graph\":[{\"@type\":\"WebPage\",\"@id\":\"https:\/\/www.institutleadership.ca\/inscription\/certification-en-gestion-du-capital-humain-a-1075-tarif-regulier-5595\/\",\"url\":\"https:\/\/www.institutleadership.ca\/inscription\/certification-en-gestion-du-capital-humain-a-1075-tarif-regulier-5595\/\",\"name\":\"Certification en gestion du capital humain \u00e0 1075$ (tarif r\u00e9gulier 5595$) - Institut de Leadership\",\"isPartOf\":{\"@id\":\"https:\/\/www.institutleadership.ca\/inscription\/#website\"},\"datePublished\":\"2022-01-10T18:27:08+00:00\",\"dateModified\":\"2022-01-10T18:27:08+00:00\",\"breadcrumb\":{\"@id\":\"https:\/\/www.institutleadership.ca\/inscription\/certification-en-gestion-du-capital-humain-a-1075-tarif-regulier-5595\/#breadcrumb\"},\"inLanguage\":\"fr-CA\",\"potentialAction\":[{\"@type\":\"ReadAction\",\"target\":[\"https:\/\/www.institutleadership.ca\/inscription\/certification-en-gestion-du-capital-humain-a-1075-tarif-regulier-5595\/\"]}]},{\"@type\":\"BreadcrumbList\",\"@id\":\"https:\/\/www.institutleadership.ca\/inscription\/certification-en-gestion-du-capital-humain-a-1075-tarif-regulier-5595\/#breadcrumb\",\"itemListElement\":[{\"@type\":\"ListItem\",\"position\":1,\"name\":\"Accueil\",\"item\":\"https:\/\/www.institutleadership.ca\/inscription\/\"},{\"@type\":\"ListItem\",\"position\":2,\"name\":\"Certification en gestion du capital humain \u00e0 1075$ (tarif r\u00e9gulier 5595$)\"}]},{\"@type\":\"WebSite\",\"@id\":\"https:\/\/www.institutleadership.ca\/inscription\/#website\",\"url\":\"https:\/\/www.institutleadership.ca\/inscription\/\",\"name\":\"Institut de leadership\",\"description\":\"Formations pour cadres et dirigeants\",\"publisher\":{\"@id\":\"https:\/\/www.institutleadership.ca\/inscription\/#organization\"},\"potentialAction\":[{\"@type\":\"SearchAction\",\"target\":{\"@type\":\"EntryPoint\",\"urlTemplate\":\"https:\/\/www.institutleadership.ca\/inscription\/?s={search_term_string}\"},\"query-input\":\"required name=search_term_string\"}],\"inLanguage\":\"fr-CA\"},{\"@type\":\"Organization\",\"@id\":\"https:\/\/www.institutleadership.ca\/inscription\/#organization\",\"name\":\"Institut de leadership\",\"url\":\"https:\/\/www.institutleadership.ca\/inscription\/\",\"logo\":{\"@type\":\"ImageObject\",\"inLanguage\":\"fr-CA\",\"@id\":\"https:\/\/www.institutleadership.ca\/inscription\/#\/schema\/logo\/image\/\",\"url\":\"https:\/\/www.institutleadership.ca\/english\/wp-content\/uploads\/sites\/10\/2019\/11\/Logo_Officiel-2-1.jpg\",\"contentUrl\":\"https:\/\/www.institutleadership.ca\/english\/wp-content\/uploads\/sites\/10\/2019\/11\/Logo_Officiel-2-1.jpg\",\"width\":2048,\"height\":1024,\"caption\":\"Institut de leadership\"},\"image\":{\"@id\":\"https:\/\/www.institutleadership.ca\/inscription\/#\/schema\/logo\/image\/\"},\"sameAs\":[\"https:\/\/www.facebook.com\/institutleadership\/\",\"https:\/\/www.linkedin.com\/school\/5305840\"]}]}<\/script>\n<!-- \/ Yoast SEO plugin. -->","yoast_head_json":{"title":"Certification en gestion du capital humain \u00e0 1075$ (tarif r\u00e9gulier 5595$) - Institut de Leadership","robots":{"index":"index","follow":"follow","max-snippet":"max-snippet:-1","max-image-preview":"max-image-preview:large","max-video-preview":"max-video-preview:-1"},"canonical":"https:\/\/www.institutleadership.ca\/inscription\/certification-en-gestion-du-capital-humain-a-1075-tarif-regulier-5595\/","og_locale":"fr_CA","og_type":"article","og_title":"Certification en gestion du capital humain \u00e0 1075$ (tarif r\u00e9gulier 5595$) - Institut de Leadership","og_description":"Certification en gestion du capital humain La Chambre de commerce et d&#8217;industrie de Vaudreuil-Soulanges offre une cohorte en ligne de la\u00a0Certification en gestion du capital humain\u00a0offerte par l&#8217;Institut de leadership avec la participation financi\u00e8re du gouvernement du Qu\u00e9bec. Ce programme &hellip;","og_url":"https:\/\/www.institutleadership.ca\/inscription\/certification-en-gestion-du-capital-humain-a-1075-tarif-regulier-5595\/","og_site_name":"Institut de Leadership","article_publisher":"https:\/\/www.facebook.com\/institutleadership\/","og_image":[{"url":"https:\/\/www.institutleadership.ca\/english\/wp-content\/uploads\/sites\/10\/2022\/01\/10-nouveau.png"}],"twitter_card":"summary_large_image","twitter_misc":{"Estimation du temps de lecture":"4 minutes"},"schema":{"@context":"https:\/\/schema.org","@graph":[{"@type":"WebPage","@id":"https:\/\/www.institutleadership.ca\/inscription\/certification-en-gestion-du-capital-humain-a-1075-tarif-regulier-5595\/","url":"https:\/\/www.institutleadership.ca\/inscription\/certification-en-gestion-du-capital-humain-a-1075-tarif-regulier-5595\/","name":"Certification en gestion du capital humain \u00e0 1075$ (tarif r\u00e9gulier 5595$) - Institut de Leadership","isPartOf":{"@id":"https:\/\/www.institutleadership.ca\/inscription\/#website"},"datePublished":"2022-01-10T18:27:08+00:00","dateModified":"2022-01-10T18:27:08+00:00","breadcrumb":{"@id":"https:\/\/www.institutleadership.ca\/inscription\/certification-en-gestion-du-capital-humain-a-1075-tarif-regulier-5595\/#breadcrumb"},"inLanguage":"fr-CA","potentialAction":[{"@type":"ReadAction","target":["https:\/\/www.institutleadership.ca\/inscription\/certification-en-gestion-du-capital-humain-a-1075-tarif-regulier-5595\/"]}]},{"@type":"BreadcrumbList","@id":"https:\/\/www.institutleadership.ca\/inscription\/certification-en-gestion-du-capital-humain-a-1075-tarif-regulier-5595\/#breadcrumb","itemListElement":[{"@type":"ListItem","position":1,"name":"Accueil","item":"https:\/\/www.institutleadership.ca\/inscription\/"},{"@type":"ListItem","position":2,"name":"Certification en gestion du capital humain \u00e0 1075$ (tarif r\u00e9gulier 5595$)"}]},{"@type":"WebSite","@id":"https:\/\/www.institutleadership.ca\/inscription\/#website","url":"https:\/\/www.institutleadership.ca\/inscription\/","name":"Institut de leadership","description":"Formations pour cadres et dirigeants","publisher":{"@id":"https:\/\/www.institutleadership.ca\/inscription\/#organization"},"potentialAction":[{"@type":"SearchAction","target":{"@type":"EntryPoint","urlTemplate":"https:\/\/www.institutleadership.ca\/inscription\/?s={search_term_string}"},"query-input":"required name=search_term_string"}],"inLanguage":"fr-CA"},{"@type":"Organization","@id":"https:\/\/www.institutleadership.ca\/inscription\/#organization","name":"Institut de leadership","url":"https:\/\/www.institutleadership.ca\/inscription\/","logo":{"@type":"ImageObject","inLanguage":"fr-CA","@id":"https:\/\/www.institutleadership.ca\/inscription\/#\/schema\/logo\/image\/","url":"https:\/\/www.institutleadership.ca\/english\/wp-content\/uploads\/sites\/10\/2019\/11\/Logo_Officiel-2-1.jpg","contentUrl":"https:\/\/www.institutleadership.ca\/english\/wp-content\/uploads\/sites\/10\/2019\/11\/Logo_Officiel-2-1.jpg","width":2048,"height":1024,"caption":"Institut de leadership"},"image":{"@id":"https:\/\/www.institutleadership.ca\/inscription\/#\/schema\/logo\/image\/"},"sameAs":["https:\/\/www.facebook.com\/institutleadership\/","https:\/\/www.linkedin.com\/school\/5305840"]}]}},"_links":{"self":[{"href":"https:\/\/www.institutleadership.ca\/inscription\/wp-json\/wp\/v2\/pages\/13840"}],"collection":[{"href":"https:\/\/www.institutleadership.ca\/inscription\/wp-json\/wp\/v2\/pages"}],"about":[{"href":"https:\/\/www.institutleadership.ca\/inscription\/wp-json\/wp\/v2\/types\/page"}],"author":[{"embeddable":true,"href":"https:\/\/www.institutleadership.ca\/inscription\/wp-json\/wp\/v2\/users\/17"}],"replies":[{"embeddable":true,"href":"https:\/\/www.institutleadership.ca\/inscription\/wp-json\/wp\/v2\/comments?post=13840"}],"version-history":[{"count":1,"href":"https:\/\/www.institutleadership.ca\/inscription\/wp-json\/wp\/v2\/pages\/13840\/revisions"}],"predecessor-version":[{"id":13842,"href":"https:\/\/www.institutleadership.ca\/inscription\/wp-json\/wp\/v2\/pages\/13840\/revisions\/13842"}],"wp:attachment":[{"href":"https:\/\/www.institutleadership.ca\/inscription\/wp-json\/wp\/v2\/media?parent=13840"}],"curies":[{"name":"wp","href":"https:\/\/api.w.org\/{rel}","templated":true}]}}