{"version":"1.0","provider_name":"Canada - Institut de Leadership","provider_url":"https:\/\/www.institutleadership.ca\/montreal","author_name":"Institut de leadership","author_url":"https:\/\/www.institutleadership.ca\/montreal\/author\/institutlg\/","title":"Planification strat\u00e9gique : de la vision \u00e0 l'action - Canada - Institut de Leadership","type":"rich","width":600,"height":338,"html":"<blockquote class=\"wp-embedded-content\" data-secret=\"bFPKv4SzV7\"><a href=\"https:\/\/www.institutleadership.ca\/montreal\/planification-strategique-de-la-vision-a-laction\/\">Planification strat\u00e9gique : de la vision \u00e0 l&#8217;action<\/a><\/blockquote><iframe sandbox=\"allow-scripts\" security=\"restricted\" src=\"https:\/\/www.institutleadership.ca\/montreal\/planification-strategique-de-la-vision-a-laction\/embed\/#?secret=bFPKv4SzV7\" width=\"600\" height=\"338\" title=\"&laquo; Planification strat\u00e9gique : de la vision \u00e0 l&#8217;action &raquo; &#8212; Canada - Institut de Leadership\" data-secret=\"bFPKv4SzV7\" frameborder=\"0\" marginwidth=\"0\" marginheight=\"0\" scrolling=\"no\" class=\"wp-embedded-content\"><\/iframe><script type=\"text\/javascript\">\n\/*! This file is auto-generated *\/\n!function(c,d){\"use strict\";var e=!1,o=!1;if(d.querySelector)if(c.addEventListener)e=!0;if(c.wp=c.wp||{},c.wp.receiveEmbedMessage);else if(c.wp.receiveEmbedMessage=function(e){var t=e.data;if(!t);else if(!(t.secret||t.message||t.value));else if(\/[^a-zA-Z0-9]\/.test(t.secret));else{for(var r,s,a,i=d.querySelectorAll('iframe[data-secret=\"'+t.secret+'\"]'),n=d.querySelectorAll('blockquote[data-secret=\"'+t.secret+'\"]'),o=new RegExp(\"^https?:$\",\"i\"),l=0;l<n.length;l++)n[l].style.display=\"none\";for(l=0;l<i.length;l++)if(r=i[l],e.source!==r.contentWindow);else{if(r.removeAttribute(\"style\"),\"height\"===t.message){if(1e3<(s=parseInt(t.value,10)))s=1e3;else if(~~s<200)s=200;r.height=s}if(\"link\"===t.message)if(s=d.createElement(\"a\"),a=d.createElement(\"a\"),s.href=r.getAttribute(\"src\"),a.href=t.value,!o.test(a.protocol));else if(a.host===s.host)if(d.activeElement===r)c.top.location.href=t.value}}},e)c.addEventListener(\"message\",c.wp.receiveEmbedMessage,!1),d.addEventListener(\"DOMContentLoaded\",t,!1),c.addEventListener(\"load\",t,!1);function t(){if(o);else{o=!0;for(var e,t,r,s=-1!==navigator.appVersion.indexOf(\"MSIE 10\"),a=!!navigator.userAgent.match(\/Trident.*rv:11\\.\/),i=d.querySelectorAll(\"iframe.wp-embedded-content\"),n=0;n<i.length;n++){if(!(r=(t=i[n]).getAttribute(\"data-secret\")))r=Math.random().toString(36).substr(2,10),t.src+=\"#?secret=\"+r,t.setAttribute(\"data-secret\",r);if(s||a)(e=t.cloneNode(!0)).removeAttribute(\"security\"),t.parentNode.replaceChild(e,t);t.contentWindow.postMessage({message:\"ready\",secret:r},\"*\")}}}}(window,document);\n<\/script>\n","description":"S&#8217;inscrire Un plan strat\u00e9gique doit permettre de faire des choix, de concentrer les efforts de l\u2019organisation et de traduire une vision en priorit\u00e9s concr\u00e8tes et mesurables. Cette formation de deux jours propose une d\u00e9marche simple et rigoureuse pour b\u00e2tir un &hellip;"}