{"id":19069,"date":"2025-09-07T09:08:07","date_gmt":"2025-09-07T13:08:07","guid":{"rendered":"https:\/\/www.institutleadership.ca\/montreal\/?post_type=lp_course&#038;p=19069"},"modified":"2026-01-14T11:42:05","modified_gmt":"2026-01-14T16:42:05","slug":"presentiel-programme-en-gouvernance-et-transformation-continue-autonme-2026","status":"publish","type":"lp_course","link":"https:\/\/www.institutleadership.ca\/montreal\/formations-certifications\/presentiel-programme-en-gouvernance-et-transformation-continue-autonme-2026\/","title":{"rendered":"Pr\u00e9sentiel &#8211; Programme en gouvernance et transformation continue &#8211; Automne 2026"},"content":{"rendered":"<div id=\"page-content\">\n<h3>Pr\u00e9sentiel \u00e0 Montr\u00e9al \u2013 Programme en gouvernance et transformation continue : 5-6 novembre 2026 de 8h30 \u00e0 17h15<\/h3>\n<\/div>\n<div id=\"page-content\">\n<h3>DESCRIPTIF DU COURS<\/h3>\n<p data-start=\"265\" data-end=\"567\">Unique dans son genre, ce programme de formation a \u00e9t\u00e9 \u00e9labor\u00e9 par des conseillers chevronn\u00e9s en collaboration avec des chefs de file ayant apprivois\u00e9 les concepts pr\u00e9sent\u00e9s. Chaque participant aura l\u2019opportunit\u00e9 de rencontrer diff\u00e9rents intervenants et d\u2019apprendre de leurs pratiques innovantes.<\/p>\n<p data-start=\"569\" data-end=\"801\">Ce programme a pour objectif principal d\u2019inspirer et d\u2019outiller les hauts dirigeants ainsi que les administrateurs afin qu\u2019ils puissent pratiquer et soutenir, avec aisance, la cr\u00e9ation de valeur et l\u2019innovation manag\u00e9riale.<\/p>\n<p data-start=\"803\" data-end=\"1008\">Enfin, les participants seront invit\u00e9s \u00e0 r\u00e9fl\u00e9chir et \u00e0 \u00e9changer autour d\u2019un enjeu crucial : comment assurer la p\u00e9rennit\u00e9 de leur organisation dans un environnement qui exige une transformation continue.<\/p>\n<h3>\u00c0 QUI S\u2019ADRESSE LA CERTIFICATION ?<\/h3>\n<p data-start=\"1570\" data-end=\"1767\">Cette formation est destin\u00e9e aux hauts dirigeants de toute organisation ainsi qu\u2019\u00e0 leurs administrateurs, peu importe leur secteur d\u2019activit\u00e9s ou le type d\u2019organisation (public, priv\u00e9, OBNL).<\/p>\n<p data-start=\"1769\" data-end=\"2044\">Pour \u00eatre admis, le haut dirigeant doit \u00eatre accompagn\u00e9 d\u2019un coll\u00e8gue membre du comit\u00e9 de direction ou d\u2019un membre du conseil d\u2019administration. Il peut \u00e9galement se faire accompagner de coll\u00e8gues suppl\u00e9mentaires, \u00e0 la condition qu\u2019ils soient membres du comit\u00e9 de direction.<\/p>\n<p data-start=\"2046\" data-end=\"2158\">Cette formule favorise un alignement entre les volont\u00e9s de la direction et celles du conseil d\u2019administration.<\/p>\n<p><strong>Tarif :<\/strong> 2500$ + taxes.<\/p>\n<p>Les journ\u00e9es de formation sont admissibles \u00e0 la loi du 1 % pour la formation de la main d\u2019\u0153uvre.<\/p>\n<p>*Tarif de groupe : 2 500$ pour chacun des deux premiers participants d\u2019une m\u00eame organisation. Un tarif de 2 000$ est offert pour tout participant suppl\u00e9mentaire venant de cette m\u00eame organisation.<\/p>\n<p>*Des rabais sont offerts aux\u00a0organismes \u00e0 but non lucratif \u00a0(15%) et gouvernementaux (10%).\u00a0<a href=\"https:\/\/www.institutleadership.ca\/montreal\/contact\/\">Contactez-nous<\/a>\u00a0pour plus de d\u00e9tails.<\/p>\n<p>*Frais d\u2019administration non remboursable (350$) en cas d\u2019annulation pour une inscription provenant d\u2019un pays autre que le Canada n\u00e9cessitant un visa d\u2019entr\u00e9e.<\/p>\n<\/div>\n","protected":false},"excerpt":{"rendered":"<p>Pr\u00e9sentiel \u00e0 Montr\u00e9al \u2013 Programme en gouvernance et transformation continue : 5-6 novembre 2026 de 8h30 \u00e0 17h15 DESCRIPTIF DU COURS Unique dans son genre, ce programme de formation a \u00e9t\u00e9 \u00e9labor\u00e9 par des conseillers chevronn\u00e9s en collaboration avec des &hellip; <\/p>\n","protected":false},"featured_media":11315,"comment_status":"closed","ping_status":"closed","template":"","course_category":[115],"course_tag":[],"yoast_head":"<!-- This site is optimized with the Yoast SEO plugin v20.6 - https:\/\/yoast.com\/wordpress\/plugins\/seo\/ -->\n<title>Pr\u00e9sentiel - Programme en gouvernance et transformation continue - Automne 2026 - Canada - Institut de Leadership<\/title>\n<meta name=\"robots\" content=\"index, follow, max-snippet:-1, max-image-preview:large, max-video-preview:-1\" \/>\n<link rel=\"canonical\" href=\"https:\/\/www.institutleadership.ca\/montreal\/formations-certifications\/presentiel-programme-en-gouvernance-et-transformation-continue-autonme-2026\/\" \/>\n<meta property=\"og:locale\" content=\"fr_CA\" \/>\n<meta property=\"og:type\" content=\"article\" \/>\n<meta property=\"og:title\" content=\"Pr\u00e9sentiel - Programme en gouvernance et transformation continue - Automne 2026 - Canada - Institut de Leadership\" \/>\n<meta property=\"og:description\" content=\"Pr\u00e9sentiel \u00e0 Montr\u00e9al \u2013 Programme en gouvernance et transformation continue : 5-6 novembre 2026 de 8h30 \u00e0 17h15 DESCRIPTIF DU COURS Unique dans son genre, ce programme de formation a \u00e9t\u00e9 \u00e9labor\u00e9 par des conseillers chevronn\u00e9s en collaboration avec des &hellip;\" \/>\n<meta property=\"og:url\" content=\"https:\/\/www.institutleadership.ca\/montreal\/formations-certifications\/presentiel-programme-en-gouvernance-et-transformation-continue-autonme-2026\/\" \/>\n<meta property=\"og:site_name\" content=\"Canada - Institut de Leadership\" \/>\n<meta property=\"article:publisher\" content=\"https:\/\/www.facebook.com\/institutleadership\/\" \/>\n<meta property=\"article:modified_time\" content=\"2026-01-14T16:42:05+00:00\" \/>\n<meta property=\"og:image\" content=\"https:\/\/www.institutleadership.ca\/montreal\/wp-content\/uploads\/sites\/7\/2018\/02\/creditphotoblanchesbulles_16octobre-5208.png\" \/>\n\t<meta property=\"og:image:width\" content=\"1600\" \/>\n\t<meta property=\"og:image:height\" content=\"1067\" \/>\n\t<meta property=\"og:image:type\" content=\"image\/png\" \/>\n<meta name=\"twitter:card\" content=\"summary_large_image\" \/>\n<meta name=\"twitter:label1\" content=\"Estimation du temps de lecture\" \/>\n\t<meta name=\"twitter:data1\" content=\"2 minutes\" \/>\n<script type=\"application\/ld+json\" class=\"yoast-schema-graph\">{\"@context\":\"https:\/\/schema.org\",\"@graph\":[{\"@type\":\"WebPage\",\"@id\":\"https:\/\/www.institutleadership.ca\/montreal\/formations-certifications\/presentiel-programme-en-gouvernance-et-transformation-continue-autonme-2026\/\",\"url\":\"https:\/\/www.institutleadership.ca\/montreal\/formations-certifications\/presentiel-programme-en-gouvernance-et-transformation-continue-autonme-2026\/\",\"name\":\"Pr\u00e9sentiel - Programme en gouvernance et transformation continue - Automne 2026 - Canada - Institut de Leadership\",\"isPartOf\":{\"@id\":\"https:\/\/www.institutleadership.ca\/montreal\/#website\"},\"datePublished\":\"2025-09-07T13:08:07+00:00\",\"dateModified\":\"2026-01-14T16:42:05+00:00\",\"breadcrumb\":{\"@id\":\"https:\/\/www.institutleadership.ca\/montreal\/formations-certifications\/presentiel-programme-en-gouvernance-et-transformation-continue-autonme-2026\/#breadcrumb\"},\"inLanguage\":\"fr-CA\",\"potentialAction\":[{\"@type\":\"ReadAction\",\"target\":[\"https:\/\/www.institutleadership.ca\/montreal\/formations-certifications\/presentiel-programme-en-gouvernance-et-transformation-continue-autonme-2026\/\"]}]},{\"@type\":\"BreadcrumbList\",\"@id\":\"https:\/\/www.institutleadership.ca\/montreal\/formations-certifications\/presentiel-programme-en-gouvernance-et-transformation-continue-autonme-2026\/#breadcrumb\",\"itemListElement\":[{\"@type\":\"ListItem\",\"position\":1,\"name\":\"Accueil\",\"item\":\"https:\/\/www.institutleadership.ca\/montreal\/\"},{\"@type\":\"ListItem\",\"position\":2,\"name\":\"Courses\",\"item\":\"https:\/\/www.institutleadership.ca\/montreal\/formations-certifications\/\"},{\"@type\":\"ListItem\",\"position\":3,\"name\":\"Pr\u00e9sentiel &#8211; Programme en gouvernance et transformation continue &#8211; Automne 2026\"}]},{\"@type\":\"WebSite\",\"@id\":\"https:\/\/www.institutleadership.ca\/montreal\/#website\",\"url\":\"https:\/\/www.institutleadership.ca\/montreal\/\",\"name\":\"Institut de leadership\",\"description\":\"Formations pour cadres et dirigeants\",\"publisher\":{\"@id\":\"https:\/\/www.institutleadership.ca\/montreal\/#organization\"},\"potentialAction\":[{\"@type\":\"SearchAction\",\"target\":{\"@type\":\"EntryPoint\",\"urlTemplate\":\"https:\/\/www.institutleadership.ca\/montreal\/?s={search_term_string}\"},\"query-input\":\"required name=search_term_string\"}],\"inLanguage\":\"fr-CA\"},{\"@type\":\"Organization\",\"@id\":\"https:\/\/www.institutleadership.ca\/montreal\/#organization\",\"name\":\"Institut de leadership\",\"url\":\"https:\/\/www.institutleadership.ca\/montreal\/\",\"logo\":{\"@type\":\"ImageObject\",\"inLanguage\":\"fr-CA\",\"@id\":\"https:\/\/www.institutleadership.ca\/montreal\/#\/schema\/logo\/image\/\",\"url\":\"https:\/\/www.institutleadership.ca\/montreal\/wp-content\/uploads\/sites\/7\/2019\/11\/Logo_Officiel-2-1.jpg\",\"contentUrl\":\"https:\/\/www.institutleadership.ca\/montreal\/wp-content\/uploads\/sites\/7\/2019\/11\/Logo_Officiel-2-1.jpg\",\"width\":2048,\"height\":1024,\"caption\":\"Institut de leadership\"},\"image\":{\"@id\":\"https:\/\/www.institutleadership.ca\/montreal\/#\/schema\/logo\/image\/\"},\"sameAs\":[\"https:\/\/www.facebook.com\/institutleadership\/\",\"https:\/\/www.linkedin.com\/school\/5305840\"]}]}<\/script>\n<!-- \/ Yoast SEO plugin. -->","yoast_head_json":{"title":"Pr\u00e9sentiel - Programme en gouvernance et transformation continue - Automne 2026 - Canada - Institut de Leadership","robots":{"index":"index","follow":"follow","max-snippet":"max-snippet:-1","max-image-preview":"max-image-preview:large","max-video-preview":"max-video-preview:-1"},"canonical":"https:\/\/www.institutleadership.ca\/montreal\/formations-certifications\/presentiel-programme-en-gouvernance-et-transformation-continue-autonme-2026\/","og_locale":"fr_CA","og_type":"article","og_title":"Pr\u00e9sentiel - Programme en gouvernance et transformation continue - Automne 2026 - Canada - Institut de Leadership","og_description":"Pr\u00e9sentiel \u00e0 Montr\u00e9al \u2013 Programme en gouvernance et transformation continue : 5-6 novembre 2026 de 8h30 \u00e0 17h15 DESCRIPTIF DU COURS Unique dans son genre, ce programme de formation a \u00e9t\u00e9 \u00e9labor\u00e9 par des conseillers chevronn\u00e9s en collaboration avec des &hellip;","og_url":"https:\/\/www.institutleadership.ca\/montreal\/formations-certifications\/presentiel-programme-en-gouvernance-et-transformation-continue-autonme-2026\/","og_site_name":"Canada - Institut de Leadership","article_publisher":"https:\/\/www.facebook.com\/institutleadership\/","article_modified_time":"2026-01-14T16:42:05+00:00","og_image":[{"width":1600,"height":1067,"url":"https:\/\/www.institutleadership.ca\/montreal\/wp-content\/uploads\/sites\/7\/2018\/02\/creditphotoblanchesbulles_16octobre-5208.png","type":"image\/png"}],"twitter_card":"summary_large_image","twitter_misc":{"Estimation du temps de lecture":"2 minutes"},"schema":{"@context":"https:\/\/schema.org","@graph":[{"@type":"WebPage","@id":"https:\/\/www.institutleadership.ca\/montreal\/formations-certifications\/presentiel-programme-en-gouvernance-et-transformation-continue-autonme-2026\/","url":"https:\/\/www.institutleadership.ca\/montreal\/formations-certifications\/presentiel-programme-en-gouvernance-et-transformation-continue-autonme-2026\/","name":"Pr\u00e9sentiel - Programme en gouvernance et transformation continue - Automne 2026 - Canada - Institut de Leadership","isPartOf":{"@id":"https:\/\/www.institutleadership.ca\/montreal\/#website"},"datePublished":"2025-09-07T13:08:07+00:00","dateModified":"2026-01-14T16:42:05+00:00","breadcrumb":{"@id":"https:\/\/www.institutleadership.ca\/montreal\/formations-certifications\/presentiel-programme-en-gouvernance-et-transformation-continue-autonme-2026\/#breadcrumb"},"inLanguage":"fr-CA","potentialAction":[{"@type":"ReadAction","target":["https:\/\/www.institutleadership.ca\/montreal\/formations-certifications\/presentiel-programme-en-gouvernance-et-transformation-continue-autonme-2026\/"]}]},{"@type":"BreadcrumbList","@id":"https:\/\/www.institutleadership.ca\/montreal\/formations-certifications\/presentiel-programme-en-gouvernance-et-transformation-continue-autonme-2026\/#breadcrumb","itemListElement":[{"@type":"ListItem","position":1,"name":"Accueil","item":"https:\/\/www.institutleadership.ca\/montreal\/"},{"@type":"ListItem","position":2,"name":"Courses","item":"https:\/\/www.institutleadership.ca\/montreal\/formations-certifications\/"},{"@type":"ListItem","position":3,"name":"Pr\u00e9sentiel &#8211; Programme en gouvernance et transformation continue &#8211; Automne 2026"}]},{"@type":"WebSite","@id":"https:\/\/www.institutleadership.ca\/montreal\/#website","url":"https:\/\/www.institutleadership.ca\/montreal\/","name":"Institut de leadership","description":"Formations pour cadres et dirigeants","publisher":{"@id":"https:\/\/www.institutleadership.ca\/montreal\/#organization"},"potentialAction":[{"@type":"SearchAction","target":{"@type":"EntryPoint","urlTemplate":"https:\/\/www.institutleadership.ca\/montreal\/?s={search_term_string}"},"query-input":"required name=search_term_string"}],"inLanguage":"fr-CA"},{"@type":"Organization","@id":"https:\/\/www.institutleadership.ca\/montreal\/#organization","name":"Institut de leadership","url":"https:\/\/www.institutleadership.ca\/montreal\/","logo":{"@type":"ImageObject","inLanguage":"fr-CA","@id":"https:\/\/www.institutleadership.ca\/montreal\/#\/schema\/logo\/image\/","url":"https:\/\/www.institutleadership.ca\/montreal\/wp-content\/uploads\/sites\/7\/2019\/11\/Logo_Officiel-2-1.jpg","contentUrl":"https:\/\/www.institutleadership.ca\/montreal\/wp-content\/uploads\/sites\/7\/2019\/11\/Logo_Officiel-2-1.jpg","width":2048,"height":1024,"caption":"Institut de leadership"},"image":{"@id":"https:\/\/www.institutleadership.ca\/montreal\/#\/schema\/logo\/image\/"},"sameAs":["https:\/\/www.facebook.com\/institutleadership\/","https:\/\/www.linkedin.com\/school\/5305840"]}]}},"_links":{"self":[{"href":"https:\/\/www.institutleadership.ca\/montreal\/wp-json\/wp\/v2\/lp_course\/19069"}],"collection":[{"href":"https:\/\/www.institutleadership.ca\/montreal\/wp-json\/wp\/v2\/lp_course"}],"about":[{"href":"https:\/\/www.institutleadership.ca\/montreal\/wp-json\/wp\/v2\/types\/lp_course"}],"replies":[{"embeddable":true,"href":"https:\/\/www.institutleadership.ca\/montreal\/wp-json\/wp\/v2\/comments?post=19069"}],"version-history":[{"count":2,"href":"https:\/\/www.institutleadership.ca\/montreal\/wp-json\/wp\/v2\/lp_course\/19069\/revisions"}],"predecessor-version":[{"id":19130,"href":"https:\/\/www.institutleadership.ca\/montreal\/wp-json\/wp\/v2\/lp_course\/19069\/revisions\/19130"}],"wp:featuredmedia":[{"embeddable":true,"href":"https:\/\/www.institutleadership.ca\/montreal\/wp-json\/wp\/v2\/media\/11315"}],"wp:attachment":[{"href":"https:\/\/www.institutleadership.ca\/montreal\/wp-json\/wp\/v2\/media?parent=19069"}],"wp:term":[{"taxonomy":"course_category","embeddable":true,"href":"https:\/\/www.institutleadership.ca\/montreal\/wp-json\/wp\/v2\/course_category?post=19069"},{"taxonomy":"course_tag","embeddable":true,"href":"https:\/\/www.institutleadership.ca\/montreal\/wp-json\/wp\/v2\/course_tag?post=19069"}],"curies":[{"name":"wp","href":"https:\/\/api.w.org\/{rel}","templated":true}]}}