{"id":19450,"date":"2026-03-13T15:03:02","date_gmt":"2026-03-13T19:03:02","guid":{"rendered":"https:\/\/www.institutleadership.ca\/montreal\/?post_type=lp_course&#038;p=19450"},"modified":"2026-04-01T10:40:59","modified_gmt":"2026-04-01T14:40:59","slug":"en-ligne-certification-en-gestion-de-projet-mercredis-am-octobre-2026","status":"publish","type":"lp_course","link":"https:\/\/www.institutleadership.ca\/montreal\/formations-certifications\/en-ligne-certification-en-gestion-de-projet-mercredis-am-octobre-2026\/","title":{"rendered":"En ligne &#8211; Certification en gestion de projet (mercredis am) : Octobre 2026"},"content":{"rendered":"<div id=\"page-content\">\n<h3><strong>En ligne \u2013 Certification en gestion de projet : <\/strong><strong>1 demi-journ\u00e9e de formation par semaine du mercredi 7 octobre au mercredi 9 d\u00e9cembre 2026 soit tous les mercredis AM de 8h30 \u00e0 12h00 pendant 10 semaines.<\/strong><\/h3>\n<h3><\/h3>\n<h3><strong>DESCRIPTIF DU COURS<\/strong><\/h3>\n<p data-pm-slice=\"1 1 []\">Dans un contexte o\u00f9 les organisations doivent constamment s&#8217;adapter \u00e0 un environnement en rapide \u00e9volution, la ma\u00eetrise des comp\u00e9tences en gestion de projets devient essentielle pour assurer leur r\u00e9ussite et leur p\u00e9rennit\u00e9. Ce programme propose une approche compl\u00e8te, combinant des m\u00e9thodologies \u00e9prouv\u00e9es, des strat\u00e9gies efficaces de leadership, et des pratiques avanc\u00e9es de gestion des risques, de communication et de suivi. Les participants seront \u00e9quip\u00e9s pour g\u00e9rer efficacement les d\u00e9fis uniques li\u00e9s aux projets et ainsi maximiser leur impact strat\u00e9gique et op\u00e9rationnel.<\/p>\n<p>Con\u00e7u sp\u00e9cifiquement pour les professionnels en charge d&#8217;\u00e9quipes, ce programme offre des outils concrets et des m\u00e9thodes imm\u00e9diatement applicables en entreprise. \u00c0 travers cinq modules approfondis, les participants exploreront les fondements de la gestion de projets, d\u00e9velopperont leurs comp\u00e9tences en leadership, apprendront \u00e0 anticiper et g\u00e9rer les risques, \u00e0 optimiser la communication avec les parties prenantes, et \u00e0 assurer un suivi rigoureux jusqu\u2019\u00e0 la cl\u00f4ture du projet. Cette formation vise \u00e0 renforcer la capacit\u00e9 des gestionnaires \u00e0 livrer des projets performants, innovants et align\u00e9s sur les objectifs strat\u00e9giques des entreprises.<\/p>\n<h3><strong>\u00c0 QUI S\u2019ADRESSE LA CERTIFICATION ?<\/strong><\/h3>\n<p>Cette certification s\u2019adresse aux professionnels, gestionnaires et responsables d\u2019\u00e9quipe qui jouent un r\u00f4le actif dans la planification, la coordination et le suivi de projets. Qu\u2019il s\u2019agisse de mieux planifier, d\u00e9l\u00e9guer, collaborer ou prendre des d\u00e9cisions dans un contexte en constante \u00e9volution, ce programme propose des outils concrets et des approches modernes pour gagner en efficacit\u00e9 et en impact dans ses projets.<\/p>\n<p>Le programme met un accent important sur les comp\u00e9tences humaines essentielles \u00e0 la r\u00e9ussite d\u2019un projet : communication claire, leadership mobilisateur, gestion des priorit\u00e9s et collaboration entre les parties prenantes.<\/p>\n<h3><strong>TRAVAIL D\u2019INT\u00c9GRATION<\/strong><\/h3>\n<p>Dans une logique d\u2019\u00e9valuation authentique, chaque participant devra r\u00e9aliser un travail d\u2019int\u00e9gration, consistant en la mise en \u0153uvre d\u2019un projet num\u00e9rique concret. Ce projet servira de preuve tangible de l\u2019acquisition des comp\u00e9tences, en reproduisant les conditions r\u00e9elles du milieu professionnel. Cette approche permet d\u2019\u00e9valuer non seulement les connaissances techniques, mais aussi la capacit\u00e9 \u00e0 les appliquer efficacement dans un contexte de travail.<\/p>\n<\/div>\n<p><strong>Tarif :<\/strong> 5 595$ + taxes. Des rabais sont offerts aux organismes \u00e0 but non lucratif (15%) et gouvernementaux (10%).<\/p>\n<div class=\"grid_12 \">\n<div class=\"grid_12 \">\n<p>Des tarifs avantageux sont aussi offerts lorsque trois participants ou plus, provenant d\u2019une m\u00eame entreprise, s\u2019inscrivent aux formations. Pour plus de d\u00e9tails, veuillez\u00a0<a href=\"https:\/\/www.institutleadership.ca\/montreal\/contact\/\">communiquer<\/a>\u00a0avec nous.<\/p>\n<p>*Frais d\u2019administration non remboursable (350$) en cas d\u2019annulation pour une inscription provenant d\u2019un pays autre que le Canada n\u00e9cessitant un visa d\u2019entr\u00e9e.<\/p>\n<\/div>\n<\/div>\n<div id=\"page-content\">\n<p>&nbsp;<\/p>\n<\/div>\n","protected":false},"excerpt":{"rendered":"<p>En ligne \u2013 Certification en gestion de projet : 1 demi-journ\u00e9e de formation par semaine du mercredi 7 octobre au mercredi 9 d\u00e9cembre 2026 soit tous les mercredis AM de 8h30 \u00e0 12h00 pendant 10 semaines. DESCRIPTIF DU COURS Dans &hellip; <\/p>\n","protected":false},"featured_media":11246,"comment_status":"closed","ping_status":"closed","template":"","course_category":[120],"course_tag":[],"yoast_head":"<!-- This site is optimized with the Yoast SEO plugin v20.6 - https:\/\/yoast.com\/wordpress\/plugins\/seo\/ -->\n<title>En ligne - Certification en gestion de projet (mercredis am) : Octobre 2026 - Canada - Institut de Leadership<\/title>\n<meta name=\"robots\" content=\"index, follow, max-snippet:-1, max-image-preview:large, max-video-preview:-1\" \/>\n<link rel=\"canonical\" href=\"https:\/\/www.institutleadership.ca\/montreal\/formations-certifications\/en-ligne-certification-en-gestion-de-projet-mercredis-am-octobre-2026\/\" \/>\n<meta property=\"og:locale\" content=\"fr_CA\" \/>\n<meta property=\"og:type\" content=\"article\" \/>\n<meta property=\"og:title\" content=\"En ligne - Certification en gestion de projet (mercredis am) : Octobre 2026 - Canada - Institut de Leadership\" \/>\n<meta property=\"og:description\" content=\"En ligne \u2013 Certification en gestion de projet : 1 demi-journ\u00e9e de formation par semaine du mercredi 7 octobre au mercredi 9 d\u00e9cembre 2026 soit tous les mercredis AM de 8h30 \u00e0 12h00 pendant 10 semaines. DESCRIPTIF DU COURS Dans &hellip;\" \/>\n<meta property=\"og:url\" content=\"https:\/\/www.institutleadership.ca\/montreal\/formations-certifications\/en-ligne-certification-en-gestion-de-projet-mercredis-am-octobre-2026\/\" \/>\n<meta property=\"og:site_name\" content=\"Canada - Institut de Leadership\" \/>\n<meta property=\"article:publisher\" content=\"https:\/\/www.facebook.com\/institutleadership\/\" \/>\n<meta property=\"article:modified_time\" content=\"2026-04-01T14:40:59+00:00\" \/>\n<meta property=\"og:image\" content=\"https:\/\/www.institutleadership.ca\/montreal\/wp-content\/uploads\/sites\/7\/2019\/05\/ca-mijote-institut-leadership-26-nov-low-res-10-300x200-1.jpg\" \/>\n\t<meta property=\"og:image:width\" content=\"300\" \/>\n\t<meta property=\"og:image:height\" content=\"200\" \/>\n\t<meta property=\"og:image:type\" content=\"image\/jpeg\" \/>\n<meta name=\"twitter:card\" content=\"summary_large_image\" \/>\n<meta name=\"twitter:label1\" content=\"Estimation du temps de lecture\" \/>\n\t<meta name=\"twitter:data1\" content=\"3 minutes\" \/>\n<script type=\"application\/ld+json\" class=\"yoast-schema-graph\">{\"@context\":\"https:\/\/schema.org\",\"@graph\":[{\"@type\":\"WebPage\",\"@id\":\"https:\/\/www.institutleadership.ca\/montreal\/formations-certifications\/en-ligne-certification-en-gestion-de-projet-mercredis-am-octobre-2026\/\",\"url\":\"https:\/\/www.institutleadership.ca\/montreal\/formations-certifications\/en-ligne-certification-en-gestion-de-projet-mercredis-am-octobre-2026\/\",\"name\":\"En ligne - Certification en gestion de projet (mercredis am) : Octobre 2026 - Canada - Institut de Leadership\",\"isPartOf\":{\"@id\":\"https:\/\/www.institutleadership.ca\/montreal\/#website\"},\"datePublished\":\"2026-03-13T19:03:02+00:00\",\"dateModified\":\"2026-04-01T14:40:59+00:00\",\"breadcrumb\":{\"@id\":\"https:\/\/www.institutleadership.ca\/montreal\/formations-certifications\/en-ligne-certification-en-gestion-de-projet-mercredis-am-octobre-2026\/#breadcrumb\"},\"inLanguage\":\"fr-CA\",\"potentialAction\":[{\"@type\":\"ReadAction\",\"target\":[\"https:\/\/www.institutleadership.ca\/montreal\/formations-certifications\/en-ligne-certification-en-gestion-de-projet-mercredis-am-octobre-2026\/\"]}]},{\"@type\":\"BreadcrumbList\",\"@id\":\"https:\/\/www.institutleadership.ca\/montreal\/formations-certifications\/en-ligne-certification-en-gestion-de-projet-mercredis-am-octobre-2026\/#breadcrumb\",\"itemListElement\":[{\"@type\":\"ListItem\",\"position\":1,\"name\":\"Accueil\",\"item\":\"https:\/\/www.institutleadership.ca\/montreal\/\"},{\"@type\":\"ListItem\",\"position\":2,\"name\":\"Courses\",\"item\":\"https:\/\/www.institutleadership.ca\/montreal\/formations-certifications\/\"},{\"@type\":\"ListItem\",\"position\":3,\"name\":\"En ligne &#8211; Certification en gestion de projet (mercredis am) : Octobre 2026\"}]},{\"@type\":\"WebSite\",\"@id\":\"https:\/\/www.institutleadership.ca\/montreal\/#website\",\"url\":\"https:\/\/www.institutleadership.ca\/montreal\/\",\"name\":\"Institut de leadership\",\"description\":\"Formations pour cadres et dirigeants\",\"publisher\":{\"@id\":\"https:\/\/www.institutleadership.ca\/montreal\/#organization\"},\"potentialAction\":[{\"@type\":\"SearchAction\",\"target\":{\"@type\":\"EntryPoint\",\"urlTemplate\":\"https:\/\/www.institutleadership.ca\/montreal\/?s={search_term_string}\"},\"query-input\":\"required name=search_term_string\"}],\"inLanguage\":\"fr-CA\"},{\"@type\":\"Organization\",\"@id\":\"https:\/\/www.institutleadership.ca\/montreal\/#organization\",\"name\":\"Institut de leadership\",\"url\":\"https:\/\/www.institutleadership.ca\/montreal\/\",\"logo\":{\"@type\":\"ImageObject\",\"inLanguage\":\"fr-CA\",\"@id\":\"https:\/\/www.institutleadership.ca\/montreal\/#\/schema\/logo\/image\/\",\"url\":\"https:\/\/www.institutleadership.ca\/montreal\/wp-content\/uploads\/sites\/7\/2019\/11\/Logo_Officiel-2-1.jpg\",\"contentUrl\":\"https:\/\/www.institutleadership.ca\/montreal\/wp-content\/uploads\/sites\/7\/2019\/11\/Logo_Officiel-2-1.jpg\",\"width\":2048,\"height\":1024,\"caption\":\"Institut de leadership\"},\"image\":{\"@id\":\"https:\/\/www.institutleadership.ca\/montreal\/#\/schema\/logo\/image\/\"},\"sameAs\":[\"https:\/\/www.facebook.com\/institutleadership\/\",\"https:\/\/www.linkedin.com\/school\/5305840\"]}]}<\/script>\n<!-- \/ Yoast SEO plugin. -->","yoast_head_json":{"title":"En ligne - Certification en gestion de projet (mercredis am) : Octobre 2026 - Canada - Institut de Leadership","robots":{"index":"index","follow":"follow","max-snippet":"max-snippet:-1","max-image-preview":"max-image-preview:large","max-video-preview":"max-video-preview:-1"},"canonical":"https:\/\/www.institutleadership.ca\/montreal\/formations-certifications\/en-ligne-certification-en-gestion-de-projet-mercredis-am-octobre-2026\/","og_locale":"fr_CA","og_type":"article","og_title":"En ligne - Certification en gestion de projet (mercredis am) : Octobre 2026 - Canada - Institut de Leadership","og_description":"En ligne \u2013 Certification en gestion de projet : 1 demi-journ\u00e9e de formation par semaine du mercredi 7 octobre au mercredi 9 d\u00e9cembre 2026 soit tous les mercredis AM de 8h30 \u00e0 12h00 pendant 10 semaines. DESCRIPTIF DU COURS Dans &hellip;","og_url":"https:\/\/www.institutleadership.ca\/montreal\/formations-certifications\/en-ligne-certification-en-gestion-de-projet-mercredis-am-octobre-2026\/","og_site_name":"Canada - Institut de Leadership","article_publisher":"https:\/\/www.facebook.com\/institutleadership\/","article_modified_time":"2026-04-01T14:40:59+00:00","og_image":[{"width":300,"height":200,"url":"https:\/\/www.institutleadership.ca\/montreal\/wp-content\/uploads\/sites\/7\/2019\/05\/ca-mijote-institut-leadership-26-nov-low-res-10-300x200-1.jpg","type":"image\/jpeg"}],"twitter_card":"summary_large_image","twitter_misc":{"Estimation du temps de lecture":"3 minutes"},"schema":{"@context":"https:\/\/schema.org","@graph":[{"@type":"WebPage","@id":"https:\/\/www.institutleadership.ca\/montreal\/formations-certifications\/en-ligne-certification-en-gestion-de-projet-mercredis-am-octobre-2026\/","url":"https:\/\/www.institutleadership.ca\/montreal\/formations-certifications\/en-ligne-certification-en-gestion-de-projet-mercredis-am-octobre-2026\/","name":"En ligne - Certification en gestion de projet (mercredis am) : Octobre 2026 - Canada - Institut de Leadership","isPartOf":{"@id":"https:\/\/www.institutleadership.ca\/montreal\/#website"},"datePublished":"2026-03-13T19:03:02+00:00","dateModified":"2026-04-01T14:40:59+00:00","breadcrumb":{"@id":"https:\/\/www.institutleadership.ca\/montreal\/formations-certifications\/en-ligne-certification-en-gestion-de-projet-mercredis-am-octobre-2026\/#breadcrumb"},"inLanguage":"fr-CA","potentialAction":[{"@type":"ReadAction","target":["https:\/\/www.institutleadership.ca\/montreal\/formations-certifications\/en-ligne-certification-en-gestion-de-projet-mercredis-am-octobre-2026\/"]}]},{"@type":"BreadcrumbList","@id":"https:\/\/www.institutleadership.ca\/montreal\/formations-certifications\/en-ligne-certification-en-gestion-de-projet-mercredis-am-octobre-2026\/#breadcrumb","itemListElement":[{"@type":"ListItem","position":1,"name":"Accueil","item":"https:\/\/www.institutleadership.ca\/montreal\/"},{"@type":"ListItem","position":2,"name":"Courses","item":"https:\/\/www.institutleadership.ca\/montreal\/formations-certifications\/"},{"@type":"ListItem","position":3,"name":"En ligne &#8211; Certification en gestion de projet (mercredis am) : Octobre 2026"}]},{"@type":"WebSite","@id":"https:\/\/www.institutleadership.ca\/montreal\/#website","url":"https:\/\/www.institutleadership.ca\/montreal\/","name":"Institut de leadership","description":"Formations pour cadres et dirigeants","publisher":{"@id":"https:\/\/www.institutleadership.ca\/montreal\/#organization"},"potentialAction":[{"@type":"SearchAction","target":{"@type":"EntryPoint","urlTemplate":"https:\/\/www.institutleadership.ca\/montreal\/?s={search_term_string}"},"query-input":"required name=search_term_string"}],"inLanguage":"fr-CA"},{"@type":"Organization","@id":"https:\/\/www.institutleadership.ca\/montreal\/#organization","name":"Institut de leadership","url":"https:\/\/www.institutleadership.ca\/montreal\/","logo":{"@type":"ImageObject","inLanguage":"fr-CA","@id":"https:\/\/www.institutleadership.ca\/montreal\/#\/schema\/logo\/image\/","url":"https:\/\/www.institutleadership.ca\/montreal\/wp-content\/uploads\/sites\/7\/2019\/11\/Logo_Officiel-2-1.jpg","contentUrl":"https:\/\/www.institutleadership.ca\/montreal\/wp-content\/uploads\/sites\/7\/2019\/11\/Logo_Officiel-2-1.jpg","width":2048,"height":1024,"caption":"Institut de leadership"},"image":{"@id":"https:\/\/www.institutleadership.ca\/montreal\/#\/schema\/logo\/image\/"},"sameAs":["https:\/\/www.facebook.com\/institutleadership\/","https:\/\/www.linkedin.com\/school\/5305840"]}]}},"_links":{"self":[{"href":"https:\/\/www.institutleadership.ca\/montreal\/wp-json\/wp\/v2\/lp_course\/19450"}],"collection":[{"href":"https:\/\/www.institutleadership.ca\/montreal\/wp-json\/wp\/v2\/lp_course"}],"about":[{"href":"https:\/\/www.institutleadership.ca\/montreal\/wp-json\/wp\/v2\/types\/lp_course"}],"replies":[{"embeddable":true,"href":"https:\/\/www.institutleadership.ca\/montreal\/wp-json\/wp\/v2\/comments?post=19450"}],"version-history":[{"count":5,"href":"https:\/\/www.institutleadership.ca\/montreal\/wp-json\/wp\/v2\/lp_course\/19450\/revisions"}],"predecessor-version":[{"id":19675,"href":"https:\/\/www.institutleadership.ca\/montreal\/wp-json\/wp\/v2\/lp_course\/19450\/revisions\/19675"}],"wp:featuredmedia":[{"embeddable":true,"href":"https:\/\/www.institutleadership.ca\/montreal\/wp-json\/wp\/v2\/media\/11246"}],"wp:attachment":[{"href":"https:\/\/www.institutleadership.ca\/montreal\/wp-json\/wp\/v2\/media?parent=19450"}],"wp:term":[{"taxonomy":"course_category","embeddable":true,"href":"https:\/\/www.institutleadership.ca\/montreal\/wp-json\/wp\/v2\/course_category?post=19450"},{"taxonomy":"course_tag","embeddable":true,"href":"https:\/\/www.institutleadership.ca\/montreal\/wp-json\/wp\/v2\/course_tag?post=19450"}],"curies":[{"name":"wp","href":"https:\/\/api.w.org\/{rel}","templated":true}]}}