{"id":19928,"date":"2026-04-30T11:03:22","date_gmt":"2026-04-30T15:03:22","guid":{"rendered":"https:\/\/www.institutleadership.ca\/montreal\/?post_type=lp_course&#038;p=19928"},"modified":"2026-04-30T11:17:59","modified_gmt":"2026-04-30T15:17:59","slug":"groupe-prive-en-ligne-federation-quebecoise-des-directions-detablissement-denseignement-certification-en-leadership-et-habiletes-de-direction-octobre-2026","status":"publish","type":"lp_course","link":"https:\/\/www.institutleadership.ca\/montreal\/formations-certifications\/groupe-prive-en-ligne-federation-quebecoise-des-directions-detablissement-denseignement-certification-en-leadership-et-habiletes-de-direction-octobre-2026\/","title":{"rendered":"Groupe priv\u00e9 &#8211; En ligne &#8211; F\u00e9d\u00e9ration Qu\u00e9b\u00e9coise des Directions d&#8217;\u00e9tablissement d&#8217;enseignement &#8211; Certification en leadership et habilet\u00e9s de direction : Octobre 2026"},"content":{"rendered":"<div id=\"page-content\">\n<div style=\"padding: 56.25% 0 0 0; position: relative;\"><iframe style=\"position: absolute; top: 0; left: 0; width: 100%; height: 100%;\" src=\"https:\/\/player.vimeo.com\/video\/452879439\" frameborder=\"0\" allowfullscreen=\"allowfullscreen\"><span data-mce-type=\"bookmark\" style=\"display: inline-block; width: 0px; overflow: hidden; line-height: 0;\" class=\"mce_SELRES_start\">\ufeff<\/span><\/iframe><\/div>\n<p><script src=\"https:\/\/player.vimeo.com\/api\/player.js\"><\/script><\/p>\n<\/div>\n<h3>Groupe priv\u00e9 &#8211; En ligne &#8211; F\u00e9d\u00e9ration Qu\u00e9b\u00e9coise des Directions d&#8217;\u00e9tablissement d&#8217;enseignement &#8211; Certification en leadership et habilet\u00e9s de direction :<\/h3>\n<h3><strong>2 DEMI-JOURN\u00c9ES DE FORMATION PAR SEMAINE DU <b>MARDI<\/b>\u00a0<b>20 OCTOBRE au JEUDI 19 NOVEMBRE <\/b>2026 PENDANT 5 SEMAINES.<\/strong><\/h3>\n<div>Horaire :<\/div>\n<div>\n<ul>\n<li><b>les mardis<\/b>\u00a0de 8 h 30 \u00e0 13 h<\/li>\n<li><b>les jeudis<\/b>\u00a0de 8 h 30 \u00e0 11 h30<\/li>\n<\/ul>\n<\/div>\n<h3>DESCRIPTIF DU COURS<\/h3>\n<p>Seul dans son genre, ce programme de certification en leadership et habilet\u00e9s de direction a \u00e9t\u00e9 \u00e9labor\u00e9 en collaboration avec des enseignants universitaires et des chefs de file dans leur milieu. Offert conjointement avec la Formation continue de l&#8217;Universit\u00e9 Concordia, chaque participant aura l\u2019opportunit\u00e9 de rencontrer et d\u2019apprendre les meilleures strat\u00e9gies provenant d\u2019au moins quinze intervenants diff\u00e9rents au cours de ce programme \u00e9lite. Ce programme est \u00e9galement reconnu officiellement par diff\u00e9rentes organisations du Qu\u00e9bec.<\/p>\n<p>Cette certification a pour objectif principal de d\u00e9velopper des leaders efficaces aptes \u00e0 mobiliser des \u00e9quipes, \u00e0 r\u00e9gler des conflits, \u00e0 affronter le changement avec comp\u00e9tence et \u00e0 relever les d\u00e9fis auxquels leur propre organisation est confront\u00e9e.<\/p>\n<p>Formations pertinentes et reconnues (\u00e9tudes de cas, tendances, meilleures pratiques, etc.), et opportunit\u00e9 d\u2019agrandir son r\u00e9seau de fa\u00e7on importante.<\/p>\n<h3><b>TRAVAIL D\u2019INT\u00c9GRATION<\/b><\/h3>\n<p>Un travail d\u2019int\u00e9gration est obligatoire \u00e0 l\u2019obtention de la Certification. Ce travail est \u00e0 faire \u00e0 la suite\u00a0de la formation. Vous aurez 3 semaines pour le compl\u00e9ter. Il s\u2019agit d\u2019une r\u00e9flexion personnelle, l\u2019objectif est de faire le lien entre les apprentissages vus en formation et votre r\u00e9alit\u00e9 \u00e0 titre de gestionnaire dans votre organisation.<\/p>\n<p><strong>Tarif :<\/strong> 1 995$ + taxes.<\/p>\n<div class=\"grid_12 \">\n<div class=\"grid_12 \">\n<p>&nbsp;<\/p>\n<p>&nbsp;<\/p>\n<\/div>\n<\/div>\n<p>&nbsp;<\/p>\n<p>&nbsp;<\/p>\n","protected":false},"excerpt":{"rendered":"<p>\ufeff Groupe priv\u00e9 &#8211; En ligne &#8211; F\u00e9d\u00e9ration Qu\u00e9b\u00e9coise des Directions d&#8217;\u00e9tablissement d&#8217;enseignement &#8211; Certification en leadership et habilet\u00e9s de direction : 2 DEMI-JOURN\u00c9ES DE FORMATION PAR SEMAINE DU MARDI\u00a020 OCTOBRE au JEUDI 19 NOVEMBRE 2026 PENDANT 5 SEMAINES. Horaire &hellip; <\/p>\n","protected":false},"featured_media":11314,"comment_status":"closed","ping_status":"closed","template":"","course_category":[],"course_tag":[],"yoast_head":"<!-- This site is optimized with the Yoast SEO plugin v20.6 - https:\/\/yoast.com\/wordpress\/plugins\/seo\/ -->\n<title>Groupe priv\u00e9 - En ligne - F\u00e9d\u00e9ration Qu\u00e9b\u00e9coise des Directions d&#039;\u00e9tablissement d&#039;enseignement - Certification en leadership et habilet\u00e9s de direction : Octobre 2026 - Canada - Institut de Leadership<\/title>\n<meta name=\"robots\" content=\"index, follow, max-snippet:-1, max-image-preview:large, max-video-preview:-1\" \/>\n<link rel=\"canonical\" href=\"https:\/\/www.institutleadership.ca\/montreal\/formations-certifications\/groupe-prive-en-ligne-federation-quebecoise-des-directions-detablissement-denseignement-certification-en-leadership-et-habiletes-de-direction-octobre-2026\/\" \/>\n<meta property=\"og:locale\" content=\"fr_CA\" \/>\n<meta property=\"og:type\" content=\"article\" \/>\n<meta property=\"og:title\" content=\"Groupe priv\u00e9 - En ligne - F\u00e9d\u00e9ration Qu\u00e9b\u00e9coise des Directions d&#039;\u00e9tablissement d&#039;enseignement - Certification en leadership et habilet\u00e9s de direction : Octobre 2026 - Canada - Institut de Leadership\" \/>\n<meta property=\"og:description\" content=\"\ufeff Groupe priv\u00e9 &#8211; En ligne &#8211; F\u00e9d\u00e9ration Qu\u00e9b\u00e9coise des Directions d&#8217;\u00e9tablissement d&#8217;enseignement &#8211; Certification en leadership et habilet\u00e9s de direction : 2 DEMI-JOURN\u00c9ES DE FORMATION PAR SEMAINE DU MARDI\u00a020 OCTOBRE au JEUDI 19 NOVEMBRE 2026 PENDANT 5 SEMAINES. Horaire &hellip;\" \/>\n<meta property=\"og:url\" content=\"https:\/\/www.institutleadership.ca\/montreal\/formations-certifications\/groupe-prive-en-ligne-federation-quebecoise-des-directions-detablissement-denseignement-certification-en-leadership-et-habiletes-de-direction-octobre-2026\/\" \/>\n<meta property=\"og:site_name\" content=\"Canada - Institut de Leadership\" \/>\n<meta property=\"article:publisher\" content=\"https:\/\/www.facebook.com\/institutleadership\/\" \/>\n<meta property=\"article:modified_time\" content=\"2026-04-30T15:17:59+00:00\" \/>\n<meta property=\"og:image\" content=\"https:\/\/www.institutleadership.ca\/montreal\/wp-content\/uploads\/sites\/7\/2019\/06\/LISE-WATIER-CADRE-8-copy-1.jpg\" \/>\n\t<meta property=\"og:image:width\" content=\"2048\" \/>\n\t<meta property=\"og:image:height\" content=\"1365\" \/>\n\t<meta property=\"og:image:type\" content=\"image\/jpeg\" \/>\n<meta name=\"twitter:card\" content=\"summary_large_image\" \/>\n<meta name=\"twitter:label1\" content=\"Estimation du temps de lecture\" \/>\n\t<meta name=\"twitter:data1\" content=\"2 minutes\" \/>\n<script type=\"application\/ld+json\" class=\"yoast-schema-graph\">{\"@context\":\"https:\/\/schema.org\",\"@graph\":[{\"@type\":\"WebPage\",\"@id\":\"https:\/\/www.institutleadership.ca\/montreal\/formations-certifications\/groupe-prive-en-ligne-federation-quebecoise-des-directions-detablissement-denseignement-certification-en-leadership-et-habiletes-de-direction-octobre-2026\/\",\"url\":\"https:\/\/www.institutleadership.ca\/montreal\/formations-certifications\/groupe-prive-en-ligne-federation-quebecoise-des-directions-detablissement-denseignement-certification-en-leadership-et-habiletes-de-direction-octobre-2026\/\",\"name\":\"Groupe priv\u00e9 - En ligne - F\u00e9d\u00e9ration Qu\u00e9b\u00e9coise des Directions d'\u00e9tablissement d'enseignement - Certification en leadership et habilet\u00e9s de direction : Octobre 2026 - Canada - Institut de Leadership\",\"isPartOf\":{\"@id\":\"https:\/\/www.institutleadership.ca\/montreal\/#website\"},\"datePublished\":\"2026-04-30T15:03:22+00:00\",\"dateModified\":\"2026-04-30T15:17:59+00:00\",\"breadcrumb\":{\"@id\":\"https:\/\/www.institutleadership.ca\/montreal\/formations-certifications\/groupe-prive-en-ligne-federation-quebecoise-des-directions-detablissement-denseignement-certification-en-leadership-et-habiletes-de-direction-octobre-2026\/#breadcrumb\"},\"inLanguage\":\"fr-CA\",\"potentialAction\":[{\"@type\":\"ReadAction\",\"target\":[\"https:\/\/www.institutleadership.ca\/montreal\/formations-certifications\/groupe-prive-en-ligne-federation-quebecoise-des-directions-detablissement-denseignement-certification-en-leadership-et-habiletes-de-direction-octobre-2026\/\"]}]},{\"@type\":\"BreadcrumbList\",\"@id\":\"https:\/\/www.institutleadership.ca\/montreal\/formations-certifications\/groupe-prive-en-ligne-federation-quebecoise-des-directions-detablissement-denseignement-certification-en-leadership-et-habiletes-de-direction-octobre-2026\/#breadcrumb\",\"itemListElement\":[{\"@type\":\"ListItem\",\"position\":1,\"name\":\"Accueil\",\"item\":\"https:\/\/www.institutleadership.ca\/montreal\/\"},{\"@type\":\"ListItem\",\"position\":2,\"name\":\"Courses\",\"item\":\"https:\/\/www.institutleadership.ca\/montreal\/formations-certifications\/\"},{\"@type\":\"ListItem\",\"position\":3,\"name\":\"Groupe priv\u00e9 &#8211; En ligne &#8211; F\u00e9d\u00e9ration Qu\u00e9b\u00e9coise des Directions d&#8217;\u00e9tablissement d&#8217;enseignement &#8211; Certification en leadership et habilet\u00e9s de direction : Octobre 2026\"}]},{\"@type\":\"WebSite\",\"@id\":\"https:\/\/www.institutleadership.ca\/montreal\/#website\",\"url\":\"https:\/\/www.institutleadership.ca\/montreal\/\",\"name\":\"Institut de leadership\",\"description\":\"Formations pour cadres et dirigeants\",\"publisher\":{\"@id\":\"https:\/\/www.institutleadership.ca\/montreal\/#organization\"},\"potentialAction\":[{\"@type\":\"SearchAction\",\"target\":{\"@type\":\"EntryPoint\",\"urlTemplate\":\"https:\/\/www.institutleadership.ca\/montreal\/?s={search_term_string}\"},\"query-input\":\"required name=search_term_string\"}],\"inLanguage\":\"fr-CA\"},{\"@type\":\"Organization\",\"@id\":\"https:\/\/www.institutleadership.ca\/montreal\/#organization\",\"name\":\"Institut de leadership\",\"url\":\"https:\/\/www.institutleadership.ca\/montreal\/\",\"logo\":{\"@type\":\"ImageObject\",\"inLanguage\":\"fr-CA\",\"@id\":\"https:\/\/www.institutleadership.ca\/montreal\/#\/schema\/logo\/image\/\",\"url\":\"https:\/\/www.institutleadership.ca\/montreal\/wp-content\/uploads\/sites\/7\/2019\/11\/Logo_Officiel-2-1.jpg\",\"contentUrl\":\"https:\/\/www.institutleadership.ca\/montreal\/wp-content\/uploads\/sites\/7\/2019\/11\/Logo_Officiel-2-1.jpg\",\"width\":2048,\"height\":1024,\"caption\":\"Institut de leadership\"},\"image\":{\"@id\":\"https:\/\/www.institutleadership.ca\/montreal\/#\/schema\/logo\/image\/\"},\"sameAs\":[\"https:\/\/www.facebook.com\/institutleadership\/\",\"https:\/\/www.linkedin.com\/school\/5305840\"]}]}<\/script>\n<!-- \/ Yoast SEO plugin. -->","yoast_head_json":{"title":"Groupe priv\u00e9 - En ligne - F\u00e9d\u00e9ration Qu\u00e9b\u00e9coise des Directions d'\u00e9tablissement d'enseignement - Certification en leadership et habilet\u00e9s de direction : Octobre 2026 - Canada - Institut de Leadership","robots":{"index":"index","follow":"follow","max-snippet":"max-snippet:-1","max-image-preview":"max-image-preview:large","max-video-preview":"max-video-preview:-1"},"canonical":"https:\/\/www.institutleadership.ca\/montreal\/formations-certifications\/groupe-prive-en-ligne-federation-quebecoise-des-directions-detablissement-denseignement-certification-en-leadership-et-habiletes-de-direction-octobre-2026\/","og_locale":"fr_CA","og_type":"article","og_title":"Groupe priv\u00e9 - En ligne - F\u00e9d\u00e9ration Qu\u00e9b\u00e9coise des Directions d'\u00e9tablissement d'enseignement - Certification en leadership et habilet\u00e9s de direction : Octobre 2026 - Canada - Institut de Leadership","og_description":"\ufeff Groupe priv\u00e9 &#8211; En ligne &#8211; F\u00e9d\u00e9ration Qu\u00e9b\u00e9coise des Directions d&#8217;\u00e9tablissement d&#8217;enseignement &#8211; Certification en leadership et habilet\u00e9s de direction : 2 DEMI-JOURN\u00c9ES DE FORMATION PAR SEMAINE DU MARDI\u00a020 OCTOBRE au JEUDI 19 NOVEMBRE 2026 PENDANT 5 SEMAINES. Horaire &hellip;","og_url":"https:\/\/www.institutleadership.ca\/montreal\/formations-certifications\/groupe-prive-en-ligne-federation-quebecoise-des-directions-detablissement-denseignement-certification-en-leadership-et-habiletes-de-direction-octobre-2026\/","og_site_name":"Canada - Institut de Leadership","article_publisher":"https:\/\/www.facebook.com\/institutleadership\/","article_modified_time":"2026-04-30T15:17:59+00:00","og_image":[{"width":2048,"height":1365,"url":"https:\/\/www.institutleadership.ca\/montreal\/wp-content\/uploads\/sites\/7\/2019\/06\/LISE-WATIER-CADRE-8-copy-1.jpg","type":"image\/jpeg"}],"twitter_card":"summary_large_image","twitter_misc":{"Estimation du temps de lecture":"2 minutes"},"schema":{"@context":"https:\/\/schema.org","@graph":[{"@type":"WebPage","@id":"https:\/\/www.institutleadership.ca\/montreal\/formations-certifications\/groupe-prive-en-ligne-federation-quebecoise-des-directions-detablissement-denseignement-certification-en-leadership-et-habiletes-de-direction-octobre-2026\/","url":"https:\/\/www.institutleadership.ca\/montreal\/formations-certifications\/groupe-prive-en-ligne-federation-quebecoise-des-directions-detablissement-denseignement-certification-en-leadership-et-habiletes-de-direction-octobre-2026\/","name":"Groupe priv\u00e9 - En ligne - F\u00e9d\u00e9ration Qu\u00e9b\u00e9coise des Directions d'\u00e9tablissement d'enseignement - Certification en leadership et habilet\u00e9s de direction : Octobre 2026 - Canada - Institut de Leadership","isPartOf":{"@id":"https:\/\/www.institutleadership.ca\/montreal\/#website"},"datePublished":"2026-04-30T15:03:22+00:00","dateModified":"2026-04-30T15:17:59+00:00","breadcrumb":{"@id":"https:\/\/www.institutleadership.ca\/montreal\/formations-certifications\/groupe-prive-en-ligne-federation-quebecoise-des-directions-detablissement-denseignement-certification-en-leadership-et-habiletes-de-direction-octobre-2026\/#breadcrumb"},"inLanguage":"fr-CA","potentialAction":[{"@type":"ReadAction","target":["https:\/\/www.institutleadership.ca\/montreal\/formations-certifications\/groupe-prive-en-ligne-federation-quebecoise-des-directions-detablissement-denseignement-certification-en-leadership-et-habiletes-de-direction-octobre-2026\/"]}]},{"@type":"BreadcrumbList","@id":"https:\/\/www.institutleadership.ca\/montreal\/formations-certifications\/groupe-prive-en-ligne-federation-quebecoise-des-directions-detablissement-denseignement-certification-en-leadership-et-habiletes-de-direction-octobre-2026\/#breadcrumb","itemListElement":[{"@type":"ListItem","position":1,"name":"Accueil","item":"https:\/\/www.institutleadership.ca\/montreal\/"},{"@type":"ListItem","position":2,"name":"Courses","item":"https:\/\/www.institutleadership.ca\/montreal\/formations-certifications\/"},{"@type":"ListItem","position":3,"name":"Groupe priv\u00e9 &#8211; En ligne &#8211; F\u00e9d\u00e9ration Qu\u00e9b\u00e9coise des Directions d&#8217;\u00e9tablissement d&#8217;enseignement &#8211; Certification en leadership et habilet\u00e9s de direction : Octobre 2026"}]},{"@type":"WebSite","@id":"https:\/\/www.institutleadership.ca\/montreal\/#website","url":"https:\/\/www.institutleadership.ca\/montreal\/","name":"Institut de leadership","description":"Formations pour cadres et dirigeants","publisher":{"@id":"https:\/\/www.institutleadership.ca\/montreal\/#organization"},"potentialAction":[{"@type":"SearchAction","target":{"@type":"EntryPoint","urlTemplate":"https:\/\/www.institutleadership.ca\/montreal\/?s={search_term_string}"},"query-input":"required name=search_term_string"}],"inLanguage":"fr-CA"},{"@type":"Organization","@id":"https:\/\/www.institutleadership.ca\/montreal\/#organization","name":"Institut de leadership","url":"https:\/\/www.institutleadership.ca\/montreal\/","logo":{"@type":"ImageObject","inLanguage":"fr-CA","@id":"https:\/\/www.institutleadership.ca\/montreal\/#\/schema\/logo\/image\/","url":"https:\/\/www.institutleadership.ca\/montreal\/wp-content\/uploads\/sites\/7\/2019\/11\/Logo_Officiel-2-1.jpg","contentUrl":"https:\/\/www.institutleadership.ca\/montreal\/wp-content\/uploads\/sites\/7\/2019\/11\/Logo_Officiel-2-1.jpg","width":2048,"height":1024,"caption":"Institut de leadership"},"image":{"@id":"https:\/\/www.institutleadership.ca\/montreal\/#\/schema\/logo\/image\/"},"sameAs":["https:\/\/www.facebook.com\/institutleadership\/","https:\/\/www.linkedin.com\/school\/5305840"]}]}},"_links":{"self":[{"href":"https:\/\/www.institutleadership.ca\/montreal\/wp-json\/wp\/v2\/lp_course\/19928"}],"collection":[{"href":"https:\/\/www.institutleadership.ca\/montreal\/wp-json\/wp\/v2\/lp_course"}],"about":[{"href":"https:\/\/www.institutleadership.ca\/montreal\/wp-json\/wp\/v2\/types\/lp_course"}],"replies":[{"embeddable":true,"href":"https:\/\/www.institutleadership.ca\/montreal\/wp-json\/wp\/v2\/comments?post=19928"}],"version-history":[{"count":3,"href":"https:\/\/www.institutleadership.ca\/montreal\/wp-json\/wp\/v2\/lp_course\/19928\/revisions"}],"predecessor-version":[{"id":19931,"href":"https:\/\/www.institutleadership.ca\/montreal\/wp-json\/wp\/v2\/lp_course\/19928\/revisions\/19931"}],"wp:featuredmedia":[{"embeddable":true,"href":"https:\/\/www.institutleadership.ca\/montreal\/wp-json\/wp\/v2\/media\/11314"}],"wp:attachment":[{"href":"https:\/\/www.institutleadership.ca\/montreal\/wp-json\/wp\/v2\/media?parent=19928"}],"wp:term":[{"taxonomy":"course_category","embeddable":true,"href":"https:\/\/www.institutleadership.ca\/montreal\/wp-json\/wp\/v2\/course_category?post=19928"},{"taxonomy":"course_tag","embeddable":true,"href":"https:\/\/www.institutleadership.ca\/montreal\/wp-json\/wp\/v2\/course_tag?post=19928"}],"curies":[{"name":"wp","href":"https:\/\/api.w.org\/{rel}","templated":true}]}}