{"id":20953,"date":"2026-09-01T16:43:28","date_gmt":"2026-09-01T20:43:28","guid":{"rendered":"https:\/\/www.institutleadership.ca\/montreal\/?post_type=lp_course&#038;p=20953"},"modified":"2026-09-01T16:51:20","modified_gmt":"2026-09-01T20:51:20","slug":"en-presentiel-intelligence-emotionnelle-decembre-2026","status":"publish","type":"lp_course","link":"https:\/\/www.institutleadership.ca\/montreal\/formations-certifications\/en-presentiel-intelligence-emotionnelle-decembre-2026\/","title":{"rendered":"En pr\u00e9sentiel \u2013 Intelligence \u00e9motionnelle &#8211; D\u00e9cembre 2026"},"content":{"rendered":"<div id=\"page-content\">\n<h3>En pr\u00e9sentiel \u2013 Intelligence \u00e9motionnelle : lundi 7 et mardi 8 d\u00e9cembre de 8h30 \u00e0 17h.<\/h3>\n<\/div>\n<div id=\"page-content\">\n<h3>DESCRIPTIF DU COURS<\/h3>\n<p>Dans un environnement o\u00f9 les leaders doivent composer avec des situations exigeantes, des changements constants et des dynamiques humaines complexes, savoir reconna\u00eetre et g\u00e9rer ses propres \u00e9motions devient une comp\u00e9tence essentielle. Mais l\u2019intelligence \u00e9motionnelle va plus loin : elle permet \u00e9galement de mieux comprendre les r\u00e9actions et les besoins des autres, d\u2019adapter sa communication et de cr\u00e9er les conditions favorisant la confiance, la collaboration et la mobilisation.<\/p>\n<p>\u00c0 travers diff\u00e9rentes th\u00e9matiques telles que la connaissance de soi, la r\u00e9gulation des \u00e9motions, la gestion du stress, la motivation, l\u2019empathie, l\u2019\u00e9coute et les conversations d\u00e9licates, ce parcours propose une approche concr\u00e8te permettant aux participants de d\u00e9velopper une posture de leadership \u00e0 la fois consciente, humaine et efficace.<\/p>\n<h3><b>\u00c0 QUI S\u2019ADRESSE LA FORMATION ?<\/b><\/h3>\n<p>Cette formation s\u2019adresse aux gestionnaires et dirigeants qui souhaitent mieux comprendre l\u2019influence des \u00e9motions sur leur leadership et d\u00e9velopper leur capacit\u00e9 \u00e0 intervenir efficacement dans diff\u00e9rentes situations professionnelles.<\/p>\n<p>Elle est particuli\u00e8rement pertinente pour les personnes souhaitant :<\/p>\n<ul>\n<li>D\u00e9velopper une meilleure connaissance de soi et de leurs r\u00e9actions<\/li>\n<li>Renforcer leur capacit\u00e9 \u00e0 g\u00e9rer le stress et les situations \u00e9motionnellement exigeantes<\/li>\n<li>Am\u00e9liorer la qualit\u00e9 de leurs relations et de leur communication<\/li>\n<li>Cr\u00e9er un climat favorisant la confiance, la collaboration et la mobilisation.<\/li>\n<\/ul>\n<p><strong>Tarif :<\/strong> 1 995 $ + taxes.<\/p>\n<p>Des rabais sont offerts aux organismes \u00e0 but non lucratif (15 %) et gouvernementaux (10 %).<\/p>\n<p>Les journ\u00e9es de formation sont admissibles \u00e0 la Loi du 1 % pour la formation de la main-d\u2019\u0153uvre.<\/p>\n<p>Des tarifs avantageux sont aussi offerts lorsque trois participants ou plus, provenant d\u2019une m\u00eame entreprise, s\u2019inscrivent aux formations. Pour plus de d\u00e9tails, veuillez\u00a0<a href=\"https:\/\/www.institutleadership.ca\/montreal\/contact\/\">communiquer<\/a>\u00a0avec nous.<\/p>\n<\/div>\n","protected":false},"excerpt":{"rendered":"<p>En pr\u00e9sentiel \u2013 Intelligence \u00e9motionnelle : lundi 7 et mardi 8 d\u00e9cembre de 8h30 \u00e0 17h. DESCRIPTIF DU COURS Dans un environnement o\u00f9 les leaders doivent composer avec des situations exigeantes, des changements constants et des dynamiques humaines complexes, savoir &hellip; <\/p>\n","protected":false},"featured_media":11428,"comment_status":"closed","ping_status":"closed","template":"","course_category":[132],"course_tag":[],"yoast_head":"<!-- This site is optimized with the Yoast SEO plugin v20.6 - https:\/\/yoast.com\/wordpress\/plugins\/seo\/ -->\n<title>En pr\u00e9sentiel \u2013 Intelligence \u00e9motionnelle - D\u00e9cembre 2026 - Canada - Institut de Leadership<\/title>\n<meta name=\"robots\" content=\"index, follow, max-snippet:-1, max-image-preview:large, max-video-preview:-1\" \/>\n<link rel=\"canonical\" href=\"https:\/\/www.institutleadership.ca\/montreal\/formations-certifications\/en-presentiel-intelligence-emotionnelle-decembre-2026\/\" \/>\n<meta property=\"og:locale\" content=\"fr_CA\" \/>\n<meta property=\"og:type\" content=\"article\" \/>\n<meta property=\"og:title\" content=\"En pr\u00e9sentiel \u2013 Intelligence \u00e9motionnelle - D\u00e9cembre 2026 - Canada - Institut de Leadership\" \/>\n<meta property=\"og:description\" content=\"En pr\u00e9sentiel \u2013 Intelligence \u00e9motionnelle : lundi 7 et mardi 8 d\u00e9cembre de 8h30 \u00e0 17h. DESCRIPTIF DU COURS Dans un environnement o\u00f9 les leaders doivent composer avec des situations exigeantes, des changements constants et des dynamiques humaines complexes, savoir &hellip;\" \/>\n<meta property=\"og:url\" content=\"https:\/\/www.institutleadership.ca\/montreal\/formations-certifications\/en-presentiel-intelligence-emotionnelle-decembre-2026\/\" \/>\n<meta property=\"og:site_name\" content=\"Canada - Institut de Leadership\" \/>\n<meta property=\"article:publisher\" content=\"https:\/\/www.facebook.com\/institutleadership\/\" \/>\n<meta property=\"article:modified_time\" content=\"2026-09-01T20:51:20+00:00\" \/>\n<meta property=\"og:image\" content=\"https:\/\/www.institutleadership.ca\/montreal\/wp-content\/uploads\/sites\/7\/2019\/08\/DSC_2217.jpg\" \/>\n\t<meta property=\"og:image:width\" content=\"1840\" \/>\n\t<meta property=\"og:image:height\" content=\"1228\" \/>\n\t<meta property=\"og:image:type\" content=\"image\/jpeg\" \/>\n<meta name=\"twitter:card\" content=\"summary_large_image\" \/>\n<meta name=\"twitter:label1\" content=\"Estimation du temps de lecture\" \/>\n\t<meta name=\"twitter:data1\" content=\"2 minutes\" \/>\n<script type=\"application\/ld+json\" class=\"yoast-schema-graph\">{\"@context\":\"https:\/\/schema.org\",\"@graph\":[{\"@type\":\"WebPage\",\"@id\":\"https:\/\/www.institutleadership.ca\/montreal\/formations-certifications\/en-presentiel-intelligence-emotionnelle-decembre-2026\/\",\"url\":\"https:\/\/www.institutleadership.ca\/montreal\/formations-certifications\/en-presentiel-intelligence-emotionnelle-decembre-2026\/\",\"name\":\"En pr\u00e9sentiel \u2013 Intelligence \u00e9motionnelle - D\u00e9cembre 2026 - Canada - Institut de Leadership\",\"isPartOf\":{\"@id\":\"https:\/\/www.institutleadership.ca\/montreal\/#website\"},\"datePublished\":\"2026-09-01T20:43:28+00:00\",\"dateModified\":\"2026-09-01T20:51:20+00:00\",\"breadcrumb\":{\"@id\":\"https:\/\/www.institutleadership.ca\/montreal\/formations-certifications\/en-presentiel-intelligence-emotionnelle-decembre-2026\/#breadcrumb\"},\"inLanguage\":\"fr-CA\",\"potentialAction\":[{\"@type\":\"ReadAction\",\"target\":[\"https:\/\/www.institutleadership.ca\/montreal\/formations-certifications\/en-presentiel-intelligence-emotionnelle-decembre-2026\/\"]}]},{\"@type\":\"BreadcrumbList\",\"@id\":\"https:\/\/www.institutleadership.ca\/montreal\/formations-certifications\/en-presentiel-intelligence-emotionnelle-decembre-2026\/#breadcrumb\",\"itemListElement\":[{\"@type\":\"ListItem\",\"position\":1,\"name\":\"Accueil\",\"item\":\"https:\/\/www.institutleadership.ca\/montreal\/\"},{\"@type\":\"ListItem\",\"position\":2,\"name\":\"Courses\",\"item\":\"https:\/\/www.institutleadership.ca\/montreal\/formations-certifications\/\"},{\"@type\":\"ListItem\",\"position\":3,\"name\":\"En pr\u00e9sentiel \u2013 Intelligence \u00e9motionnelle &#8211; D\u00e9cembre 2026\"}]},{\"@type\":\"WebSite\",\"@id\":\"https:\/\/www.institutleadership.ca\/montreal\/#website\",\"url\":\"https:\/\/www.institutleadership.ca\/montreal\/\",\"name\":\"Institut de leadership\",\"description\":\"Formations pour cadres et dirigeants\",\"publisher\":{\"@id\":\"https:\/\/www.institutleadership.ca\/montreal\/#organization\"},\"potentialAction\":[{\"@type\":\"SearchAction\",\"target\":{\"@type\":\"EntryPoint\",\"urlTemplate\":\"https:\/\/www.institutleadership.ca\/montreal\/?s={search_term_string}\"},\"query-input\":\"required name=search_term_string\"}],\"inLanguage\":\"fr-CA\"},{\"@type\":\"Organization\",\"@id\":\"https:\/\/www.institutleadership.ca\/montreal\/#organization\",\"name\":\"Institut de leadership\",\"url\":\"https:\/\/www.institutleadership.ca\/montreal\/\",\"logo\":{\"@type\":\"ImageObject\",\"inLanguage\":\"fr-CA\",\"@id\":\"https:\/\/www.institutleadership.ca\/montreal\/#\/schema\/logo\/image\/\",\"url\":\"https:\/\/www.institutleadership.ca\/montreal\/wp-content\/uploads\/sites\/7\/2019\/11\/Logo_Officiel-2-1.jpg\",\"contentUrl\":\"https:\/\/www.institutleadership.ca\/montreal\/wp-content\/uploads\/sites\/7\/2019\/11\/Logo_Officiel-2-1.jpg\",\"width\":2048,\"height\":1024,\"caption\":\"Institut de leadership\"},\"image\":{\"@id\":\"https:\/\/www.institutleadership.ca\/montreal\/#\/schema\/logo\/image\/\"},\"sameAs\":[\"https:\/\/www.facebook.com\/institutleadership\/\",\"https:\/\/www.linkedin.com\/school\/5305840\"]}]}<\/script>\n<!-- \/ Yoast SEO plugin. -->","yoast_head_json":{"title":"En pr\u00e9sentiel \u2013 Intelligence \u00e9motionnelle - D\u00e9cembre 2026 - Canada - Institut de Leadership","robots":{"index":"index","follow":"follow","max-snippet":"max-snippet:-1","max-image-preview":"max-image-preview:large","max-video-preview":"max-video-preview:-1"},"canonical":"https:\/\/www.institutleadership.ca\/montreal\/formations-certifications\/en-presentiel-intelligence-emotionnelle-decembre-2026\/","og_locale":"fr_CA","og_type":"article","og_title":"En pr\u00e9sentiel \u2013 Intelligence \u00e9motionnelle - D\u00e9cembre 2026 - Canada - Institut de Leadership","og_description":"En pr\u00e9sentiel \u2013 Intelligence \u00e9motionnelle : lundi 7 et mardi 8 d\u00e9cembre de 8h30 \u00e0 17h. DESCRIPTIF DU COURS Dans un environnement o\u00f9 les leaders doivent composer avec des situations exigeantes, des changements constants et des dynamiques humaines complexes, savoir &hellip;","og_url":"https:\/\/www.institutleadership.ca\/montreal\/formations-certifications\/en-presentiel-intelligence-emotionnelle-decembre-2026\/","og_site_name":"Canada - Institut de Leadership","article_publisher":"https:\/\/www.facebook.com\/institutleadership\/","article_modified_time":"2026-09-01T20:51:20+00:00","og_image":[{"width":1840,"height":1228,"url":"https:\/\/www.institutleadership.ca\/montreal\/wp-content\/uploads\/sites\/7\/2019\/08\/DSC_2217.jpg","type":"image\/jpeg"}],"twitter_card":"summary_large_image","twitter_misc":{"Estimation du temps de lecture":"2 minutes"},"schema":{"@context":"https:\/\/schema.org","@graph":[{"@type":"WebPage","@id":"https:\/\/www.institutleadership.ca\/montreal\/formations-certifications\/en-presentiel-intelligence-emotionnelle-decembre-2026\/","url":"https:\/\/www.institutleadership.ca\/montreal\/formations-certifications\/en-presentiel-intelligence-emotionnelle-decembre-2026\/","name":"En pr\u00e9sentiel \u2013 Intelligence \u00e9motionnelle - D\u00e9cembre 2026 - Canada - Institut de Leadership","isPartOf":{"@id":"https:\/\/www.institutleadership.ca\/montreal\/#website"},"datePublished":"2026-09-01T20:43:28+00:00","dateModified":"2026-09-01T20:51:20+00:00","breadcrumb":{"@id":"https:\/\/www.institutleadership.ca\/montreal\/formations-certifications\/en-presentiel-intelligence-emotionnelle-decembre-2026\/#breadcrumb"},"inLanguage":"fr-CA","potentialAction":[{"@type":"ReadAction","target":["https:\/\/www.institutleadership.ca\/montreal\/formations-certifications\/en-presentiel-intelligence-emotionnelle-decembre-2026\/"]}]},{"@type":"BreadcrumbList","@id":"https:\/\/www.institutleadership.ca\/montreal\/formations-certifications\/en-presentiel-intelligence-emotionnelle-decembre-2026\/#breadcrumb","itemListElement":[{"@type":"ListItem","position":1,"name":"Accueil","item":"https:\/\/www.institutleadership.ca\/montreal\/"},{"@type":"ListItem","position":2,"name":"Courses","item":"https:\/\/www.institutleadership.ca\/montreal\/formations-certifications\/"},{"@type":"ListItem","position":3,"name":"En pr\u00e9sentiel \u2013 Intelligence \u00e9motionnelle &#8211; D\u00e9cembre 2026"}]},{"@type":"WebSite","@id":"https:\/\/www.institutleadership.ca\/montreal\/#website","url":"https:\/\/www.institutleadership.ca\/montreal\/","name":"Institut de leadership","description":"Formations pour cadres et dirigeants","publisher":{"@id":"https:\/\/www.institutleadership.ca\/montreal\/#organization"},"potentialAction":[{"@type":"SearchAction","target":{"@type":"EntryPoint","urlTemplate":"https:\/\/www.institutleadership.ca\/montreal\/?s={search_term_string}"},"query-input":"required name=search_term_string"}],"inLanguage":"fr-CA"},{"@type":"Organization","@id":"https:\/\/www.institutleadership.ca\/montreal\/#organization","name":"Institut de leadership","url":"https:\/\/www.institutleadership.ca\/montreal\/","logo":{"@type":"ImageObject","inLanguage":"fr-CA","@id":"https:\/\/www.institutleadership.ca\/montreal\/#\/schema\/logo\/image\/","url":"https:\/\/www.institutleadership.ca\/montreal\/wp-content\/uploads\/sites\/7\/2019\/11\/Logo_Officiel-2-1.jpg","contentUrl":"https:\/\/www.institutleadership.ca\/montreal\/wp-content\/uploads\/sites\/7\/2019\/11\/Logo_Officiel-2-1.jpg","width":2048,"height":1024,"caption":"Institut de leadership"},"image":{"@id":"https:\/\/www.institutleadership.ca\/montreal\/#\/schema\/logo\/image\/"},"sameAs":["https:\/\/www.facebook.com\/institutleadership\/","https:\/\/www.linkedin.com\/school\/5305840"]}]}},"_links":{"self":[{"href":"https:\/\/www.institutleadership.ca\/montreal\/wp-json\/wp\/v2\/lp_course\/20953"}],"collection":[{"href":"https:\/\/www.institutleadership.ca\/montreal\/wp-json\/wp\/v2\/lp_course"}],"about":[{"href":"https:\/\/www.institutleadership.ca\/montreal\/wp-json\/wp\/v2\/types\/lp_course"}],"replies":[{"embeddable":true,"href":"https:\/\/www.institutleadership.ca\/montreal\/wp-json\/wp\/v2\/comments?post=20953"}],"version-history":[{"count":2,"href":"https:\/\/www.institutleadership.ca\/montreal\/wp-json\/wp\/v2\/lp_course\/20953\/revisions"}],"predecessor-version":[{"id":20960,"href":"https:\/\/www.institutleadership.ca\/montreal\/wp-json\/wp\/v2\/lp_course\/20953\/revisions\/20960"}],"wp:featuredmedia":[{"embeddable":true,"href":"https:\/\/www.institutleadership.ca\/montreal\/wp-json\/wp\/v2\/media\/11428"}],"wp:attachment":[{"href":"https:\/\/www.institutleadership.ca\/montreal\/wp-json\/wp\/v2\/media?parent=20953"}],"wp:term":[{"taxonomy":"course_category","embeddable":true,"href":"https:\/\/www.institutleadership.ca\/montreal\/wp-json\/wp\/v2\/course_category?post=20953"},{"taxonomy":"course_tag","embeddable":true,"href":"https:\/\/www.institutleadership.ca\/montreal\/wp-json\/wp\/v2\/course_tag?post=20953"}],"curies":[{"name":"wp","href":"https:\/\/api.w.org\/{rel}","templated":true}]}}