{"id":20990,"date":"2026-09-02T14:17:31","date_gmt":"2026-09-02T18:17:31","guid":{"rendered":"https:\/\/www.institutleadership.ca\/montreal\/?post_type=lp_course&#038;p=20990"},"modified":"2026-09-02T16:21:43","modified_gmt":"2026-09-02T20:21:43","slug":"en-presentiel-planification-strategique-de-la-vision-a-laction-novembre-2026","status":"publish","type":"lp_course","link":"https:\/\/www.institutleadership.ca\/montreal\/formations-certifications\/en-presentiel-planification-strategique-de-la-vision-a-laction-novembre-2026\/","title":{"rendered":"En pr\u00e9sentiel \u2013 Planification strat\u00e9gique : de la vision \u00e0 l&#8217;action : Novembre 2026"},"content":{"rendered":"<div id=\"page-content\">\n<h3>En pr\u00e9sentiel \u2013 Planification strat\u00e9gique : de la vision \u00e0 l&#8217;action\u00a0 Lundi 9 et mardi 10 novembre de 8h30 \u00e0 17h15.<\/h3>\n<\/div>\n<div id=\"page-content\">\n<h3>DESCRIPTIF DU COURS<\/h3>\n<p class=\"isSelectedEnd\">Un plan strat\u00e9gique doit permettre de faire des choix, de concentrer les efforts de l\u2019organisation et de traduire une vision en priorit\u00e9s concr\u00e8tes et mesurables.<\/p>\n<p class=\"isSelectedEnd\">Cette formation de deux jours propose une d\u00e9marche simple et rigoureuse pour b\u00e2tir un plan strat\u00e9gique r\u00e9ellement utilisable. \u00c0 partir d\u2019un diagnostic de la situation actuelle, les participants seront amen\u00e9s \u00e0 d\u00e9finir une vision \u00e0 trois ans, \u00e0 \u00e9tablir leurs priorit\u00e9s strat\u00e9giques et \u00e0 les traduire en objectifs mesurables, en cibles financi\u00e8res et en m\u00e9canismes de suivi.<\/p>\n<p>Inspir\u00e9e notamment des approches EOS\u00ae et Scaling Up\u00ae, la formation s\u2019appuie sur des cas r\u00e9els et des outils directement applicables dans l\u2019organisation.<\/p>\n<h3><b>\u00c0 QUI S\u2019ADRESSE LA FORMATION ?<\/b><\/h3>\n<p class=\"isSelectedEnd\">Cette formation s\u2019adresse aux professionnels qui participent \u00e0 la r\u00e9flexion strat\u00e9gique de leur organisation ou qui souhaitent mieux structurer leur d\u00e9marche de planification strat\u00e9gique.<\/p>\n<p class=\"isSelectedEnd\">Les participants peuvent provenir de secteurs d\u2019activit\u00e9 vari\u00e9s et occupent g\u00e9n\u00e9ralement des fonctions o\u00f9 ils sont appel\u00e9s \u00e0 contribuer aux orientations, aux priorit\u00e9s et au d\u00e9veloppement de l\u2019organisation.<\/p>\n<ul data-spread=\"false\">\n<li>Professionnels, cadres et gestionnaires<\/li>\n<li>Membres de la direction de PME<\/li>\n<li>Entrepreneurs et propri\u00e9taires d\u2019entreprise<\/li>\n<li>Rel\u00e8ve entrepreneuriale<\/li>\n<li>Professionnels appel\u00e9s \u00e0 contribuer \u00e0 la planification strat\u00e9gique de leur organisation<\/li>\n<li>Etc.<\/li>\n<\/ul>\n<p><strong>Tarif :<\/strong> 2 295 $ + taxes.<\/p>\n<p>Des rabais sont offerts aux organismes \u00e0 but non lucratif (15 %) et gouvernementaux (10 %).<\/p>\n<p>Les journ\u00e9es de formation sont admissibles \u00e0 la Loi du 1 % pour la formation de la main-d\u2019\u0153uvre.<\/p>\n<p>Des tarifs avantageux sont aussi offerts lorsque trois participants ou plus, provenant d\u2019une m\u00eame entreprise, s\u2019inscrivent aux formations. Pour plus de d\u00e9tails, veuillez\u00a0<a href=\"https:\/\/www.institutleadership.ca\/montreal\/contact\/\">communiquer<\/a>\u00a0avec nous.<\/p>\n<\/div>\n","protected":false},"excerpt":{"rendered":"<p>En pr\u00e9sentiel \u2013 Planification strat\u00e9gique : de la vision \u00e0 l&#8217;action\u00a0 Lundi 9 et mardi 10 novembre de 8h30 \u00e0 17h15. DESCRIPTIF DU COURS Un plan strat\u00e9gique doit permettre de faire des choix, de concentrer les efforts de l\u2019organisation et &hellip; <\/p>\n","protected":false},"featured_media":11428,"comment_status":"closed","ping_status":"closed","template":"","course_category":[133],"course_tag":[],"yoast_head":"<!-- This site is optimized with the Yoast SEO plugin v20.6 - https:\/\/yoast.com\/wordpress\/plugins\/seo\/ -->\n<title>En pr\u00e9sentiel \u2013 Planification strat\u00e9gique : de la vision \u00e0 l&#039;action : Novembre 2026 - Canada - Institut de Leadership<\/title>\n<meta name=\"robots\" content=\"index, follow, max-snippet:-1, max-image-preview:large, max-video-preview:-1\" \/>\n<link rel=\"canonical\" href=\"https:\/\/www.institutleadership.ca\/montreal\/formations-certifications\/en-presentiel-planification-strategique-de-la-vision-a-laction-novembre-2026\/\" \/>\n<meta property=\"og:locale\" content=\"fr_CA\" \/>\n<meta property=\"og:type\" content=\"article\" \/>\n<meta property=\"og:title\" content=\"En pr\u00e9sentiel \u2013 Planification strat\u00e9gique : de la vision \u00e0 l&#039;action : Novembre 2026 - Canada - Institut de Leadership\" \/>\n<meta property=\"og:description\" content=\"En pr\u00e9sentiel \u2013 Planification strat\u00e9gique : de la vision \u00e0 l&#8217;action\u00a0 Lundi 9 et mardi 10 novembre de 8h30 \u00e0 17h15. DESCRIPTIF DU COURS Un plan strat\u00e9gique doit permettre de faire des choix, de concentrer les efforts de l\u2019organisation et &hellip;\" \/>\n<meta property=\"og:url\" content=\"https:\/\/www.institutleadership.ca\/montreal\/formations-certifications\/en-presentiel-planification-strategique-de-la-vision-a-laction-novembre-2026\/\" \/>\n<meta property=\"og:site_name\" content=\"Canada - Institut de Leadership\" \/>\n<meta property=\"article:publisher\" content=\"https:\/\/www.facebook.com\/institutleadership\/\" \/>\n<meta property=\"article:modified_time\" content=\"2026-09-02T20:21:43+00:00\" \/>\n<meta property=\"og:image\" content=\"https:\/\/www.institutleadership.ca\/montreal\/wp-content\/uploads\/sites\/7\/2019\/08\/DSC_2217.jpg\" \/>\n\t<meta property=\"og:image:width\" content=\"1840\" \/>\n\t<meta property=\"og:image:height\" content=\"1228\" \/>\n\t<meta property=\"og:image:type\" content=\"image\/jpeg\" \/>\n<meta name=\"twitter:card\" content=\"summary_large_image\" \/>\n<meta name=\"twitter:label1\" content=\"Estimation du temps de lecture\" \/>\n\t<meta name=\"twitter:data1\" content=\"2 minutes\" \/>\n<script type=\"application\/ld+json\" class=\"yoast-schema-graph\">{\"@context\":\"https:\/\/schema.org\",\"@graph\":[{\"@type\":\"WebPage\",\"@id\":\"https:\/\/www.institutleadership.ca\/montreal\/formations-certifications\/en-presentiel-planification-strategique-de-la-vision-a-laction-novembre-2026\/\",\"url\":\"https:\/\/www.institutleadership.ca\/montreal\/formations-certifications\/en-presentiel-planification-strategique-de-la-vision-a-laction-novembre-2026\/\",\"name\":\"En pr\u00e9sentiel \u2013 Planification strat\u00e9gique : de la vision \u00e0 l'action : Novembre 2026 - Canada - Institut de Leadership\",\"isPartOf\":{\"@id\":\"https:\/\/www.institutleadership.ca\/montreal\/#website\"},\"datePublished\":\"2026-09-02T18:17:31+00:00\",\"dateModified\":\"2026-09-02T20:21:43+00:00\",\"breadcrumb\":{\"@id\":\"https:\/\/www.institutleadership.ca\/montreal\/formations-certifications\/en-presentiel-planification-strategique-de-la-vision-a-laction-novembre-2026\/#breadcrumb\"},\"inLanguage\":\"fr-CA\",\"potentialAction\":[{\"@type\":\"ReadAction\",\"target\":[\"https:\/\/www.institutleadership.ca\/montreal\/formations-certifications\/en-presentiel-planification-strategique-de-la-vision-a-laction-novembre-2026\/\"]}]},{\"@type\":\"BreadcrumbList\",\"@id\":\"https:\/\/www.institutleadership.ca\/montreal\/formations-certifications\/en-presentiel-planification-strategique-de-la-vision-a-laction-novembre-2026\/#breadcrumb\",\"itemListElement\":[{\"@type\":\"ListItem\",\"position\":1,\"name\":\"Accueil\",\"item\":\"https:\/\/www.institutleadership.ca\/montreal\/\"},{\"@type\":\"ListItem\",\"position\":2,\"name\":\"Courses\",\"item\":\"https:\/\/www.institutleadership.ca\/montreal\/formations-certifications\/\"},{\"@type\":\"ListItem\",\"position\":3,\"name\":\"En pr\u00e9sentiel \u2013 Planification strat\u00e9gique : de la vision \u00e0 l&#8217;action : Novembre 2026\"}]},{\"@type\":\"WebSite\",\"@id\":\"https:\/\/www.institutleadership.ca\/montreal\/#website\",\"url\":\"https:\/\/www.institutleadership.ca\/montreal\/\",\"name\":\"Institut de leadership\",\"description\":\"Formations pour cadres et dirigeants\",\"publisher\":{\"@id\":\"https:\/\/www.institutleadership.ca\/montreal\/#organization\"},\"potentialAction\":[{\"@type\":\"SearchAction\",\"target\":{\"@type\":\"EntryPoint\",\"urlTemplate\":\"https:\/\/www.institutleadership.ca\/montreal\/?s={search_term_string}\"},\"query-input\":\"required name=search_term_string\"}],\"inLanguage\":\"fr-CA\"},{\"@type\":\"Organization\",\"@id\":\"https:\/\/www.institutleadership.ca\/montreal\/#organization\",\"name\":\"Institut de leadership\",\"url\":\"https:\/\/www.institutleadership.ca\/montreal\/\",\"logo\":{\"@type\":\"ImageObject\",\"inLanguage\":\"fr-CA\",\"@id\":\"https:\/\/www.institutleadership.ca\/montreal\/#\/schema\/logo\/image\/\",\"url\":\"https:\/\/www.institutleadership.ca\/montreal\/wp-content\/uploads\/sites\/7\/2019\/11\/Logo_Officiel-2-1.jpg\",\"contentUrl\":\"https:\/\/www.institutleadership.ca\/montreal\/wp-content\/uploads\/sites\/7\/2019\/11\/Logo_Officiel-2-1.jpg\",\"width\":2048,\"height\":1024,\"caption\":\"Institut de leadership\"},\"image\":{\"@id\":\"https:\/\/www.institutleadership.ca\/montreal\/#\/schema\/logo\/image\/\"},\"sameAs\":[\"https:\/\/www.facebook.com\/institutleadership\/\",\"https:\/\/www.linkedin.com\/school\/5305840\"]}]}<\/script>\n<!-- \/ Yoast SEO plugin. -->","yoast_head_json":{"title":"En pr\u00e9sentiel \u2013 Planification strat\u00e9gique : de la vision \u00e0 l'action : Novembre 2026 - Canada - Institut de Leadership","robots":{"index":"index","follow":"follow","max-snippet":"max-snippet:-1","max-image-preview":"max-image-preview:large","max-video-preview":"max-video-preview:-1"},"canonical":"https:\/\/www.institutleadership.ca\/montreal\/formations-certifications\/en-presentiel-planification-strategique-de-la-vision-a-laction-novembre-2026\/","og_locale":"fr_CA","og_type":"article","og_title":"En pr\u00e9sentiel \u2013 Planification strat\u00e9gique : de la vision \u00e0 l'action : Novembre 2026 - Canada - Institut de Leadership","og_description":"En pr\u00e9sentiel \u2013 Planification strat\u00e9gique : de la vision \u00e0 l&#8217;action\u00a0 Lundi 9 et mardi 10 novembre de 8h30 \u00e0 17h15. DESCRIPTIF DU COURS Un plan strat\u00e9gique doit permettre de faire des choix, de concentrer les efforts de l\u2019organisation et &hellip;","og_url":"https:\/\/www.institutleadership.ca\/montreal\/formations-certifications\/en-presentiel-planification-strategique-de-la-vision-a-laction-novembre-2026\/","og_site_name":"Canada - Institut de Leadership","article_publisher":"https:\/\/www.facebook.com\/institutleadership\/","article_modified_time":"2026-09-02T20:21:43+00:00","og_image":[{"width":1840,"height":1228,"url":"https:\/\/www.institutleadership.ca\/montreal\/wp-content\/uploads\/sites\/7\/2019\/08\/DSC_2217.jpg","type":"image\/jpeg"}],"twitter_card":"summary_large_image","twitter_misc":{"Estimation du temps de lecture":"2 minutes"},"schema":{"@context":"https:\/\/schema.org","@graph":[{"@type":"WebPage","@id":"https:\/\/www.institutleadership.ca\/montreal\/formations-certifications\/en-presentiel-planification-strategique-de-la-vision-a-laction-novembre-2026\/","url":"https:\/\/www.institutleadership.ca\/montreal\/formations-certifications\/en-presentiel-planification-strategique-de-la-vision-a-laction-novembre-2026\/","name":"En pr\u00e9sentiel \u2013 Planification strat\u00e9gique : de la vision \u00e0 l'action : Novembre 2026 - Canada - Institut de Leadership","isPartOf":{"@id":"https:\/\/www.institutleadership.ca\/montreal\/#website"},"datePublished":"2026-09-02T18:17:31+00:00","dateModified":"2026-09-02T20:21:43+00:00","breadcrumb":{"@id":"https:\/\/www.institutleadership.ca\/montreal\/formations-certifications\/en-presentiel-planification-strategique-de-la-vision-a-laction-novembre-2026\/#breadcrumb"},"inLanguage":"fr-CA","potentialAction":[{"@type":"ReadAction","target":["https:\/\/www.institutleadership.ca\/montreal\/formations-certifications\/en-presentiel-planification-strategique-de-la-vision-a-laction-novembre-2026\/"]}]},{"@type":"BreadcrumbList","@id":"https:\/\/www.institutleadership.ca\/montreal\/formations-certifications\/en-presentiel-planification-strategique-de-la-vision-a-laction-novembre-2026\/#breadcrumb","itemListElement":[{"@type":"ListItem","position":1,"name":"Accueil","item":"https:\/\/www.institutleadership.ca\/montreal\/"},{"@type":"ListItem","position":2,"name":"Courses","item":"https:\/\/www.institutleadership.ca\/montreal\/formations-certifications\/"},{"@type":"ListItem","position":3,"name":"En pr\u00e9sentiel \u2013 Planification strat\u00e9gique : de la vision \u00e0 l&#8217;action : Novembre 2026"}]},{"@type":"WebSite","@id":"https:\/\/www.institutleadership.ca\/montreal\/#website","url":"https:\/\/www.institutleadership.ca\/montreal\/","name":"Institut de leadership","description":"Formations pour cadres et dirigeants","publisher":{"@id":"https:\/\/www.institutleadership.ca\/montreal\/#organization"},"potentialAction":[{"@type":"SearchAction","target":{"@type":"EntryPoint","urlTemplate":"https:\/\/www.institutleadership.ca\/montreal\/?s={search_term_string}"},"query-input":"required name=search_term_string"}],"inLanguage":"fr-CA"},{"@type":"Organization","@id":"https:\/\/www.institutleadership.ca\/montreal\/#organization","name":"Institut de leadership","url":"https:\/\/www.institutleadership.ca\/montreal\/","logo":{"@type":"ImageObject","inLanguage":"fr-CA","@id":"https:\/\/www.institutleadership.ca\/montreal\/#\/schema\/logo\/image\/","url":"https:\/\/www.institutleadership.ca\/montreal\/wp-content\/uploads\/sites\/7\/2019\/11\/Logo_Officiel-2-1.jpg","contentUrl":"https:\/\/www.institutleadership.ca\/montreal\/wp-content\/uploads\/sites\/7\/2019\/11\/Logo_Officiel-2-1.jpg","width":2048,"height":1024,"caption":"Institut de leadership"},"image":{"@id":"https:\/\/www.institutleadership.ca\/montreal\/#\/schema\/logo\/image\/"},"sameAs":["https:\/\/www.facebook.com\/institutleadership\/","https:\/\/www.linkedin.com\/school\/5305840"]}]}},"_links":{"self":[{"href":"https:\/\/www.institutleadership.ca\/montreal\/wp-json\/wp\/v2\/lp_course\/20990"}],"collection":[{"href":"https:\/\/www.institutleadership.ca\/montreal\/wp-json\/wp\/v2\/lp_course"}],"about":[{"href":"https:\/\/www.institutleadership.ca\/montreal\/wp-json\/wp\/v2\/types\/lp_course"}],"replies":[{"embeddable":true,"href":"https:\/\/www.institutleadership.ca\/montreal\/wp-json\/wp\/v2\/comments?post=20990"}],"version-history":[{"count":2,"href":"https:\/\/www.institutleadership.ca\/montreal\/wp-json\/wp\/v2\/lp_course\/20990\/revisions"}],"predecessor-version":[{"id":21039,"href":"https:\/\/www.institutleadership.ca\/montreal\/wp-json\/wp\/v2\/lp_course\/20990\/revisions\/21039"}],"wp:featuredmedia":[{"embeddable":true,"href":"https:\/\/www.institutleadership.ca\/montreal\/wp-json\/wp\/v2\/media\/11428"}],"wp:attachment":[{"href":"https:\/\/www.institutleadership.ca\/montreal\/wp-json\/wp\/v2\/media?parent=20990"}],"wp:term":[{"taxonomy":"course_category","embeddable":true,"href":"https:\/\/www.institutleadership.ca\/montreal\/wp-json\/wp\/v2\/course_category?post=20990"},{"taxonomy":"course_tag","embeddable":true,"href":"https:\/\/www.institutleadership.ca\/montreal\/wp-json\/wp\/v2\/course_tag?post=20990"}],"curies":[{"name":"wp","href":"https:\/\/api.w.org\/{rel}","templated":true}]}}