{"id":11204,"date":"2019-05-09T15:02:07","date_gmt":"2019-05-09T19:02:07","guid":{"rendered":"https:\/\/www.institutleadership.ca\/montreal\/?page_id=11204"},"modified":"2026-04-24T16:57:20","modified_gmt":"2026-04-24T20:57:20","slug":"certification-en-leadership-et-habiletes-de-direction","status":"publish","type":"page","link":"https:\/\/www.institutleadership.ca\/montreal\/certification-en-leadership-et-habiletes-de-direction\/","title":{"rendered":"Certification en leadership et habilet\u00e9s de direction"},"content":{"rendered":"<p><iframe loading=\"lazy\" src=\"https:\/\/player.vimeo.com\/video\/452879439?autoplay=1&amp;muted=1\" width=\"640\" height=\"360\" frameborder=\"0\" allowfullscreen=\"allowfullscreen\"><\/iframe><\/p>\n<p>Seul dans son genre, ce programme de Certification en leadership et habilet\u00e9s de direction I a \u00e9t\u00e9 \u00e9labor\u00e9 en collaboration avec des enseignants universitaires et des chefs de file dans leur milieu.\u00a0 Chaque participant aura l\u2019opportunit\u00e9 de rencontrer et d\u2019apprendre les meilleures strat\u00e9gies provenant d\u2019au moins quinze intervenants diff\u00e9rents au cours de ce programme \u00e9lite. Ce programme est \u00e9galement reconnu officiellement par diff\u00e9rentes organisations du Qu\u00e9bec. Le programme est offert en collaboration avec le Centre des Dirigeants John-Molson de l&#8217;Universit\u00e9 Concordia et un partenariat avec SETYM International permet \u00e9galement d\u2019accueillir plusieurs dirigeants \u00e0 travers la francophonie.<\/p>\n<p>Cette certification a pour objectif principal de d\u00e9velopper des leaders efficaces aptes \u00e0 mobiliser des \u00e9quipes, \u00e0 r\u00e9gler des conflits, \u00e0 affronter le changement avec comp\u00e9tence et \u00e0 relever les d\u00e9fis auxquels leur propre organisation est confront\u00e9e.<\/p>\n<p>Formations pertinentes et reconnues (\u00e9tudes de cas, tendances, meilleures pratiques, etc.), et opportunit\u00e9 d\u2019agrandir son r\u00e9seau de fa\u00e7on importante.<\/p>\n<h3><b>\u00c0 QUI S&#8217;ADRESSE LA CERTIFICATION ?<\/b><\/h3>\n<p>Cette certification est destin\u00e9e aux individus qui occupent des postes \u00e0 responsabilit\u00e9s et qui souhaitent d\u00e9velopper davantage leur leadership. Ils proviennent d\u2019une grande diversit\u00e9 d\u2019industries et de contextes, en plus d\u2019avoir des profils personnels diversifi\u00e9s.<\/p>\n<ul>\n<li>Professionnels cadres \u2013 gestionnaires (entreprises et organisations publiques, OBNL, etc.)<\/li>\n<li>Membres de la direction de PME<\/li>\n<li>Entrepreneurs et propri\u00e9taires de petites et moyennes entreprises<\/li>\n<li>Rel\u00e8ve entrepreneuriale<\/li>\n<li>Etc.<\/li>\n<\/ul>\n<p>&nbsp;<\/p>\n<div class=\"grid_12 \">\n<h3>DESCRIPTION DES MODULES DE LA CERTIFICATION<\/h3>\n<\/div>\n<div class=\"grid_12 \">\n<h4 class=\"p1\"><em><b>Module :\u00a0la gestion par les forces<\/b><\/em><\/h4>\n<ul class=\"ul1\">\n<li class=\"li1\">Comprendre ce qu\u2019est une force;<\/li>\n<li class=\"li1\">Conna\u00eetre les moyens d\u2019identifier les forces de ses clients\/de son personnel;<\/li>\n<li class=\"li1\">Conna\u00eetre ses propres forces (passation pr\u00e9alable d\u2019un questionnaire gratuit disponible sur Internet) et mieux les mettre \u00e0 profit;<\/li>\n<li class=\"li1\">R\u00e9aliser les \u00e9tapes pour d\u00e9velopper l\u2019utilisation des forces au travail;<\/li>\n<li class=\"li1\">Prendre connaissance de diff\u00e9rentes implantations de la gestion par les\u00a0forces\u00a0en milieux r\u00e9els.<\/li>\n<\/ul>\n<\/div>\n<div class=\"grid_12 \">\n<h4><em><strong>Module<\/strong>\u00a0:\u00a0habilet\u00e9s de communication<br \/>\n<\/em><\/h4>\n<ul>\n<li>Communiquer de fa\u00e7on claire et significative la vision et les r\u00e9sultats attendus;<\/li>\n<li>Rendre ses pr\u00e9sentations orales et \u00e9crites plus efficaces et plus convaincantes;<\/li>\n<li>Se pr\u00e9parer pour une pr\u00e9sentation devant des coll\u00e8gues, des patrons, un client ou le conseil d\u2019administration;<\/li>\n<li>Se d\u00e9marquer et augmenter ses chances de faire bonne impression et d\u2019influencer son auditoire;<\/li>\n<li>Consolider son \u00e9quipe gr\u00e2ce \u00e0 une communication relationnelle.<\/li>\n<\/ul>\n<\/div>\n<div class=\"grid_12 \">\n<h4><em><strong>Module<\/strong>\u00a0:\u00a0mobilisation des \u00e9quipes<\/em><\/h4>\n<ul>\n<li>D\u00e9velopper des relations, mobiliser et encadrer les employ\u00e9s;<\/li>\n<li>Accro\u00eetre le niveau de performance d\u2019une \u00e9quipe;<\/li>\n<li>Stimuler et appuyer ses employ\u00e9s afin qu\u2019ils atteignent leurs diff\u00e9rents objectifs;<\/li>\n<li>R\u00e9ussir \u00e0 d\u00e9velopper des leaders dans son organisation;<\/li>\n<li>Inspirer et diriger dans des circonstances difficiles;<\/li>\n<li>R\u00e9ussir \u00e0 augmenter constamment l\u2019engagement et la productivit\u00e9 de son \u00e9quipe;<\/li>\n<li>Cr\u00e9er un climat de travail mobilisateur pour son \u00e9quipe;<\/li>\n<li>Reconna\u00eetre l\u2019importance de la reconnaissance pour la performance de l\u2019organisation;<\/li>\n<li>Comprendre les caract\u00e9ristiques fondamentales de la bonne reconnaissance;<\/li>\n<li>Implanter de fa\u00e7on judicieuse ces pratiques au sein de son organisation.<\/li>\n<\/ul>\n<\/div>\n<div class=\"grid_12 \">\n<h4><em><strong>Module<\/strong>\u00a0:\u00a0coaching et gestion des talents<\/em><\/h4>\n<ul>\n<li>Apprendre des outils avanc\u00e9s de l\u2019intelligence \u00e9motionnelle et de d\u00e9codage de personnalit\u00e9s pour maximiser la performance et l\u2019engagement de chaque membre de l\u2019\u00e9quipe;<\/li>\n<li>Fournir des strat\u00e9gies pour mobiliser, influencer et persuader \u00e0 travers des techniques avanc\u00e9es de communication efficace et du langage d\u2019influence;<\/li>\n<li>Comprendre l\u2019impact des perceptions, des valeurs et des croyances;<\/li>\n<li>Renforcer ses habilet\u00e9s d\u2019\u00e9coute, de questionnement et de r\u00e9troaction constructive.<\/li>\n<\/ul>\n<\/div>\n<div class=\"grid_12 \">\n<h4><em><strong>Module<\/strong>\u00a0:\u00a0les habilet\u00e9s politiques et l\u2019influence<\/em><\/h4>\n<ul>\n<li>R\u00e9ussir \u00e0 influencer les diff\u00e9rents intervenants de son organisation;<\/li>\n<li>Faire accepter ses diff\u00e9rentes demandes aupr\u00e8s de la direction de son organisation et aupr\u00e8s de ses partenaires;<\/li>\n<li>Conna\u00eetre les meilleures strat\u00e9gies pour devenir un acteur efficace au sein de son organisation;<\/li>\n<li>Conna\u00eetre les meilleures techniques pour cr\u00e9er des alliances strat\u00e9giques et les faire durer;<\/li>\n<li>Faire valoir ses id\u00e9es et rallier les diff\u00e9rents intervenants autour de ses projets;<\/li>\n<li>Devenir un acteur strat\u00e9gique et \u00e9thique;<\/li>\n<li>R\u00e9ussir \u00e0 exercer son influence en situation complexe.<\/li>\n<\/ul>\n<\/div>\n<div id=\"page-content\">\n<h4 class=\"p1\"><em><b>Module :\u00a0le courage manag\u00e9rial<\/b><\/em><\/h4>\n<ul class=\"ul1\">\n<li class=\"li1\">Am\u00e9liorer la notion de courage manag\u00e9rial et de son importance;<\/li>\n<li class=\"li1\">Appr\u00e9cier son propre degr\u00e9 de courage et identifier les \u00e9l\u00e9ments \u00e0 am\u00e9liorer;<\/li>\n<li class=\"li1\">Mettre en \u0153uvre des outils d\u2019impact et de prise de d\u00e9cision;<\/li>\n<li class=\"li1\">Favoriser le courage en \u00e9quipe;<\/li>\n<li class=\"li1\">Contribuer positivement au d\u00e9veloppement d\u2019une culture de courage.<\/li>\n<\/ul>\n<h4 class=\"p1\"><em><b>Module : b\u00e2tir une \u00e9quipe performante<\/b><\/em><\/h4>\n<ul>\n<li>D\u00e9finir les facteurs de performance d\u2019une \u00e9quipe;<\/li>\n<li>Les 8 pratiques pour b\u00e2tir une \u00e9quipe performante;<\/li>\n<li>Comparer une \u00e9quipe \u00ab de nom seulement \u00bb vs \u00ab une vraie \u00e9quipe \u00bb;<\/li>\n<li>Pointer la destination;<\/li>\n<li>Les \u00e9tapes pour d\u00e9marrer mon \u00e9quipe;<\/li>\n<li>Comprendre les membres de l\u2019\u00e9quipe.<\/li>\n<\/ul>\n<h4 class=\"p1\"><em><b>Module : optimiser la contribution du personnel<\/b><\/em><\/h4>\n<ul>\n<li>Identifier les composantes de la productivit\u00e9 des \u00e9quipes et des individus;<\/li>\n<li>Distinguer les facteurs organisationnels des facteurs individuels;<\/li>\n<li>Cr\u00e9er une culture qui optimise la contribution\u00a0:\u00a0\u00ab\u00a0feedback\u00a0\u00bb vs \u00ab\u00a0feedforward\u00a0\u00bb;<\/li>\n<li>Cr\u00e9er une dynamique de \u00ab\u00a0d\u00e9sirabilit\u00e9 sociale\u00a0\u00bb favorable.<\/li>\n<\/ul>\n<h4 class=\"p1\"><em><b>Module : d\u00e9velopper ses soft skills<\/b><\/em><\/h4>\n<\/div>\n<ul>\n<li>Prendre conscience de votre intelligence \u00e9motionnelle;<\/li>\n<li>Am\u00e9liorer vos soft skills;<\/li>\n<li>D\u00e9velopper votre connaissance de soi;<\/li>\n<li>D\u00e9velopper votre radar social pour s\u2019adapter aux autres;<\/li>\n<li>D\u00e9velopper des relations interpersonnelles positives et durables;<\/li>\n<li>Exercer votre leadership afin de favoriser un meilleur bien-\u00eatre et une meilleure performance.<\/li>\n<\/ul>\n<div id=\"page-content\">\n<div class=\"grid_6 \">\n<div class=\"sm_hr\"><\/div>\n<\/div>\n<div class=\"grid_12 \">\n<h4><b>TRAVAIL D&#8217;INT\u00c9GRATION\u00a0<\/b><\/h4>\n<p><i><span class=\"il\">Un<\/span>\u00a0<span class=\"il\">travail<\/span>\u00a0<span class=\"il\">d<\/span>\u2019<span class=\"il\">int\u00e9gration<\/span>\u00a0est obligatoire \u00e0 l\u2019obtention de la Certification. Ce\u00a0<span class=\"il\">travail<\/span>\u00a0est \u00e0 faire \u00e0 la suite\u00a0de la formation. Vous aurez 3 semaines pour le compl\u00e9ter. Il s&#8217;agit\u00a0<span class=\"il\">d<\/span>&#8216;une r\u00e9flexion personnelle, l\u2019objectif est de faire le lien entre les apprentissages vus en formation et votre r\u00e9alit\u00e9 \u00e0 titre de gestionnaire dans votre organisation.\u00a0<\/i><\/p>\n<\/div>\n<div class=\"grid_6 \">\n<div class=\"sm_hr\"><\/div>\n<\/div>\n<div class=\"grid_12 \">\n<h3>TARIFS, DATES ET INSCRIPTION<\/h3>\n<\/div>\n<div class=\"grid_6 \">\n<div class=\"sm_hr\"><\/div>\n<\/div>\n<div class=\"clear\">Vous trouverez, ci-apr\u00e8s, les dates des prochaines cohortes pour la Certification en leadership et habilet\u00e9s de direction. Cliquez sur le moment de votre choix pour acc\u00e9der \u00e0 tous les d\u00e9tails et pour vous y inscrire.<\/div>\n<div><\/div>\n<\/div>\n<hr \/>\n<div id=\"page-content\">\n<div class=\"grid_12 \">\n<p>&nbsp;<\/p>\n<p><strong>Formation EN LIGNE avec 2 demi-journ\u00e9es de formation par semaine pendant 6 semaines : 5595$ + taxes\u00a0<\/strong><\/p>\n<ul>\n<li><a href=\"https:\/\/www.institutleadership.ca\/montreal\/formations-certifications\/en-ligne-certification-en-leadership-et-habiletes-de-direction-automne-2026\/\" target=\"_blank\" rel=\"noopener\" data-cke-saved-href=\"https:\/\/www.institutleadership.ca\/montreal\/formations-certifications\/en-ligne-certification-en-leadership-et-habiletes-de-direction-automne-2026\/\">Automne 2026\u00a0: Mardi 20 octobre au jeudi 26\u00a0novembre<\/a><\/li>\n<\/ul>\n<\/div>\n<p>&nbsp;<\/p>\n<p><strong>Formation EN PR\u00c9SENTIEL \u00e0 Montr\u00e9al : 5995$ + taxes\u00a0<\/strong><\/p>\n<p>2026<\/p>\n<ul>\n<li><a href=\"https:\/\/www.institutleadership.ca\/montreal\/formations-certifications\/presentiel-certification-en-leadership-et-habiletes-de-direction-mai-juin-2026\/\" target=\"_blank\" rel=\"noopener\">Printemps 2026 &#8211; divis\u00e9 : 13, 14, 15 mai et 3, 4, 5 juin<\/a><\/li>\n<li><a href=\"https:\/\/www.institutleadership.ca\/montreal\/formations-certifications\/presentiel-certification-en-leadership-et-habiletes-de-direction-juin-2026\/\" target=\"_blank\" rel=\"noopener\">Printemps 2026 &#8211; intensif : du 8 au 12 juin\u00a0<\/a><\/li>\n<li><a href=\"https:\/\/www.institutleadership.ca\/montreal\/formations-certifications\/presentiel-certification-en-leadership-et-habiletes-de-direction-sept-oct-2026\/\" target=\"_blank\" rel=\"noopener\">Automne 2026 &#8211; divis\u00e9 : 30 sept, 1, 2 octobre et 21, 22, 23 octobre<\/a><\/li>\n<li><a href=\"https:\/\/www.institutleadership.ca\/montreal\/formations-certifications\/presentiel-certification-en-leadership-et-habiletes-de-direction-nov-dec-2026\/\" target=\"_blank\" rel=\"noopener\">Automne 2026 &#8211; divis\u00e9 : 18, 19, 20 novembre et 2, 3 et 4 d\u00e9cembre<\/a><\/li>\n<\/ul>\n<p>2027<\/p>\n<ul>\n<li><a href=\"https:\/\/www.institutleadership.ca\/montreal\/formations-certifications\/presentiel-certification-en-leadership-et-habiletes-de-direction-mai-2027\/\">Printemps 2027 &#8211; divis\u00e9 : 17, 18, 19 mai et 31 mai, 1 et 2 juin<\/a><\/li>\n<li><a href=\"https:\/\/www.institutleadership.ca\/montreal\/formations-certifications\/presentiel-certification-en-leadership-et-habiletes-de-direction-juin-2027\/\" target=\"_blank\" rel=\"noopener\">Printemps 2027 &#8211; intensif : du 7 au 11 juin\u00a0<\/a><\/li>\n<li><a href=\"https:\/\/www.institutleadership.ca\/montreal\/formations-certifications\/presentiel-certification-en-leadership-et-habiletes-de-direction-octobre-2027\/\">Automne 2027 &#8211; divis\u00e9 : 25, 26, 27 octobre et 15,16 et 17 novembre<\/a><\/li>\n<li><a href=\"https:\/\/www.institutleadership.ca\/montreal\/formations-certifications\/presentiel-certification-en-leadership-et-habiletes-de-direction-novembre-2027\/\">Automne 2027 &#8211; divis\u00e9 : 24, 25 et 26 novembre et 8, 9 et 10 d\u00e9cembre<\/a><\/li>\n<\/ul>\n<\/div>\n<p><strong>Formation EN PR\u00c9SENTIEL \u00e0 Ottawa (EN ANGLAIS) : 6500$ + taxes\u00a0<\/strong><\/p>\n<ul>\n<li><a href=\"https:\/\/www.leadership-institute.ca\/formations-certifications\/in-person-in-ottawa-certification-in-leadership-and-management-skills-november-2026\/?_gl=1*or51tl*_up*MQ..*_ga*MTYxNTg5NTk1MC4xNzc3MDYzOTQx*_ga_59FNNMP91P*czE3NzcwNjM5MzckbzEkZzEkdDE3NzcwNjM5ODYkajExJGwwJGgw\">Automne 2026 &#8211; divis\u00e9 : 4, 5, 6, novembre et 18, 19, 20 novembre<\/a><\/li>\n<\/ul>\n<p>&nbsp;<\/p>\n<div id=\"page-content\">\n<div class=\"grid_12 \">\n<p>Les journ\u00e9es de formation sont admissibles \u00e0 la loi du 1 % pour la formation de la main d\u2019\u0153uvre. De plus, vous avez la possibilit\u00e9 d\u2019acc\u00e9der \u00e0 d\u2019autres financements. Pour cela, renseignez-vous directement aupr\u00e8s d\u2019Emploi Qu\u00e9bec de votre r\u00e9gion.<\/p>\n<p>Des rabais sont offerts aux\u00a0organismes \u00e0 but non lucratif \u00a0(15%) et gouvernementaux (10%).\u00a0<a href=\"https:\/\/www.institutleadership.ca\/montreal\/contact\/\">Contactez-nous<\/a>\u00a0pour plus de d\u00e9tails.<\/p>\n<p>Des tarifs avantageux sont aussi offerts lorsque trois participants ou plus, provenant d\u2019une m\u00eame entreprise, s\u2019inscrivent aux formations. Pour plus de d\u00e9tails, veuillez\u00a0<a href=\"https:\/\/www.institutleadership.ca\/montreal\/contact\/\">communiquer<\/a>\u00a0avec nous.<\/p>\n<p>*Frais d&#8217;administration non remboursable (350$) en cas d&#8217;annulation pour une inscription provenant d&#8217;un pays autre que le Canada n\u00e9cessitant un visa d\u2019entr\u00e9e.<\/p>\n<p>*Les repas sont inclus (d\u00e9jeuner et diner).<\/p>\n<\/div>\n<\/div>\n<p>&nbsp;<\/p>\n<div id=\"page-content\">\n<div class=\"grid_12 \">\n<h4><a href=\"https:\/\/www.dropbox.com\/s\/etlorr70k1swns7\/one%20pager%20t%C3%A9moignages.pdf?dl=0\" target=\"_blank\" rel=\"noopener\">\u00c0 lire aussi : quelques t\u00e9moignages du programme de formation\u00a0<\/a><\/h4>\n<\/div>\n<\/div>\n<p>&nbsp;<\/p>\n<p>Partenaire :<\/p>\n<p><a href=\"https:\/\/www.institutleadership.ca\/montreal\/wp-content\/uploads\/sites\/7\/2024\/06\/JMSB-Centre-des-dirigeants-signature-FR-vert.jpg\"><img decoding=\"async\" loading=\"lazy\" class=\"alignnone wp-image-16532 size-medium\" src=\"https:\/\/www.institutleadership.ca\/montreal\/wp-content\/uploads\/sites\/7\/2024\/06\/JMSB-Centre-des-dirigeants-signature-FR-vert-300x205.jpg\" alt=\"\" width=\"300\" height=\"205\" srcset=\"https:\/\/www.institutleadership.ca\/montreal\/wp-content\/uploads\/sites\/7\/2024\/06\/JMSB-Centre-des-dirigeants-signature-FR-vert-300x205.jpg 300w, https:\/\/www.institutleadership.ca\/montreal\/wp-content\/uploads\/sites\/7\/2024\/06\/JMSB-Centre-des-dirigeants-signature-FR-vert-768x524.jpg 768w, https:\/\/www.institutleadership.ca\/montreal\/wp-content\/uploads\/sites\/7\/2024\/06\/JMSB-Centre-des-dirigeants-signature-FR-vert-600x409.jpg 600w, https:\/\/www.institutleadership.ca\/montreal\/wp-content\/uploads\/sites\/7\/2024\/06\/JMSB-Centre-des-dirigeants-signature-FR-vert.jpg 993w\" sizes=\"(max-width: 300px) 100vw, 300px\" \/><\/a><\/p>\n<p>&nbsp;<\/p>\n","protected":false},"excerpt":{"rendered":"<p>Seul dans son genre, ce programme de Certification en leadership et habilet\u00e9s de direction I a \u00e9t\u00e9 \u00e9labor\u00e9 en collaboration avec des enseignants universitaires et des chefs de file dans leur milieu.\u00a0 Chaque participant aura l\u2019opportunit\u00e9 de rencontrer et d\u2019apprendre &hellip; <\/p>\n","protected":false},"author":17,"featured_media":0,"parent":0,"menu_order":0,"comment_status":"closed","ping_status":"closed","template":"","meta":{"content-type":""},"yoast_head":"<!-- This site is optimized with the Yoast SEO plugin v20.6 - https:\/\/yoast.com\/wordpress\/plugins\/seo\/ -->\n<title>Certification en leadership et habilet\u00e9s de direction - Canada - Institut de Leadership<\/title>\n<meta name=\"robots\" content=\"index, follow, max-snippet:-1, max-image-preview:large, max-video-preview:-1\" \/>\n<link rel=\"canonical\" href=\"https:\/\/www.institutleadership.ca\/montreal\/certification-en-leadership-et-habiletes-de-direction\/\" \/>\n<meta property=\"og:locale\" content=\"fr_CA\" \/>\n<meta property=\"og:type\" content=\"article\" \/>\n<meta property=\"og:title\" content=\"Certification en leadership et habilet\u00e9s de direction - Canada - Institut de Leadership\" \/>\n<meta property=\"og:description\" content=\"Seul dans son genre, ce programme de Certification en leadership et habilet\u00e9s de direction I a \u00e9t\u00e9 \u00e9labor\u00e9 en collaboration avec des enseignants universitaires et des chefs de file dans leur milieu.\u00a0 Chaque participant aura l\u2019opportunit\u00e9 de rencontrer et d\u2019apprendre &hellip;\" \/>\n<meta property=\"og:url\" content=\"https:\/\/www.institutleadership.ca\/montreal\/certification-en-leadership-et-habiletes-de-direction\/\" \/>\n<meta property=\"og:site_name\" content=\"Canada - Institut de Leadership\" \/>\n<meta property=\"article:publisher\" content=\"https:\/\/www.facebook.com\/institutleadership\/\" \/>\n<meta property=\"article:modified_time\" content=\"2026-04-24T20:57:20+00:00\" \/>\n<meta property=\"og:image\" content=\"https:\/\/www.institutleadership.ca\/montreal\/wp-content\/uploads\/sites\/7\/2024\/06\/JMSB-Centre-des-dirigeants-signature-FR-vert-300x205.jpg\" \/>\n<meta name=\"twitter:card\" content=\"summary_large_image\" \/>\n<meta name=\"twitter:label1\" content=\"Estimation du temps de lecture\" \/>\n\t<meta name=\"twitter:data1\" content=\"7 minutes\" \/>\n<script type=\"application\/ld+json\" class=\"yoast-schema-graph\">{\"@context\":\"https:\/\/schema.org\",\"@graph\":[{\"@type\":\"WebPage\",\"@id\":\"https:\/\/www.institutleadership.ca\/montreal\/certification-en-leadership-et-habiletes-de-direction\/\",\"url\":\"https:\/\/www.institutleadership.ca\/montreal\/certification-en-leadership-et-habiletes-de-direction\/\",\"name\":\"Certification en leadership et habilet\u00e9s de direction - Canada - Institut de Leadership\",\"isPartOf\":{\"@id\":\"https:\/\/www.institutleadership.ca\/montreal\/#website\"},\"datePublished\":\"2019-05-09T19:02:07+00:00\",\"dateModified\":\"2026-04-24T20:57:20+00:00\",\"breadcrumb\":{\"@id\":\"https:\/\/www.institutleadership.ca\/montreal\/certification-en-leadership-et-habiletes-de-direction\/#breadcrumb\"},\"inLanguage\":\"fr-CA\",\"potentialAction\":[{\"@type\":\"ReadAction\",\"target\":[\"https:\/\/www.institutleadership.ca\/montreal\/certification-en-leadership-et-habiletes-de-direction\/\"]}]},{\"@type\":\"BreadcrumbList\",\"@id\":\"https:\/\/www.institutleadership.ca\/montreal\/certification-en-leadership-et-habiletes-de-direction\/#breadcrumb\",\"itemListElement\":[{\"@type\":\"ListItem\",\"position\":1,\"name\":\"Accueil\",\"item\":\"https:\/\/www.institutleadership.ca\/montreal\/\"},{\"@type\":\"ListItem\",\"position\":2,\"name\":\"Certification en leadership et habilet\u00e9s de direction\"}]},{\"@type\":\"WebSite\",\"@id\":\"https:\/\/www.institutleadership.ca\/montreal\/#website\",\"url\":\"https:\/\/www.institutleadership.ca\/montreal\/\",\"name\":\"Institut de leadership\",\"description\":\"Formations pour cadres et dirigeants\",\"publisher\":{\"@id\":\"https:\/\/www.institutleadership.ca\/montreal\/#organization\"},\"potentialAction\":[{\"@type\":\"SearchAction\",\"target\":{\"@type\":\"EntryPoint\",\"urlTemplate\":\"https:\/\/www.institutleadership.ca\/montreal\/?s={search_term_string}\"},\"query-input\":\"required name=search_term_string\"}],\"inLanguage\":\"fr-CA\"},{\"@type\":\"Organization\",\"@id\":\"https:\/\/www.institutleadership.ca\/montreal\/#organization\",\"name\":\"Institut de leadership\",\"url\":\"https:\/\/www.institutleadership.ca\/montreal\/\",\"logo\":{\"@type\":\"ImageObject\",\"inLanguage\":\"fr-CA\",\"@id\":\"https:\/\/www.institutleadership.ca\/montreal\/#\/schema\/logo\/image\/\",\"url\":\"https:\/\/www.institutleadership.ca\/montreal\/wp-content\/uploads\/sites\/7\/2019\/11\/Logo_Officiel-2-1.jpg\",\"contentUrl\":\"https:\/\/www.institutleadership.ca\/montreal\/wp-content\/uploads\/sites\/7\/2019\/11\/Logo_Officiel-2-1.jpg\",\"width\":2048,\"height\":1024,\"caption\":\"Institut de leadership\"},\"image\":{\"@id\":\"https:\/\/www.institutleadership.ca\/montreal\/#\/schema\/logo\/image\/\"},\"sameAs\":[\"https:\/\/www.facebook.com\/institutleadership\/\",\"https:\/\/www.linkedin.com\/school\/5305840\"]}]}<\/script>\n<!-- \/ Yoast SEO plugin. -->","yoast_head_json":{"title":"Certification en leadership et habilet\u00e9s de direction - Canada - Institut de Leadership","robots":{"index":"index","follow":"follow","max-snippet":"max-snippet:-1","max-image-preview":"max-image-preview:large","max-video-preview":"max-video-preview:-1"},"canonical":"https:\/\/www.institutleadership.ca\/montreal\/certification-en-leadership-et-habiletes-de-direction\/","og_locale":"fr_CA","og_type":"article","og_title":"Certification en leadership et habilet\u00e9s de direction - Canada - Institut de Leadership","og_description":"Seul dans son genre, ce programme de Certification en leadership et habilet\u00e9s de direction I a \u00e9t\u00e9 \u00e9labor\u00e9 en collaboration avec des enseignants universitaires et des chefs de file dans leur milieu.\u00a0 Chaque participant aura l\u2019opportunit\u00e9 de rencontrer et d\u2019apprendre &hellip;","og_url":"https:\/\/www.institutleadership.ca\/montreal\/certification-en-leadership-et-habiletes-de-direction\/","og_site_name":"Canada - Institut de Leadership","article_publisher":"https:\/\/www.facebook.com\/institutleadership\/","article_modified_time":"2026-04-24T20:57:20+00:00","og_image":[{"url":"https:\/\/www.institutleadership.ca\/montreal\/wp-content\/uploads\/sites\/7\/2024\/06\/JMSB-Centre-des-dirigeants-signature-FR-vert-300x205.jpg"}],"twitter_card":"summary_large_image","twitter_misc":{"Estimation du temps de lecture":"7 minutes"},"schema":{"@context":"https:\/\/schema.org","@graph":[{"@type":"WebPage","@id":"https:\/\/www.institutleadership.ca\/montreal\/certification-en-leadership-et-habiletes-de-direction\/","url":"https:\/\/www.institutleadership.ca\/montreal\/certification-en-leadership-et-habiletes-de-direction\/","name":"Certification en leadership et habilet\u00e9s de direction - Canada - Institut de Leadership","isPartOf":{"@id":"https:\/\/www.institutleadership.ca\/montreal\/#website"},"datePublished":"2019-05-09T19:02:07+00:00","dateModified":"2026-04-24T20:57:20+00:00","breadcrumb":{"@id":"https:\/\/www.institutleadership.ca\/montreal\/certification-en-leadership-et-habiletes-de-direction\/#breadcrumb"},"inLanguage":"fr-CA","potentialAction":[{"@type":"ReadAction","target":["https:\/\/www.institutleadership.ca\/montreal\/certification-en-leadership-et-habiletes-de-direction\/"]}]},{"@type":"BreadcrumbList","@id":"https:\/\/www.institutleadership.ca\/montreal\/certification-en-leadership-et-habiletes-de-direction\/#breadcrumb","itemListElement":[{"@type":"ListItem","position":1,"name":"Accueil","item":"https:\/\/www.institutleadership.ca\/montreal\/"},{"@type":"ListItem","position":2,"name":"Certification en leadership et habilet\u00e9s de direction"}]},{"@type":"WebSite","@id":"https:\/\/www.institutleadership.ca\/montreal\/#website","url":"https:\/\/www.institutleadership.ca\/montreal\/","name":"Institut de leadership","description":"Formations pour cadres et dirigeants","publisher":{"@id":"https:\/\/www.institutleadership.ca\/montreal\/#organization"},"potentialAction":[{"@type":"SearchAction","target":{"@type":"EntryPoint","urlTemplate":"https:\/\/www.institutleadership.ca\/montreal\/?s={search_term_string}"},"query-input":"required name=search_term_string"}],"inLanguage":"fr-CA"},{"@type":"Organization","@id":"https:\/\/www.institutleadership.ca\/montreal\/#organization","name":"Institut de leadership","url":"https:\/\/www.institutleadership.ca\/montreal\/","logo":{"@type":"ImageObject","inLanguage":"fr-CA","@id":"https:\/\/www.institutleadership.ca\/montreal\/#\/schema\/logo\/image\/","url":"https:\/\/www.institutleadership.ca\/montreal\/wp-content\/uploads\/sites\/7\/2019\/11\/Logo_Officiel-2-1.jpg","contentUrl":"https:\/\/www.institutleadership.ca\/montreal\/wp-content\/uploads\/sites\/7\/2019\/11\/Logo_Officiel-2-1.jpg","width":2048,"height":1024,"caption":"Institut de leadership"},"image":{"@id":"https:\/\/www.institutleadership.ca\/montreal\/#\/schema\/logo\/image\/"},"sameAs":["https:\/\/www.facebook.com\/institutleadership\/","https:\/\/www.linkedin.com\/school\/5305840"]}]}},"_links":{"self":[{"href":"https:\/\/www.institutleadership.ca\/montreal\/wp-json\/wp\/v2\/pages\/11204"}],"collection":[{"href":"https:\/\/www.institutleadership.ca\/montreal\/wp-json\/wp\/v2\/pages"}],"about":[{"href":"https:\/\/www.institutleadership.ca\/montreal\/wp-json\/wp\/v2\/types\/page"}],"author":[{"embeddable":true,"href":"https:\/\/www.institutleadership.ca\/montreal\/wp-json\/wp\/v2\/users\/17"}],"replies":[{"embeddable":true,"href":"https:\/\/www.institutleadership.ca\/montreal\/wp-json\/wp\/v2\/comments?post=11204"}],"version-history":[{"count":184,"href":"https:\/\/www.institutleadership.ca\/montreal\/wp-json\/wp\/v2\/pages\/11204\/revisions"}],"predecessor-version":[{"id":19914,"href":"https:\/\/www.institutleadership.ca\/montreal\/wp-json\/wp\/v2\/pages\/11204\/revisions\/19914"}],"wp:attachment":[{"href":"https:\/\/www.institutleadership.ca\/montreal\/wp-json\/wp\/v2\/media?parent=11204"}],"curies":[{"name":"wp","href":"https:\/\/api.w.org\/{rel}","templated":true}]}}