{"id":13708,"date":"2021-11-24T11:12:45","date_gmt":"2021-11-24T16:12:45","guid":{"rendered":"https:\/\/www.institutleadership.ca\/montreal\/?page_id=13708"},"modified":"2021-11-25T09:41:55","modified_gmt":"2021-11-25T14:41:55","slug":"certification-en-leadership-et-habiletes-de-direction-en-entreprise","status":"publish","type":"page","link":"https:\/\/www.institutleadership.ca\/montreal\/certification-en-leadership-et-habiletes-de-direction-en-entreprise\/","title":{"rendered":"Certification en leadership et habilet\u00e9s de direction en entreprise"},"content":{"rendered":"<p><iframe loading=\"lazy\" src=\"https:\/\/player.vimeo.com\/video\/452879439?h=56496683d6&amp;dnt=1&amp;app_id=122963\" width=\"640\" height=\"360\" frameborder=\"0\" allow=\"autoplay; fullscreen; picture-in-picture\" allowfullscreen title=\"Certification en leadership et habilete\u0301s de direction\"><\/iframe><\/p>\n<div id=\"page-content\">\n<p>Votre entreprise \u00e0 des objectifs pr\u00e9cis et des d\u00e9fis dans le domaine ou vous \u00e9voluez ?\u00a0\u00a0Seul dans son genre, ce programme de Certification en leadership et habilet\u00e9s de direction a \u00e9t\u00e9 \u00e9labor\u00e9 en collaboration avec des enseignants universitaires et des chefs de file dans leur milieu.\u00a0 Chaque participant aura l\u2019opportunit\u00e9 de rencontrer et d\u2019apprendre les meilleures strat\u00e9gies provenant d\u2019au moins douze intervenants diff\u00e9rents au cours de ce programme \u00e9lite tout en favorisant les \u00e9changes entre les coll\u00e8gues.<\/p>\n<div id=\"page-content\">\n<h5>Cette certification a pour objectif principal de d\u00e9velopper des leaders efficaces aptes \u00e0 mobiliser des \u00e9quipes, \u00e0 r\u00e9gler des conflits, \u00e0 affronter le changement avec comp\u00e9tence et \u00e0 relever les d\u00e9fis auxquels leur propre organisation est confront\u00e9e.<\/h5>\n<p>DESCRIPTION DES MODULES DE LA CERTIFICATION<\/p>\n<div class=\"grid_12 \">\n<h4 class=\"p1\"><b>Module :\u00a0<i>la gestion par les forces<\/i><\/b><\/h4>\n<ul class=\"ul1\">\n<li class=\"li1\">Comprendre ce qu\u2019est une\u00a0force.<\/li>\n<li class=\"li1\">Conna\u00eetre les moyens d\u2019identifier les\u00a0forces\u00a0de ses clients\/de son personnel.<\/li>\n<li class=\"li1\">Conna\u00eetre ses propres\u00a0forces\u00a0(passation pr\u00e9alable d\u2019un questionnaire gratuit disponible sur Internet) et mieux les mettre \u00e0 profit.<\/li>\n<li class=\"li1\">R\u00e9aliser les \u00e9tapes pour d\u00e9velopper l\u2019utilisation des\u00a0forces\u00a0au travail.<\/li>\n<li class=\"li1\">Prendre connaissance de diff\u00e9rentes implantations de la gestion par les\u00a0forces\u00a0en milieux r\u00e9els.<\/li>\n<\/ul>\n<p>&nbsp;<\/p>\n<\/div>\n<div class=\"grid_12 \">\n<h4><strong>Module<\/strong>\u00a0:\u00a0<em>habilet\u00e9s de communication<br \/>\n<\/em><\/h4>\n<ul>\n<li>Communiquer de fa\u00e7on claire et significative la vision et les r\u00e9sultats attendus.<\/li>\n<li>Rendre ses pr\u00e9sentations orales et \u00e9crites plus efficaces et plus convaincantes.<\/li>\n<li>Se pr\u00e9parer pour une pr\u00e9sentation devant des coll\u00e8gues, des patrons, un client ou le conseil d\u2019administration.<\/li>\n<li>Se d\u00e9marquer et augmenter ses chances de faire bonne impression et d\u2019influencer son auditoire.<\/li>\n<li>Consolider son \u00e9quipe gr\u00e2ce \u00e0 une communication relationnelle.<\/li>\n<\/ul>\n<p>&nbsp;<\/p>\n<\/div>\n<div class=\"grid_12 \">\n<h4><strong>Module<\/strong>\u00a0:\u00a0<em>le leadership cr\u00e9atif<\/em><\/h4>\n<ul>\n<li>Reconna\u00eetre l\u2019importance de l\u2019innovation et de la cr\u00e9ativit\u00e9 pour son organisation.<\/li>\n<li>Conna\u00eetre les traits personnels et professionnels des personnes cr\u00e9atives.<\/li>\n<li>Se sensibiliser au processus cr\u00e9atif et innovateur.<\/li>\n<li>Reconna\u00eetre les comp\u00e9tences des leaders cr\u00e9atifs et innovateurs afin de d\u00e9velopper des comportements propices au d\u00e9veloppement de sa cr\u00e9ativit\u00e9.<\/li>\n<li>Pratiquer une technique de g\u00e9n\u00e9ration d\u2019id\u00e9es.<\/li>\n<li>\u00c9tablir un environnement d\u2019innovation et de cr\u00e9ativit\u00e9 dans son organisation.<\/li>\n<\/ul>\n<p>&nbsp;<\/p>\n<\/div>\n<div class=\"grid_12 \">\n<h4><strong>Module<\/strong>\u00a0:\u00a0<em>mobilisation des \u00e9quipes<\/em><\/h4>\n<ul>\n<li>D\u00e9velopper des relations, mobiliser et encadrer les employ\u00e9s.<\/li>\n<li>Accro\u00eetre le niveau de performance d\u2019une \u00e9quipe.<\/li>\n<li>Stimuler et appuyer ses employ\u00e9s afin qu\u2019ils atteignent leurs diff\u00e9rents objectifs.<\/li>\n<li>R\u00e9ussir \u00e0 d\u00e9velopper des leaders dans son organisation.<\/li>\n<li>Inspirer et diriger dans des circonstances difficiles.<\/li>\n<li>R\u00e9ussir \u00e0 augmenter constamment l\u2019engagement et la productivit\u00e9 de son \u00e9quipe.<\/li>\n<li>Cr\u00e9er un climat de travail mobilisateur pour son \u00e9quipe.<\/li>\n<li>Reconna\u00eetre l\u2019importance de la reconnaissance pour la performance de l\u2019organisation.<\/li>\n<li>Comprendre les caract\u00e9ristiques fondamentales de la bonne reconnaissance.<\/li>\n<li>Implanter de fa\u00e7on judicieuse ces pratiques au sein de son organisation.<\/li>\n<\/ul>\n<p>&nbsp;<\/p>\n<\/div>\n<div class=\"clear\"><\/div>\n<div class=\"grid_12 \">\n<h4><strong>Module<\/strong>\u00a0:\u00a0<em>coaching et gestion des talents<\/em><\/h4>\n<ul>\n<li>Apprendre des outils avanc\u00e9s de l\u2019intelligence \u00e9motionnelle et de d\u00e9codage de personnalit\u00e9s pour maximiser la performance et l\u2019engagement de chaque membre de l\u2019\u00e9quipe .<\/li>\n<li>Fournir des strat\u00e9gies pour mobiliser, influencer et persuader \u00e0 travers des techniques avanc\u00e9es de communication efficace et du langage d\u2019influence.<\/li>\n<li>Comprendre l\u2019impact des perceptions, des valeurs et des croyances.<\/li>\n<li>Renforcer ses habilet\u00e9s d\u2019\u00e9coute, de questionnement et de r\u00e9troaction constructive.<\/li>\n<\/ul>\n<p>&nbsp;<\/p>\n<\/div>\n<div class=\"grid_12 \">\n<h4><strong>Module<\/strong>\u00a0:\u00a0<em>les habilet\u00e9s politiques et l\u2019influence<\/em><\/h4>\n<ul>\n<li>R\u00e9ussir \u00e0 influencer les diff\u00e9rents intervenants de son organisation.<\/li>\n<li>Faire accepter ses diff\u00e9rentes demandes aupr\u00e8s de la direction de son organisation et aupr\u00e8s de ses partenaires.<\/li>\n<li>Conna\u00eetre les meilleures strat\u00e9gies pour devenir un acteur efficace au sein de son organisation.<\/li>\n<li>Conna\u00eetre les meilleures techniques pour cr\u00e9er des alliances strat\u00e9giques et les faire durer.<\/li>\n<li>Faire valoir ses id\u00e9es et rallier les diff\u00e9rents intervenants autour de ses projets.<\/li>\n<li>Devenir un acteur strat\u00e9gique et \u00e9thique.<\/li>\n<li>R\u00e9ussir \u00e0 exercer son influence en situation complexe.<\/li>\n<\/ul>\n<\/div>\n<\/div>\n<p>&nbsp;<\/p>\n<div id=\"page-content\">\n<h4 class=\"p1\"><b>Module :\u00a0<i>le courage manag\u00e9rial<\/i><\/b><\/h4>\n<ul class=\"ul1\">\n<li class=\"li1\">Am\u00e9liorer la notion de courage manag\u00e9rial et de son importance.<\/li>\n<li class=\"li1\">Appr\u00e9cier son propre degr\u00e9 de courage et identifier les \u00e9l\u00e9ments \u00e0 am\u00e9liorer.<\/li>\n<li class=\"li1\">Mettre en \u0153uvre des outils d\u2019impact et de prise de d\u00e9cision.<\/li>\n<li class=\"li1\">Favoriser le courage en \u00e9quipe.<\/li>\n<li class=\"li1\">Contribuer positivement au d\u00e9veloppement d\u2019une culture de courage<\/li>\n<\/ul>\n<div class=\"grid_6 \">\n<div class=\"sm_hr\"><\/div>\n<\/div>\n<div class=\"grid_12 \">\n<h4><b>Travail d\u2019int\u00e9gration<\/b><\/h4>\n<p><i><span class=\"il\">Un<\/span>\u00a0<span class=\"il\">travail<\/span>\u00a0<span class=\"il\">d<\/span>\u2019<span class=\"il\">int\u00e9gration<\/span>\u00a0est obligatoire \u00e0 l\u2019obtention de la Certification. Ce\u00a0<span class=\"il\">travail<\/span>\u00a0est \u00e0 faire \u00e0 la suite\u00a0de la formation. Vous aurez 3 semaines pour le compl\u00e9ter. Il s&#8217;agit\u00a0<span class=\"il\">d<\/span>&#8216;une r\u00e9flexion personnelle, l\u2019objectif est de faire le lien entre les apprentissages vus en formation et votre r\u00e9alit\u00e9 \u00e0 titre de gestionnaire dans votre organisation.\u00a0<\/i><\/p>\n<\/div>\n<p>&nbsp;<\/p>\n<p>L\u2019Institut de leadership est un organisme formateur agr\u00e9e par la Commission des partenaires du march\u00e9 du travail (CPMT). N\u2019h\u00e9sitez pas \u00e0 contacter votre centre local de Services-Qu\u00e9bec de votre r\u00e9gion pour valider la possibilit\u00e9 d\u2019obtenir des subventions pour les formations en entreprise.<\/p>\n<div class=\"grid_6 \">\n<div class=\"sm_hr\"><a href=\"https:\/\/www.institutleadership.ca\/montreal\/wp-content\/uploads\/sites\/7\/2021\/11\/Info-1.png\"><img decoding=\"async\" loading=\"lazy\" class=\"alignnone wp-image-13689\" src=\"https:\/\/www.institutleadership.ca\/montreal\/wp-content\/uploads\/sites\/7\/2021\/11\/Info-1.png\" alt=\"\" width=\"23\" height=\"24\" srcset=\"https:\/\/www.institutleadership.ca\/montreal\/wp-content\/uploads\/sites\/7\/2021\/11\/Info-1.png 170w, https:\/\/www.institutleadership.ca\/montreal\/wp-content\/uploads\/sites\/7\/2021\/11\/Info-1-150x150.png 150w, https:\/\/www.institutleadership.ca\/montreal\/wp-content\/uploads\/sites\/7\/2021\/11\/Info-1-100x100.png 100w\" sizes=\"(max-width: 23px) 100vw, 23px\" \/><\/a>\u00a0 <a href=\"https:\/\/www.institutleadership.ca\/montreal\/contact\/\">Contactez-nous pour discuter de vos besoins pr\u00e9cis d&#8217;organisation\u00a0<\/a><\/div>\n<\/div>\n<\/div>\n<\/div>\n","protected":false},"excerpt":{"rendered":"<p>Votre entreprise \u00e0 des objectifs pr\u00e9cis et des d\u00e9fis dans le domaine ou vous \u00e9voluez ?\u00a0\u00a0Seul dans son genre, ce programme de Certification en leadership et habilet\u00e9s de direction a \u00e9t\u00e9 \u00e9labor\u00e9 en collaboration avec des enseignants universitaires et des &hellip; <\/p>\n","protected":false},"author":17,"featured_media":0,"parent":0,"menu_order":0,"comment_status":"closed","ping_status":"closed","template":"","meta":{"content-type":""},"yoast_head":"<!-- This site is optimized with the Yoast SEO plugin v20.6 - https:\/\/yoast.com\/wordpress\/plugins\/seo\/ -->\n<title>Certification en leadership et habilet\u00e9s de direction en entreprise - Canada - Institut de Leadership<\/title>\n<meta name=\"robots\" content=\"index, follow, max-snippet:-1, max-image-preview:large, max-video-preview:-1\" \/>\n<link rel=\"canonical\" href=\"https:\/\/www.institutleadership.ca\/montreal\/certification-en-leadership-et-habiletes-de-direction-en-entreprise\/\" \/>\n<meta property=\"og:locale\" content=\"fr_CA\" \/>\n<meta property=\"og:type\" content=\"article\" \/>\n<meta property=\"og:title\" content=\"Certification en leadership et habilet\u00e9s de direction en entreprise - Canada - Institut de Leadership\" \/>\n<meta property=\"og:description\" content=\"Votre entreprise \u00e0 des objectifs pr\u00e9cis et des d\u00e9fis dans le domaine ou vous \u00e9voluez ?\u00a0\u00a0Seul dans son genre, ce programme de Certification en leadership et habilet\u00e9s de direction a \u00e9t\u00e9 \u00e9labor\u00e9 en collaboration avec des enseignants universitaires et des &hellip;\" \/>\n<meta property=\"og:url\" content=\"https:\/\/www.institutleadership.ca\/montreal\/certification-en-leadership-et-habiletes-de-direction-en-entreprise\/\" \/>\n<meta property=\"og:site_name\" content=\"Canada - Institut de Leadership\" \/>\n<meta property=\"article:publisher\" content=\"https:\/\/www.facebook.com\/institutleadership\/\" \/>\n<meta property=\"article:modified_time\" content=\"2021-11-25T14:41:55+00:00\" \/>\n<meta property=\"og:image\" content=\"https:\/\/www.institutleadership.ca\/montreal\/wp-content\/uploads\/sites\/7\/2021\/11\/Info-1.png\" \/>\n<meta name=\"twitter:card\" content=\"summary_large_image\" \/>\n<meta name=\"twitter:label1\" content=\"Estimation du temps de lecture\" \/>\n\t<meta name=\"twitter:data1\" content=\"4 minutes\" \/>\n<script type=\"application\/ld+json\" class=\"yoast-schema-graph\">{\"@context\":\"https:\/\/schema.org\",\"@graph\":[{\"@type\":\"WebPage\",\"@id\":\"https:\/\/www.institutleadership.ca\/montreal\/certification-en-leadership-et-habiletes-de-direction-en-entreprise\/\",\"url\":\"https:\/\/www.institutleadership.ca\/montreal\/certification-en-leadership-et-habiletes-de-direction-en-entreprise\/\",\"name\":\"Certification en leadership et habilet\u00e9s de direction en entreprise - Canada - Institut de Leadership\",\"isPartOf\":{\"@id\":\"https:\/\/www.institutleadership.ca\/montreal\/#website\"},\"datePublished\":\"2021-11-24T16:12:45+00:00\",\"dateModified\":\"2021-11-25T14:41:55+00:00\",\"breadcrumb\":{\"@id\":\"https:\/\/www.institutleadership.ca\/montreal\/certification-en-leadership-et-habiletes-de-direction-en-entreprise\/#breadcrumb\"},\"inLanguage\":\"fr-CA\",\"potentialAction\":[{\"@type\":\"ReadAction\",\"target\":[\"https:\/\/www.institutleadership.ca\/montreal\/certification-en-leadership-et-habiletes-de-direction-en-entreprise\/\"]}]},{\"@type\":\"BreadcrumbList\",\"@id\":\"https:\/\/www.institutleadership.ca\/montreal\/certification-en-leadership-et-habiletes-de-direction-en-entreprise\/#breadcrumb\",\"itemListElement\":[{\"@type\":\"ListItem\",\"position\":1,\"name\":\"Accueil\",\"item\":\"https:\/\/www.institutleadership.ca\/montreal\/\"},{\"@type\":\"ListItem\",\"position\":2,\"name\":\"Certification en leadership et habilet\u00e9s de direction en entreprise\"}]},{\"@type\":\"WebSite\",\"@id\":\"https:\/\/www.institutleadership.ca\/montreal\/#website\",\"url\":\"https:\/\/www.institutleadership.ca\/montreal\/\",\"name\":\"Institut de leadership\",\"description\":\"Formations pour cadres et dirigeants\",\"publisher\":{\"@id\":\"https:\/\/www.institutleadership.ca\/montreal\/#organization\"},\"potentialAction\":[{\"@type\":\"SearchAction\",\"target\":{\"@type\":\"EntryPoint\",\"urlTemplate\":\"https:\/\/www.institutleadership.ca\/montreal\/?s={search_term_string}\"},\"query-input\":\"required name=search_term_string\"}],\"inLanguage\":\"fr-CA\"},{\"@type\":\"Organization\",\"@id\":\"https:\/\/www.institutleadership.ca\/montreal\/#organization\",\"name\":\"Institut de leadership\",\"url\":\"https:\/\/www.institutleadership.ca\/montreal\/\",\"logo\":{\"@type\":\"ImageObject\",\"inLanguage\":\"fr-CA\",\"@id\":\"https:\/\/www.institutleadership.ca\/montreal\/#\/schema\/logo\/image\/\",\"url\":\"https:\/\/www.institutleadership.ca\/montreal\/wp-content\/uploads\/sites\/7\/2019\/11\/Logo_Officiel-2-1.jpg\",\"contentUrl\":\"https:\/\/www.institutleadership.ca\/montreal\/wp-content\/uploads\/sites\/7\/2019\/11\/Logo_Officiel-2-1.jpg\",\"width\":2048,\"height\":1024,\"caption\":\"Institut de leadership\"},\"image\":{\"@id\":\"https:\/\/www.institutleadership.ca\/montreal\/#\/schema\/logo\/image\/\"},\"sameAs\":[\"https:\/\/www.facebook.com\/institutleadership\/\",\"https:\/\/www.linkedin.com\/school\/5305840\"]}]}<\/script>\n<!-- \/ Yoast SEO plugin. -->","yoast_head_json":{"title":"Certification en leadership et habilet\u00e9s de direction en entreprise - Canada - Institut de Leadership","robots":{"index":"index","follow":"follow","max-snippet":"max-snippet:-1","max-image-preview":"max-image-preview:large","max-video-preview":"max-video-preview:-1"},"canonical":"https:\/\/www.institutleadership.ca\/montreal\/certification-en-leadership-et-habiletes-de-direction-en-entreprise\/","og_locale":"fr_CA","og_type":"article","og_title":"Certification en leadership et habilet\u00e9s de direction en entreprise - Canada - Institut de Leadership","og_description":"Votre entreprise \u00e0 des objectifs pr\u00e9cis et des d\u00e9fis dans le domaine ou vous \u00e9voluez ?\u00a0\u00a0Seul dans son genre, ce programme de Certification en leadership et habilet\u00e9s de direction a \u00e9t\u00e9 \u00e9labor\u00e9 en collaboration avec des enseignants universitaires et des &hellip;","og_url":"https:\/\/www.institutleadership.ca\/montreal\/certification-en-leadership-et-habiletes-de-direction-en-entreprise\/","og_site_name":"Canada - Institut de Leadership","article_publisher":"https:\/\/www.facebook.com\/institutleadership\/","article_modified_time":"2021-11-25T14:41:55+00:00","og_image":[{"url":"https:\/\/www.institutleadership.ca\/montreal\/wp-content\/uploads\/sites\/7\/2021\/11\/Info-1.png"}],"twitter_card":"summary_large_image","twitter_misc":{"Estimation du temps de lecture":"4 minutes"},"schema":{"@context":"https:\/\/schema.org","@graph":[{"@type":"WebPage","@id":"https:\/\/www.institutleadership.ca\/montreal\/certification-en-leadership-et-habiletes-de-direction-en-entreprise\/","url":"https:\/\/www.institutleadership.ca\/montreal\/certification-en-leadership-et-habiletes-de-direction-en-entreprise\/","name":"Certification en leadership et habilet\u00e9s de direction en entreprise - Canada - Institut de Leadership","isPartOf":{"@id":"https:\/\/www.institutleadership.ca\/montreal\/#website"},"datePublished":"2021-11-24T16:12:45+00:00","dateModified":"2021-11-25T14:41:55+00:00","breadcrumb":{"@id":"https:\/\/www.institutleadership.ca\/montreal\/certification-en-leadership-et-habiletes-de-direction-en-entreprise\/#breadcrumb"},"inLanguage":"fr-CA","potentialAction":[{"@type":"ReadAction","target":["https:\/\/www.institutleadership.ca\/montreal\/certification-en-leadership-et-habiletes-de-direction-en-entreprise\/"]}]},{"@type":"BreadcrumbList","@id":"https:\/\/www.institutleadership.ca\/montreal\/certification-en-leadership-et-habiletes-de-direction-en-entreprise\/#breadcrumb","itemListElement":[{"@type":"ListItem","position":1,"name":"Accueil","item":"https:\/\/www.institutleadership.ca\/montreal\/"},{"@type":"ListItem","position":2,"name":"Certification en leadership et habilet\u00e9s de direction en entreprise"}]},{"@type":"WebSite","@id":"https:\/\/www.institutleadership.ca\/montreal\/#website","url":"https:\/\/www.institutleadership.ca\/montreal\/","name":"Institut de leadership","description":"Formations pour cadres et dirigeants","publisher":{"@id":"https:\/\/www.institutleadership.ca\/montreal\/#organization"},"potentialAction":[{"@type":"SearchAction","target":{"@type":"EntryPoint","urlTemplate":"https:\/\/www.institutleadership.ca\/montreal\/?s={search_term_string}"},"query-input":"required name=search_term_string"}],"inLanguage":"fr-CA"},{"@type":"Organization","@id":"https:\/\/www.institutleadership.ca\/montreal\/#organization","name":"Institut de leadership","url":"https:\/\/www.institutleadership.ca\/montreal\/","logo":{"@type":"ImageObject","inLanguage":"fr-CA","@id":"https:\/\/www.institutleadership.ca\/montreal\/#\/schema\/logo\/image\/","url":"https:\/\/www.institutleadership.ca\/montreal\/wp-content\/uploads\/sites\/7\/2019\/11\/Logo_Officiel-2-1.jpg","contentUrl":"https:\/\/www.institutleadership.ca\/montreal\/wp-content\/uploads\/sites\/7\/2019\/11\/Logo_Officiel-2-1.jpg","width":2048,"height":1024,"caption":"Institut de leadership"},"image":{"@id":"https:\/\/www.institutleadership.ca\/montreal\/#\/schema\/logo\/image\/"},"sameAs":["https:\/\/www.facebook.com\/institutleadership\/","https:\/\/www.linkedin.com\/school\/5305840"]}]}},"_links":{"self":[{"href":"https:\/\/www.institutleadership.ca\/montreal\/wp-json\/wp\/v2\/pages\/13708"}],"collection":[{"href":"https:\/\/www.institutleadership.ca\/montreal\/wp-json\/wp\/v2\/pages"}],"about":[{"href":"https:\/\/www.institutleadership.ca\/montreal\/wp-json\/wp\/v2\/types\/page"}],"author":[{"embeddable":true,"href":"https:\/\/www.institutleadership.ca\/montreal\/wp-json\/wp\/v2\/users\/17"}],"replies":[{"embeddable":true,"href":"https:\/\/www.institutleadership.ca\/montreal\/wp-json\/wp\/v2\/comments?post=13708"}],"version-history":[{"count":7,"href":"https:\/\/www.institutleadership.ca\/montreal\/wp-json\/wp\/v2\/pages\/13708\/revisions"}],"predecessor-version":[{"id":13740,"href":"https:\/\/www.institutleadership.ca\/montreal\/wp-json\/wp\/v2\/pages\/13708\/revisions\/13740"}],"wp:attachment":[{"href":"https:\/\/www.institutleadership.ca\/montreal\/wp-json\/wp\/v2\/media?parent=13708"}],"curies":[{"name":"wp","href":"https:\/\/api.w.org\/{rel}","templated":true}]}}