{"id":16405,"date":"2024-05-23T08:51:41","date_gmt":"2024-05-23T12:51:41","guid":{"rendered":"https:\/\/www.institutleadership.ca\/montreal\/?page_id=16405"},"modified":"2024-10-03T07:16:33","modified_gmt":"2024-10-03T11:16:33","slug":"certification-en-strategie-numerique","status":"publish","type":"page","link":"https:\/\/www.institutleadership.ca\/montreal\/certification-en-strategie-numerique\/","title":{"rendered":"Certification en strat\u00e9gie de marque num\u00e9rique"},"content":{"rendered":"<p><a href=\"https:\/\/www.institutleadership.ca\/montreal\/wp-content\/uploads\/sites\/7\/2024\/09\/Strategie-numerique-v4-2.png\"><img decoding=\"async\" loading=\"lazy\" class=\"alignnone wp-image-16750 size-large\" src=\"https:\/\/www.institutleadership.ca\/montreal\/wp-content\/uploads\/sites\/7\/2024\/09\/Strategie-numerique-v4-2-1024x727.png\" alt=\"\" width=\"640\" height=\"454\" srcset=\"https:\/\/www.institutleadership.ca\/montreal\/wp-content\/uploads\/sites\/7\/2024\/09\/Strategie-numerique-v4-2-1024x727.png 1024w, https:\/\/www.institutleadership.ca\/montreal\/wp-content\/uploads\/sites\/7\/2024\/09\/Strategie-numerique-v4-2-300x213.png 300w, https:\/\/www.institutleadership.ca\/montreal\/wp-content\/uploads\/sites\/7\/2024\/09\/Strategie-numerique-v4-2-768x545.png 768w, https:\/\/www.institutleadership.ca\/montreal\/wp-content\/uploads\/sites\/7\/2024\/09\/Strategie-numerique-v4-2-1536x1090.png 1536w, https:\/\/www.institutleadership.ca\/montreal\/wp-content\/uploads\/sites\/7\/2024\/09\/Strategie-numerique-v4-2-600x426.png 600w, https:\/\/www.institutleadership.ca\/montreal\/wp-content\/uploads\/sites\/7\/2024\/09\/Strategie-numerique-v4-2.png 1749w\" sizes=\"(max-width: 640px) 100vw, 640px\" \/><\/a><\/p>\n<p>&nbsp;<\/p>\n<h1 class=\"null\">Certification en strat\u00e9gie de marque num\u00e9rique en ligne \u00e0 485$* (tarif r\u00e9gulier 2 495$)<\/h1>\n<p>&nbsp;<\/p>\n<div>L\u2019Institut de leadership est fi\u00e8re de vous pr\u00e9senter la toute nouvelle Certification en strat\u00e9gie de marque num\u00e9rique.<\/div>\n<div><\/div>\n<div>\n<p>L\u2019objectif principal de cette certification est de fournir aux participants les comp\u00e9tences et les connaissances n\u00e9cessaires pour d\u00e9velopper, g\u00e9rer et optimiser efficacement une marque dans l\u2019environnement num\u00e9rique. Cela inclut la capacit\u00e9 \u00e0 utiliser les outils, techniques et strat\u00e9gies modernes pour renforcer la pr\u00e9sence en ligne, am\u00e9liorer l\u2019engagement des clients et augmenter la notori\u00e9t\u00e9 et la valeur de la marque. L\u2019environnement est favorable aux discussions et partages d\u2019exp\u00e9rience peu importe votre niveau de connaissance dans le domaine et votre secteur d\u2019activit\u00e9.<\/p>\n<\/div>\n<p>&nbsp;<\/p>\n<h3 class=\"null\"><u><strong>Voici les grandes lignes :<\/strong><\/u><\/h3>\n<ul>\n<li><strong>Tarif de 485 $* (prix r\u00e9gulier de 2495 $);<\/strong><br \/>\n* Le tarif de la formation est de 995$ + taxes. Vous pourriez recevoir une subvention salariale suppl\u00e9mentaire jusqu&#8217;\u00e0 510$ si vous \u00eates pr\u00e9sent lors des formations, que vous \u00eates admissible\u00a0et que vous soumettez une preuve salariale;<\/li>\n<li>Cette formation s&#8217;adresse \u00e0 toutes les entreprises situ\u00e9es au Qu\u00e9bec;<\/li>\n<li>En bonus: 4 d\u00eeners-conf\u00e9rences par des experts qui ont une forte exp\u00e9rience en strat\u00e9gie num\u00e9rique les 6, 12, 28 novembre et 4 d\u00e9cem;<\/li>\n<li><strong>Dates :<\/strong> de fin octobre \u00e0 d\u00e9but d\u00e9cembre : diff\u00e9rents horaires selon les groupes, une demi-journ\u00e9e de formation par semaine pour 6 semaines cons\u00e9cutives;<\/li>\n<li>Client\u00e8le cible : Toute personne (travailleurs autonomes,\u00a0membres de la direction, gestionnaires, cadres, entrepreneurs, postes \u00e0 responsabilit\u00e9)\u00a0qui d\u00e9sire s\u2019outiller et d\u00e9velopper leurs connaissances en communication marketing num\u00e9rique.<\/li>\n<\/ul>\n<p>&nbsp;<\/p>\n<div class=\"grid_12 \">\n<h3>DESCRIPTION DES MODULES DE LA CERTIFICATION<\/h3>\n<\/div>\n<div class=\"grid_12 \">\n<h4 class=\"p1\"><em><b>Module : <strong>Fondations de la strat\u00e9gie de marque num\u00e9rique\u00a0<\/strong><\/b><\/em><\/h4>\n<ul class=\"ul1\">\n<li class=\"li1\">Introduction au r\u00f4le du positionnement et de la strat\u00e9gie de marque num\u00e9rique.<\/li>\n<li class=\"li1\">Exploration des questions fondamentales pr\u00e9alables \u00e0 la d\u00e9finition de la strat\u00e9gie num\u00e9rique.<\/li>\n<li class=\"li1\">Compr\u00e9hension des fondements qui construisent les valeurs des marques.<\/li>\n<li class=\"li1\">Aper\u00e7u des piliers sur lesquels construire une marque num\u00e9rique.<\/li>\n<\/ul>\n<\/div>\n<h4 class=\"p1\"><em><b>Module : <strong>D\u00e9veloppement de l&#8217;Identit\u00e9 de marque <\/strong><\/b><\/em><\/h4>\n<ul class=\"ul1\">\n<li class=\"li1\">M\u00e9thodes pour le d\u00e9veloppement d\u2019une marque forte.<\/li>\n<li class=\"li1\">Identification des v\u00e9rit\u00e9s profondes de la marque.<\/li>\n<li class=\"li1\">D\u00e9termination des th\u00e9matiques cl\u00e9s pour la communication de la marque.<\/li>\n<li class=\"li1\">\u00c9laboration d\u2019une strat\u00e9gie pertinente et sp\u00e9cifique pour sa marque.<\/li>\n<\/ul>\n<h4 class=\"p1\"><em><b>Module : <strong>Strat\u00e9gie de communication et engagement<\/strong><\/b><\/em><\/h4>\n<ul class=\"ul1\">\n<li class=\"li1\">D\u00e9finition d\u2019une strat\u00e9gie de marque fond\u00e9e sur l\u2019int\u00e9gration coh\u00e9rente des canaux de communication num\u00e9rique.<\/li>\n<li class=\"li1\">Techniques pour faire vivre la strat\u00e9gie de marque \u00e0 travers ces canaux.<\/li>\n<li class=\"li1\">Maximiser l\u2019engagement entre la marque et les consommateurs \u00e0 chaque \u00e9tape du cycle d\u2019achat.<\/li>\n<\/ul>\n<h4 class=\"p1\"><em><b>Module : <strong>Strat\u00e9gie d\u2019exp\u00e9rience client et fid\u00e9lisation<br \/>\n<\/strong><\/b><\/em><\/h4>\n<ul class=\"ul1\">\n<li class=\"li1\">Vue d\u2019ensemble de l\u2019exp\u00e9rience client sur le web et son impact sur la perception de la marque.<\/li>\n<li class=\"li1\">Compr\u00e9hension des comportements et des besoins des consommateurs pour mieux les anticiper.<\/li>\n<li class=\"li1\">Identification et optimisation du r\u00f4le de chaque point de contact dans l\u2019exp\u00e9rience client.<\/li>\n<li class=\"li1\">Strat\u00e9gies pour g\u00e9rer la relation client afin de cr\u00e9er de la loyaut\u00e9 et maintenir une relation durable.<\/li>\n<\/ul>\n<p>&nbsp;<\/p>\n<h4><strong>Ce programme est pour l\u2019ensemble du Qu\u00e9bec et est offert en ligne. Vous pouvez donc vous inscrire selon l&#8217;horaire qui vous convient le mieux.\u00a0<\/strong><\/h4>\n<h4><\/h4>\n<h4><strong>CLIQUEZ SUR L&#8217;HORAIRE DE VOTRE CHOIX POUR VOUS INSCRIRE \u00c0 L&#8217;UN DES GROUPES EN LIGNE :\u00a0<\/strong><\/h4>\n<p>&nbsp;<\/p>\n<ul>\n<li><a href=\"https:\/\/ccivr.com\/activite\/certification_numerique\/\"><span class=\"s1\"><span class=\"s2\">TOUS LES MARDIS AM <\/span><\/span><span class=\"s1\"><span class=\"s2\">(<\/span><\/span><span class=\"s1\"><span class=\"s2\">8h30 \u00e0 12h30) du 29 octobre au 3 d\u00e9cembre 2024 pour 6 semaines cons\u00e9cutives<\/span><\/span><\/a><\/li>\n<\/ul>\n<p>&nbsp;<\/p>\n<ul class=\"ul1\">\n<li class=\"li1\"><a href=\"https:\/\/billetterie.membri365.com\/eventdetails\/contactinformation?chamberid=1DF85392-AA5B-446E-9843-5A4B545C755B&amp;eventid=1160e994-011d-ef11-840a-0022483c617a\"><span class=\"s1\"><span class=\"s2\">TOUS LES MERCREDIS AM (8h30 \u00e0 12h30) du 30 octobre au 11 d\u00e9cembre 2024 pour 7 semaines cons\u00e9cutives avec une pause la semaine du 4 d\u00e9cembre<\/span><\/span><\/a><\/li>\n<\/ul>\n<p>&nbsp;<\/p>\n<ul>\n<li><a href=\"https:\/\/billetterie.membri365.com\/eventdetails\/contactinformation?chamberid=40DEEBE4-137E-4C14-BC3F-48FDAD509F63&amp;eventid=395d341d-1824-ef11-840a-002248b1a9ac\"><span class=\"s1\"><span class=\"s2\">GROUPE 1 -TOUS LES MERCREDIS PM (13h \u00e0 17h) du 30 octobre au 4 d\u00e9cembre 2024 pour 6 semaines cons\u00e9cutives<\/span><\/span><\/a><\/li>\n<\/ul>\n<p>&nbsp;<\/p>\n<ul>\n<li><a href=\"https:\/\/ccibdc.ca\/evenements-formations\/calendrier\/?id=ac85cbcc-181d-ef11-840a-6045bd5d8e59\"><span class=\"s1\"><span class=\"s2\">GROUPE 2 -TOUS LES MERCREDIS PM (13h \u00e0 17h) du 30 octobre au 4 d\u00e9cembre 2024 pour 6 semaines cons\u00e9cutives<\/span><\/span><\/a><\/li>\n<\/ul>\n<p>&nbsp;<\/p>\n<ul>\n<li><a href=\"https:\/\/billetterie.membri365.com\/eventdetails\/contactinformation?chamberid=B5152CA0-FFD9-4101-BA74-D0979333CEBC&amp;eventid=3530055d-f827-ef11-840b-002248aeaf99\"><span class=\"s1\"><span class=\"s2\">TOUS LES JEUDIS AM (8h30 \u00e0 12h30) du 31 octobre au 5 d\u00e9cembre 2024 pour 6 semaines cons\u00e9cutives<\/span><\/span><\/a><\/li>\n<\/ul>\n<p>&nbsp;<\/p>\n<ul>\n<li><a href=\"https:\/\/ccimoulins.com\/activites\/terrebonne\/certification-en-strategie-de-marque-numerique\/3fae44bc-f628-ef11-840b-002248af66aa\/\"><span class=\"s1\"><span class=\"s2\">TOUS LES JEUDIS PM (13h \u00e0 17h) du 31 octobre au 5 d\u00e9cembre 2024 pour 6 semaines cons\u00e9cutives<\/span><\/span><\/a><\/li>\n<\/ul>\n<p>&nbsp;<\/p>\n<ul>\n<li><a href=\"https:\/\/ccihr.ca\/evenement\/certification-en-strategie-de-marque-numerique\/\"><span class=\"s1\"><span class=\"s2\">TOUS LES VENDREDIS AM (8h30 \u00e0 12h30) du 1 novembre au 5 d\u00e9cembre 2024 pour 6 semaines cons\u00e9cutives<\/span><\/span><\/a><\/li>\n<\/ul>\n<p>&nbsp;<\/p>\n<h4><strong>D\u00e9couvrez nos experts qui offriront les formations :\u00a0<\/strong><\/h4>\n<p><a href=\"https:\/\/www.institutleadership.ca\/montreal\/wp-content\/uploads\/sites\/7\/2024\/09\/Experts-Strategie-numerique-1.png\"><img decoding=\"async\" loading=\"lazy\" class=\"alignnone size-large wp-image-16754\" src=\"https:\/\/www.institutleadership.ca\/montreal\/wp-content\/uploads\/sites\/7\/2024\/09\/Experts-Strategie-numerique-1-1024x727.png\" alt=\"\" width=\"640\" height=\"454\" srcset=\"https:\/\/www.institutleadership.ca\/montreal\/wp-content\/uploads\/sites\/7\/2024\/09\/Experts-Strategie-numerique-1-1024x727.png 1024w, https:\/\/www.institutleadership.ca\/montreal\/wp-content\/uploads\/sites\/7\/2024\/09\/Experts-Strategie-numerique-1-300x213.png 300w, https:\/\/www.institutleadership.ca\/montreal\/wp-content\/uploads\/sites\/7\/2024\/09\/Experts-Strategie-numerique-1-768x545.png 768w, https:\/\/www.institutleadership.ca\/montreal\/wp-content\/uploads\/sites\/7\/2024\/09\/Experts-Strategie-numerique-1-1536x1090.png 1536w, https:\/\/www.institutleadership.ca\/montreal\/wp-content\/uploads\/sites\/7\/2024\/09\/Experts-Strategie-numerique-1-600x426.png 600w, https:\/\/www.institutleadership.ca\/montreal\/wp-content\/uploads\/sites\/7\/2024\/09\/Experts-Strategie-numerique-1.png 1749w\" sizes=\"(max-width: 640px) 100vw, 640px\" \/><\/a><\/p>\n<p>&nbsp;<\/p>\n<p>&nbsp;<\/p>\n<p>&nbsp;<\/p>\n<p>&nbsp;<\/p>\n<p><strong>* Voici la\u00a0liste\u00a0des\u00a0entreprises qui ne sont pas\u00a0admissibles\u00a0\u00e0 la\u00a0subvention\u00a0salariale:<\/strong><\/p>\n<ul>\n<li>Les minist\u00e8res et les organismes du gouvernement du Qu\u00e9bec.<\/li>\n<li>Les minist\u00e8res, les organismes et les soci\u00e9t\u00e9s d\u2019\u00c9tat du gouvernement du Canada<\/li>\n<li>Les entreprises ou les organismes financ\u00e9s \u00e0 plus de 50 % par\u00a0des\u00a0fonds publics, \u00e0 l\u2019exception de celles et ceux qui font partie du secteur relevant du Comit\u00e9 sectoriel de main-d\u2019\u0153uvre de l\u2019\u00e9conomie sociale et de l\u2019action communautaire, du Conseil qu\u00e9b\u00e9cois\u00a0des\u00a0ressources humaines en culture (Comp\u00e9tences culture) ainsi que\u00a0des\u00a0centres d\u2019h\u00e9bergement et de soins de longue dur\u00e9e (CHSLD) priv\u00e9s non conventionn\u00e9s.<\/li>\n<li>Les partis ou les associations politiques.<\/li>\n<li>Les municipalit\u00e9s.<\/li>\n<li>Les travailleurs autonomes<\/li>\n<\/ul>\n","protected":false},"excerpt":{"rendered":"<p>&nbsp; Certification en strat\u00e9gie de marque num\u00e9rique en ligne \u00e0 485$* (tarif r\u00e9gulier 2 495$) &nbsp; L\u2019Institut de leadership est fi\u00e8re de vous pr\u00e9senter la toute nouvelle Certification en strat\u00e9gie de marque num\u00e9rique. L\u2019objectif principal de cette certification est de &hellip; <\/p>\n","protected":false},"author":17,"featured_media":16773,"parent":0,"menu_order":0,"comment_status":"closed","ping_status":"closed","template":"","meta":{"content-type":""},"yoast_head":"<!-- This site is optimized with the Yoast SEO plugin v20.6 - https:\/\/yoast.com\/wordpress\/plugins\/seo\/ -->\n<title>Certification en strat\u00e9gie de marque num\u00e9rique - Canada - Institut de Leadership<\/title>\n<meta name=\"robots\" content=\"index, follow, max-snippet:-1, max-image-preview:large, max-video-preview:-1\" \/>\n<link rel=\"canonical\" href=\"https:\/\/www.institutleadership.ca\/montreal\/certification-en-strategie-numerique\/\" \/>\n<meta property=\"og:locale\" content=\"fr_CA\" \/>\n<meta property=\"og:type\" content=\"article\" \/>\n<meta property=\"og:title\" content=\"Certification en strat\u00e9gie de marque num\u00e9rique - Canada - Institut de Leadership\" \/>\n<meta property=\"og:description\" content=\"&nbsp; Certification en strat\u00e9gie de marque num\u00e9rique en ligne \u00e0 485$* (tarif r\u00e9gulier 2 495$) &nbsp; L\u2019Institut de leadership est fi\u00e8re de vous pr\u00e9senter la toute nouvelle Certification en strat\u00e9gie de marque num\u00e9rique. L\u2019objectif principal de cette certification est de &hellip;\" \/>\n<meta property=\"og:url\" content=\"https:\/\/www.institutleadership.ca\/montreal\/certification-en-strategie-numerique\/\" \/>\n<meta property=\"og:site_name\" content=\"Canada - Institut de Leadership\" \/>\n<meta property=\"article:publisher\" content=\"https:\/\/www.facebook.com\/institutleadership\/\" \/>\n<meta property=\"article:modified_time\" content=\"2024-10-03T11:16:33+00:00\" \/>\n<meta property=\"og:image\" content=\"https:\/\/www.institutleadership.ca\/montreal\/wp-content\/uploads\/sites\/7\/2024\/10\/Strategie-numerique-v2-min-e1727954168871.png\" \/>\n\t<meta property=\"og:image:width\" content=\"872\" \/>\n\t<meta property=\"og:image:height\" content=\"1229\" \/>\n\t<meta property=\"og:image:type\" content=\"image\/png\" \/>\n<meta name=\"twitter:card\" content=\"summary_large_image\" \/>\n<meta name=\"twitter:label1\" content=\"Estimation du temps de lecture\" \/>\n\t<meta name=\"twitter:data1\" content=\"5 minutes\" \/>\n<script type=\"application\/ld+json\" class=\"yoast-schema-graph\">{\"@context\":\"https:\/\/schema.org\",\"@graph\":[{\"@type\":\"WebPage\",\"@id\":\"https:\/\/www.institutleadership.ca\/montreal\/certification-en-strategie-numerique\/\",\"url\":\"https:\/\/www.institutleadership.ca\/montreal\/certification-en-strategie-numerique\/\",\"name\":\"Certification en strat\u00e9gie de marque num\u00e9rique - Canada - Institut de Leadership\",\"isPartOf\":{\"@id\":\"https:\/\/www.institutleadership.ca\/montreal\/#website\"},\"datePublished\":\"2024-05-23T12:51:41+00:00\",\"dateModified\":\"2024-10-03T11:16:33+00:00\",\"breadcrumb\":{\"@id\":\"https:\/\/www.institutleadership.ca\/montreal\/certification-en-strategie-numerique\/#breadcrumb\"},\"inLanguage\":\"fr-CA\",\"potentialAction\":[{\"@type\":\"ReadAction\",\"target\":[\"https:\/\/www.institutleadership.ca\/montreal\/certification-en-strategie-numerique\/\"]}]},{\"@type\":\"BreadcrumbList\",\"@id\":\"https:\/\/www.institutleadership.ca\/montreal\/certification-en-strategie-numerique\/#breadcrumb\",\"itemListElement\":[{\"@type\":\"ListItem\",\"position\":1,\"name\":\"Accueil\",\"item\":\"https:\/\/www.institutleadership.ca\/montreal\/\"},{\"@type\":\"ListItem\",\"position\":2,\"name\":\"Certification en strat\u00e9gie de marque num\u00e9rique\"}]},{\"@type\":\"WebSite\",\"@id\":\"https:\/\/www.institutleadership.ca\/montreal\/#website\",\"url\":\"https:\/\/www.institutleadership.ca\/montreal\/\",\"name\":\"Institut de leadership\",\"description\":\"Formations pour cadres et dirigeants\",\"publisher\":{\"@id\":\"https:\/\/www.institutleadership.ca\/montreal\/#organization\"},\"potentialAction\":[{\"@type\":\"SearchAction\",\"target\":{\"@type\":\"EntryPoint\",\"urlTemplate\":\"https:\/\/www.institutleadership.ca\/montreal\/?s={search_term_string}\"},\"query-input\":\"required name=search_term_string\"}],\"inLanguage\":\"fr-CA\"},{\"@type\":\"Organization\",\"@id\":\"https:\/\/www.institutleadership.ca\/montreal\/#organization\",\"name\":\"Institut de leadership\",\"url\":\"https:\/\/www.institutleadership.ca\/montreal\/\",\"logo\":{\"@type\":\"ImageObject\",\"inLanguage\":\"fr-CA\",\"@id\":\"https:\/\/www.institutleadership.ca\/montreal\/#\/schema\/logo\/image\/\",\"url\":\"https:\/\/www.institutleadership.ca\/montreal\/wp-content\/uploads\/sites\/7\/2019\/11\/Logo_Officiel-2-1.jpg\",\"contentUrl\":\"https:\/\/www.institutleadership.ca\/montreal\/wp-content\/uploads\/sites\/7\/2019\/11\/Logo_Officiel-2-1.jpg\",\"width\":2048,\"height\":1024,\"caption\":\"Institut de leadership\"},\"image\":{\"@id\":\"https:\/\/www.institutleadership.ca\/montreal\/#\/schema\/logo\/image\/\"},\"sameAs\":[\"https:\/\/www.facebook.com\/institutleadership\/\",\"https:\/\/www.linkedin.com\/school\/5305840\"]}]}<\/script>\n<!-- \/ Yoast SEO plugin. -->","yoast_head_json":{"title":"Certification en strat\u00e9gie de marque num\u00e9rique - Canada - Institut de Leadership","robots":{"index":"index","follow":"follow","max-snippet":"max-snippet:-1","max-image-preview":"max-image-preview:large","max-video-preview":"max-video-preview:-1"},"canonical":"https:\/\/www.institutleadership.ca\/montreal\/certification-en-strategie-numerique\/","og_locale":"fr_CA","og_type":"article","og_title":"Certification en strat\u00e9gie de marque num\u00e9rique - Canada - Institut de Leadership","og_description":"&nbsp; Certification en strat\u00e9gie de marque num\u00e9rique en ligne \u00e0 485$* (tarif r\u00e9gulier 2 495$) &nbsp; L\u2019Institut de leadership est fi\u00e8re de vous pr\u00e9senter la toute nouvelle Certification en strat\u00e9gie de marque num\u00e9rique. L\u2019objectif principal de cette certification est de &hellip;","og_url":"https:\/\/www.institutleadership.ca\/montreal\/certification-en-strategie-numerique\/","og_site_name":"Canada - Institut de Leadership","article_publisher":"https:\/\/www.facebook.com\/institutleadership\/","article_modified_time":"2024-10-03T11:16:33+00:00","og_image":[{"width":872,"height":1229,"url":"https:\/\/www.institutleadership.ca\/montreal\/wp-content\/uploads\/sites\/7\/2024\/10\/Strategie-numerique-v2-min-e1727954168871.png","type":"image\/png"}],"twitter_card":"summary_large_image","twitter_misc":{"Estimation du temps de lecture":"5 minutes"},"schema":{"@context":"https:\/\/schema.org","@graph":[{"@type":"WebPage","@id":"https:\/\/www.institutleadership.ca\/montreal\/certification-en-strategie-numerique\/","url":"https:\/\/www.institutleadership.ca\/montreal\/certification-en-strategie-numerique\/","name":"Certification en strat\u00e9gie de marque num\u00e9rique - Canada - Institut de Leadership","isPartOf":{"@id":"https:\/\/www.institutleadership.ca\/montreal\/#website"},"datePublished":"2024-05-23T12:51:41+00:00","dateModified":"2024-10-03T11:16:33+00:00","breadcrumb":{"@id":"https:\/\/www.institutleadership.ca\/montreal\/certification-en-strategie-numerique\/#breadcrumb"},"inLanguage":"fr-CA","potentialAction":[{"@type":"ReadAction","target":["https:\/\/www.institutleadership.ca\/montreal\/certification-en-strategie-numerique\/"]}]},{"@type":"BreadcrumbList","@id":"https:\/\/www.institutleadership.ca\/montreal\/certification-en-strategie-numerique\/#breadcrumb","itemListElement":[{"@type":"ListItem","position":1,"name":"Accueil","item":"https:\/\/www.institutleadership.ca\/montreal\/"},{"@type":"ListItem","position":2,"name":"Certification en strat\u00e9gie de marque num\u00e9rique"}]},{"@type":"WebSite","@id":"https:\/\/www.institutleadership.ca\/montreal\/#website","url":"https:\/\/www.institutleadership.ca\/montreal\/","name":"Institut de leadership","description":"Formations pour cadres et dirigeants","publisher":{"@id":"https:\/\/www.institutleadership.ca\/montreal\/#organization"},"potentialAction":[{"@type":"SearchAction","target":{"@type":"EntryPoint","urlTemplate":"https:\/\/www.institutleadership.ca\/montreal\/?s={search_term_string}"},"query-input":"required name=search_term_string"}],"inLanguage":"fr-CA"},{"@type":"Organization","@id":"https:\/\/www.institutleadership.ca\/montreal\/#organization","name":"Institut de leadership","url":"https:\/\/www.institutleadership.ca\/montreal\/","logo":{"@type":"ImageObject","inLanguage":"fr-CA","@id":"https:\/\/www.institutleadership.ca\/montreal\/#\/schema\/logo\/image\/","url":"https:\/\/www.institutleadership.ca\/montreal\/wp-content\/uploads\/sites\/7\/2019\/11\/Logo_Officiel-2-1.jpg","contentUrl":"https:\/\/www.institutleadership.ca\/montreal\/wp-content\/uploads\/sites\/7\/2019\/11\/Logo_Officiel-2-1.jpg","width":2048,"height":1024,"caption":"Institut de leadership"},"image":{"@id":"https:\/\/www.institutleadership.ca\/montreal\/#\/schema\/logo\/image\/"},"sameAs":["https:\/\/www.facebook.com\/institutleadership\/","https:\/\/www.linkedin.com\/school\/5305840"]}]}},"_links":{"self":[{"href":"https:\/\/www.institutleadership.ca\/montreal\/wp-json\/wp\/v2\/pages\/16405"}],"collection":[{"href":"https:\/\/www.institutleadership.ca\/montreal\/wp-json\/wp\/v2\/pages"}],"about":[{"href":"https:\/\/www.institutleadership.ca\/montreal\/wp-json\/wp\/v2\/types\/page"}],"author":[{"embeddable":true,"href":"https:\/\/www.institutleadership.ca\/montreal\/wp-json\/wp\/v2\/users\/17"}],"replies":[{"embeddable":true,"href":"https:\/\/www.institutleadership.ca\/montreal\/wp-json\/wp\/v2\/comments?post=16405"}],"version-history":[{"count":37,"href":"https:\/\/www.institutleadership.ca\/montreal\/wp-json\/wp\/v2\/pages\/16405\/revisions"}],"predecessor-version":[{"id":16770,"href":"https:\/\/www.institutleadership.ca\/montreal\/wp-json\/wp\/v2\/pages\/16405\/revisions\/16770"}],"wp:featuredmedia":[{"embeddable":true,"href":"https:\/\/www.institutleadership.ca\/montreal\/wp-json\/wp\/v2\/media\/16773"}],"wp:attachment":[{"href":"https:\/\/www.institutleadership.ca\/montreal\/wp-json\/wp\/v2\/media?parent=16405"}],"curies":[{"name":"wp","href":"https:\/\/api.w.org\/{rel}","templated":true}]}}