{"id":17480,"date":"2025-03-18T14:52:11","date_gmt":"2025-03-18T18:52:11","guid":{"rendered":"https:\/\/www.institutleadership.ca\/montreal\/?page_id=17480"},"modified":"2025-03-18T15:48:13","modified_gmt":"2025-03-18T19:48:13","slug":"directeur-trice-au-developpement-des-affaires","status":"publish","type":"page","link":"https:\/\/www.institutleadership.ca\/montreal\/directeur-trice-au-developpement-des-affaires\/","title":{"rendered":"Directeur\/trice au d\u00e9veloppement des affaires"},"content":{"rendered":"<h2>Directeur\/trice au d\u00e9veloppement des affaires<\/h2>\n<h2 class=\"text-heading-large\">\u00c0 propos de l\u2019offre d\u2019emploi<\/h2>\n<div class=\"mt4\">\n<p>Rejoignez une organisation dynamique et laissez votre empreinte dans le monde du d\u00e9veloppement des affaires!<\/p>\n<p>Vous \u00eates passionn\u00e9(e) par la cr\u00e9ation de partenariats strat\u00e9giques et la croissance des ventes? Vous avez le flair pour d\u00e9celer des opportunit\u00e9s, b\u00e2tir des relations solides et propulser une entreprise vers de nouveaux sommets?<\/p>\n<p>Nous recherchons un(e) directeur(trice) au d\u00e9veloppement des affaires pour jouer un r\u00f4le cl\u00e9 dans notre succ\u00e8s. \u00c0 ce poste strat\u00e9gique, vous serez au c\u0153ur de notre mission : d\u00e9velopper des solutions de formation innovantes, \u00e9tablir des alliances influentes et transformer nos id\u00e9es en r\u00e9sultats concrets.<\/p>\n<p>Nous croyons fermement que l\u2019\u00e9panouissement au travail, le partage et la cr\u00e9ation d\u2019impact significatif sont essentiels pour atteindre des objectifs ambitieux et durables.<\/p>\n<p>Avec un esprit entrepreneurial, une approche ax\u00e9e sur les r\u00e9sultats et une expertise en ventes et partenariats, vous deviendrez un acteur essentiel de notre \u00e9quipe. Si vous \u00eates motiv\u00e9(e) par l\u2019id\u00e9e de b\u00e2tir des collaborations fructueuses, d&#8217;explorer les tendances du march\u00e9 et de contribuer \u00e0 fa\u00e7onner le paysage de la formation d\u2019entreprise, nous voulons vous rencontrer!<\/p>\n<p><strong>R\u00d4LE ET RESPONSABILIT\u00c9S<\/strong><\/p>\n<p>Le titulaire de l\u2019emploi sera responsable de l\u2019accroissement consid\u00e9rable des ventes de formation en entreprise et veillera au d\u00e9veloppement des affaires.<\/p>\n<p>DE FA\u00c7ON PLUS SP\u00c9CIFIQUE, VOS T\u00c2CHES CONSISTERONT \u00c0 :<\/p>\n<p>\u25aa\u00catre un membre cl\u00e9 dans les projets de d\u00e9veloppement de l\u2019entreprises;<\/p>\n<p>\u25aaIdentifier les clients potentiels et \u00e9tablir des relations d&#8217;affaires efficaces;<\/p>\n<p>\u25aa \u00c9tablir des partenariats avec diverses organisations priv\u00e9es et parapubliques, y compris les associations professionnelles, les chambres de commerce, les universit\u00e9s, les principaux fournisseurs de formation continue et les partenaires gouvernementaux;<\/p>\n<p>\u25aaRechercher et identifier les possibilit\u00e9s de visibilit\u00e9 de la marque, de d\u00e9veloppement commercial et de partenariats strat\u00e9giques;<\/p>\n<p>\u25aa\u00c9tablir et maintenir les relations avec les partenaires et la client\u00e8le existante;<\/p>\n<p>\u25aa Suivre activement les meilleures pratiques et les tendances, en particulier dans le domaine du leadership et de la formation des cadres;<\/p>\n<p>\u25aa Accompagner l\u2019organisation dans le d\u00e9veloppement de l\u2019offre de services en entreprise.<\/p>\n<p><strong>QUALIFICATIONS ET COMP\u00c9TENCES PERSONNELS<\/strong><\/p>\n<p>\u25aa D\u00e9tenir un minimum de 5 ans d\u2018exp\u00e9rience dans le domaine de la vente et la cr\u00e9ation de partenariats;<\/p>\n<p>\u25aa Faire preuve d\u2019autonomie, de professionnalisme et avoir la capacit\u00e9 \u00e0 coordonner divers projets simultan\u00e9ment;<\/p>\n<p>\u25aa \u00catre cr\u00e9atif et motiv\u00e9 par des r\u00e9sultats commerciaux probants;<\/p>\n<p>\u25aa Faire preuve de curiosit\u00e9 intellectuelle et pers\u00e9v\u00e9rance;<\/p>\n<p>\u25aa Avoir de tr\u00e8s bonnes comp\u00e9tences en mati\u00e8re de communication;<\/p>\n<p>\u25aa Avoir un esprit entrepreneurial et un bon entregent.<\/p>\n<p>ATOUTS SUPPL\u00c9MENTAIRES<\/p>\n<p>\u25aa \u00catre bilingue en fran\u00e7ais et en anglais, tant \u00e0 l\u2019oral qu\u2019\u00e0 l\u2019\u00e9crit;<\/p>\n<p>\u25aa D\u00e9tenir une exp\u00e9rience dans la vente de programmes de formation.<\/p>\n<p>FORMATION ACAD\u00c9MIQUE<\/p>\n<p>\u25aa D\u00e9tenir un baccalaur\u00e9at en administration des affaires ou dans un domaine connexe;<\/p>\n<p>CONDITIONS D\u2019EMPLOI<\/p>\n<p>\u25aa Salaire de base + commissions sur les ventes (tr\u00e8s comp\u00e9titif);<\/p>\n<p>\u25aa Programme de bien-\u00eatre pour les employ\u00e9s;<\/p>\n<p>\u25aa Remboursement des d\u00e9penses (cellulaire, internet, d\u00e9placements et autres).<\/p>\n<p><strong>Merci d&#8217;envoyer votre candidature \u00e0 l&#8217;adresse suivante : cv@institutleadership.ca, au plus tard le 21 mars.<\/strong><\/p>\n<p>*Veuillez noter que le genre masculin est utilis\u00e9 sans aucune discrimination et dans le seul but d\u2019all\u00e9ger le texte<\/p>\n<\/div>\n","protected":false},"excerpt":{"rendered":"<p>Directeur\/trice au d\u00e9veloppement des affaires \u00c0 propos de l\u2019offre d\u2019emploi Rejoignez une organisation dynamique et laissez votre empreinte dans le monde du d\u00e9veloppement des affaires! Vous \u00eates passionn\u00e9(e) par la cr\u00e9ation de partenariats strat\u00e9giques et la croissance des ventes? Vous &hellip; <\/p>\n","protected":false},"author":17,"featured_media":17488,"parent":0,"menu_order":0,"comment_status":"closed","ping_status":"closed","template":"","meta":{"content-type":""},"yoast_head":"<!-- This site is optimized with the Yoast SEO plugin v20.6 - https:\/\/yoast.com\/wordpress\/plugins\/seo\/ -->\n<title>Directeur\/trice au d\u00e9veloppement des affaires - Canada - Institut de Leadership<\/title>\n<meta name=\"robots\" content=\"index, follow, max-snippet:-1, max-image-preview:large, max-video-preview:-1\" \/>\n<link rel=\"canonical\" href=\"https:\/\/www.institutleadership.ca\/montreal\/directeur-trice-au-developpement-des-affaires\/\" \/>\n<meta property=\"og:locale\" content=\"fr_CA\" \/>\n<meta property=\"og:type\" content=\"article\" \/>\n<meta property=\"og:title\" content=\"Directeur\/trice au d\u00e9veloppement des affaires - Canada - Institut de Leadership\" \/>\n<meta property=\"og:description\" content=\"Directeur\/trice au d\u00e9veloppement des affaires \u00c0 propos de l\u2019offre d\u2019emploi Rejoignez une organisation dynamique et laissez votre empreinte dans le monde du d\u00e9veloppement des affaires! Vous \u00eates passionn\u00e9(e) par la cr\u00e9ation de partenariats strat\u00e9giques et la croissance des ventes? Vous &hellip;\" \/>\n<meta property=\"og:url\" content=\"https:\/\/www.institutleadership.ca\/montreal\/directeur-trice-au-developpement-des-affaires\/\" \/>\n<meta property=\"og:site_name\" content=\"Canada - Institut de Leadership\" \/>\n<meta property=\"article:publisher\" content=\"https:\/\/www.facebook.com\/institutleadership\/\" \/>\n<meta property=\"article:modified_time\" content=\"2025-03-18T19:48:13+00:00\" \/>\n<meta property=\"og:image\" content=\"https:\/\/www.institutleadership.ca\/montreal\/wp-content\/uploads\/sites\/7\/2025\/03\/Logo-carre.jpg\" \/>\n\t<meta property=\"og:image:width\" content=\"960\" \/>\n\t<meta property=\"og:image:height\" content=\"960\" \/>\n\t<meta property=\"og:image:type\" content=\"image\/jpeg\" \/>\n<meta name=\"twitter:card\" content=\"summary_large_image\" \/>\n<meta name=\"twitter:label1\" content=\"Estimation du temps de lecture\" \/>\n\t<meta name=\"twitter:data1\" content=\"3 minutes\" \/>\n<script type=\"application\/ld+json\" class=\"yoast-schema-graph\">{\"@context\":\"https:\/\/schema.org\",\"@graph\":[{\"@type\":\"WebPage\",\"@id\":\"https:\/\/www.institutleadership.ca\/montreal\/directeur-trice-au-developpement-des-affaires\/\",\"url\":\"https:\/\/www.institutleadership.ca\/montreal\/directeur-trice-au-developpement-des-affaires\/\",\"name\":\"Directeur\/trice au d\u00e9veloppement des affaires - Canada - Institut de Leadership\",\"isPartOf\":{\"@id\":\"https:\/\/www.institutleadership.ca\/montreal\/#website\"},\"datePublished\":\"2025-03-18T18:52:11+00:00\",\"dateModified\":\"2025-03-18T19:48:13+00:00\",\"breadcrumb\":{\"@id\":\"https:\/\/www.institutleadership.ca\/montreal\/directeur-trice-au-developpement-des-affaires\/#breadcrumb\"},\"inLanguage\":\"fr-CA\",\"potentialAction\":[{\"@type\":\"ReadAction\",\"target\":[\"https:\/\/www.institutleadership.ca\/montreal\/directeur-trice-au-developpement-des-affaires\/\"]}]},{\"@type\":\"BreadcrumbList\",\"@id\":\"https:\/\/www.institutleadership.ca\/montreal\/directeur-trice-au-developpement-des-affaires\/#breadcrumb\",\"itemListElement\":[{\"@type\":\"ListItem\",\"position\":1,\"name\":\"Accueil\",\"item\":\"https:\/\/www.institutleadership.ca\/montreal\/\"},{\"@type\":\"ListItem\",\"position\":2,\"name\":\"Directeur\/trice au d\u00e9veloppement des affaires\"}]},{\"@type\":\"WebSite\",\"@id\":\"https:\/\/www.institutleadership.ca\/montreal\/#website\",\"url\":\"https:\/\/www.institutleadership.ca\/montreal\/\",\"name\":\"Institut de leadership\",\"description\":\"Formations pour cadres et dirigeants\",\"publisher\":{\"@id\":\"https:\/\/www.institutleadership.ca\/montreal\/#organization\"},\"potentialAction\":[{\"@type\":\"SearchAction\",\"target\":{\"@type\":\"EntryPoint\",\"urlTemplate\":\"https:\/\/www.institutleadership.ca\/montreal\/?s={search_term_string}\"},\"query-input\":\"required name=search_term_string\"}],\"inLanguage\":\"fr-CA\"},{\"@type\":\"Organization\",\"@id\":\"https:\/\/www.institutleadership.ca\/montreal\/#organization\",\"name\":\"Institut de leadership\",\"url\":\"https:\/\/www.institutleadership.ca\/montreal\/\",\"logo\":{\"@type\":\"ImageObject\",\"inLanguage\":\"fr-CA\",\"@id\":\"https:\/\/www.institutleadership.ca\/montreal\/#\/schema\/logo\/image\/\",\"url\":\"https:\/\/www.institutleadership.ca\/montreal\/wp-content\/uploads\/sites\/7\/2019\/11\/Logo_Officiel-2-1.jpg\",\"contentUrl\":\"https:\/\/www.institutleadership.ca\/montreal\/wp-content\/uploads\/sites\/7\/2019\/11\/Logo_Officiel-2-1.jpg\",\"width\":2048,\"height\":1024,\"caption\":\"Institut de leadership\"},\"image\":{\"@id\":\"https:\/\/www.institutleadership.ca\/montreal\/#\/schema\/logo\/image\/\"},\"sameAs\":[\"https:\/\/www.facebook.com\/institutleadership\/\",\"https:\/\/www.linkedin.com\/school\/5305840\"]}]}<\/script>\n<!-- \/ Yoast SEO plugin. -->","yoast_head_json":{"title":"Directeur\/trice au d\u00e9veloppement des affaires - Canada - Institut de Leadership","robots":{"index":"index","follow":"follow","max-snippet":"max-snippet:-1","max-image-preview":"max-image-preview:large","max-video-preview":"max-video-preview:-1"},"canonical":"https:\/\/www.institutleadership.ca\/montreal\/directeur-trice-au-developpement-des-affaires\/","og_locale":"fr_CA","og_type":"article","og_title":"Directeur\/trice au d\u00e9veloppement des affaires - Canada - Institut de Leadership","og_description":"Directeur\/trice au d\u00e9veloppement des affaires \u00c0 propos de l\u2019offre d\u2019emploi Rejoignez une organisation dynamique et laissez votre empreinte dans le monde du d\u00e9veloppement des affaires! Vous \u00eates passionn\u00e9(e) par la cr\u00e9ation de partenariats strat\u00e9giques et la croissance des ventes? Vous &hellip;","og_url":"https:\/\/www.institutleadership.ca\/montreal\/directeur-trice-au-developpement-des-affaires\/","og_site_name":"Canada - Institut de Leadership","article_publisher":"https:\/\/www.facebook.com\/institutleadership\/","article_modified_time":"2025-03-18T19:48:13+00:00","og_image":[{"width":960,"height":960,"url":"https:\/\/www.institutleadership.ca\/montreal\/wp-content\/uploads\/sites\/7\/2025\/03\/Logo-carre.jpg","type":"image\/jpeg"}],"twitter_card":"summary_large_image","twitter_misc":{"Estimation du temps de lecture":"3 minutes"},"schema":{"@context":"https:\/\/schema.org","@graph":[{"@type":"WebPage","@id":"https:\/\/www.institutleadership.ca\/montreal\/directeur-trice-au-developpement-des-affaires\/","url":"https:\/\/www.institutleadership.ca\/montreal\/directeur-trice-au-developpement-des-affaires\/","name":"Directeur\/trice au d\u00e9veloppement des affaires - Canada - Institut de Leadership","isPartOf":{"@id":"https:\/\/www.institutleadership.ca\/montreal\/#website"},"datePublished":"2025-03-18T18:52:11+00:00","dateModified":"2025-03-18T19:48:13+00:00","breadcrumb":{"@id":"https:\/\/www.institutleadership.ca\/montreal\/directeur-trice-au-developpement-des-affaires\/#breadcrumb"},"inLanguage":"fr-CA","potentialAction":[{"@type":"ReadAction","target":["https:\/\/www.institutleadership.ca\/montreal\/directeur-trice-au-developpement-des-affaires\/"]}]},{"@type":"BreadcrumbList","@id":"https:\/\/www.institutleadership.ca\/montreal\/directeur-trice-au-developpement-des-affaires\/#breadcrumb","itemListElement":[{"@type":"ListItem","position":1,"name":"Accueil","item":"https:\/\/www.institutleadership.ca\/montreal\/"},{"@type":"ListItem","position":2,"name":"Directeur\/trice au d\u00e9veloppement des affaires"}]},{"@type":"WebSite","@id":"https:\/\/www.institutleadership.ca\/montreal\/#website","url":"https:\/\/www.institutleadership.ca\/montreal\/","name":"Institut de leadership","description":"Formations pour cadres et dirigeants","publisher":{"@id":"https:\/\/www.institutleadership.ca\/montreal\/#organization"},"potentialAction":[{"@type":"SearchAction","target":{"@type":"EntryPoint","urlTemplate":"https:\/\/www.institutleadership.ca\/montreal\/?s={search_term_string}"},"query-input":"required name=search_term_string"}],"inLanguage":"fr-CA"},{"@type":"Organization","@id":"https:\/\/www.institutleadership.ca\/montreal\/#organization","name":"Institut de leadership","url":"https:\/\/www.institutleadership.ca\/montreal\/","logo":{"@type":"ImageObject","inLanguage":"fr-CA","@id":"https:\/\/www.institutleadership.ca\/montreal\/#\/schema\/logo\/image\/","url":"https:\/\/www.institutleadership.ca\/montreal\/wp-content\/uploads\/sites\/7\/2019\/11\/Logo_Officiel-2-1.jpg","contentUrl":"https:\/\/www.institutleadership.ca\/montreal\/wp-content\/uploads\/sites\/7\/2019\/11\/Logo_Officiel-2-1.jpg","width":2048,"height":1024,"caption":"Institut de leadership"},"image":{"@id":"https:\/\/www.institutleadership.ca\/montreal\/#\/schema\/logo\/image\/"},"sameAs":["https:\/\/www.facebook.com\/institutleadership\/","https:\/\/www.linkedin.com\/school\/5305840"]}]}},"_links":{"self":[{"href":"https:\/\/www.institutleadership.ca\/montreal\/wp-json\/wp\/v2\/pages\/17480"}],"collection":[{"href":"https:\/\/www.institutleadership.ca\/montreal\/wp-json\/wp\/v2\/pages"}],"about":[{"href":"https:\/\/www.institutleadership.ca\/montreal\/wp-json\/wp\/v2\/types\/page"}],"author":[{"embeddable":true,"href":"https:\/\/www.institutleadership.ca\/montreal\/wp-json\/wp\/v2\/users\/17"}],"replies":[{"embeddable":true,"href":"https:\/\/www.institutleadership.ca\/montreal\/wp-json\/wp\/v2\/comments?post=17480"}],"version-history":[{"count":4,"href":"https:\/\/www.institutleadership.ca\/montreal\/wp-json\/wp\/v2\/pages\/17480\/revisions"}],"predecessor-version":[{"id":17483,"href":"https:\/\/www.institutleadership.ca\/montreal\/wp-json\/wp\/v2\/pages\/17480\/revisions\/17483"}],"wp:featuredmedia":[{"embeddable":true,"href":"https:\/\/www.institutleadership.ca\/montreal\/wp-json\/wp\/v2\/media\/17488"}],"wp:attachment":[{"href":"https:\/\/www.institutleadership.ca\/montreal\/wp-json\/wp\/v2\/media?parent=17480"}],"curies":[{"name":"wp","href":"https:\/\/api.w.org\/{rel}","templated":true}]}}