{"id":17591,"date":"2025-04-28T21:02:39","date_gmt":"2025-04-29T01:02:39","guid":{"rendered":"https:\/\/www.institutleadership.ca\/montreal\/?page_id=17591"},"modified":"2026-04-01T12:24:07","modified_gmt":"2026-04-01T16:24:07","slug":"certification-en-gestion-de-projet","status":"publish","type":"page","link":"https:\/\/www.institutleadership.ca\/montreal\/certification-en-gestion-de-projet\/","title":{"rendered":"Certification en gestion de projet"},"content":{"rendered":"<h3 data-pm-slice=\"1 1 []\">Certification en gestion de projet<\/h3>\n<p data-pm-slice=\"1 1 []\">Dans un contexte o\u00f9 les organisations doivent constamment s&#8217;adapter \u00e0 un environnement en rapide \u00e9volution, la ma\u00eetrise des comp\u00e9tences en gestion de projets devient essentielle pour assurer leur r\u00e9ussite et leur p\u00e9rennit\u00e9. Ce programme propose une approche compl\u00e8te, combinant des m\u00e9thodologies \u00e9prouv\u00e9es, des strat\u00e9gies efficaces de leadership, et des pratiques avanc\u00e9es de gestion des risques, de communication et de suivi. Les participants seront \u00e9quip\u00e9s pour g\u00e9rer efficacement les d\u00e9fis uniques li\u00e9s aux projets et ainsi maximiser leur impact strat\u00e9gique et op\u00e9rationnel.<\/p>\n<p>Con\u00e7u sp\u00e9cifiquement pour les professionnels en charge d&#8217;\u00e9quipes, ce programme offre des outils concrets et des m\u00e9thodes imm\u00e9diatement applicables en entreprise. \u00c0 travers cinq modules approfondis, les participants exploreront les fondements de la gestion de projets, d\u00e9velopperont leurs comp\u00e9tences en leadership, apprendront \u00e0 anticiper et g\u00e9rer les risques, \u00e0 optimiser la communication avec les parties prenantes, et \u00e0 assurer un suivi rigoureux jusqu\u2019\u00e0 la cl\u00f4ture du projet. Cette formation vise \u00e0 renforcer la capacit\u00e9 des gestionnaires \u00e0 livrer des projets performants, innovants et align\u00e9s sur les objectifs strat\u00e9giques des entreprises.<\/p>\n<p>&nbsp;<\/p>\n<h3><strong>\u00c0 QUI S\u2019ADRESSE CE PROGRAMME ?\u00a0<\/strong><\/h3>\n<p>Cette certification s\u2019adresse aux professionnels, gestionnaires et responsables d\u2019\u00e9quipe qui jouent un r\u00f4le actif dans la planification, la coordination et le suivi de projets. Qu\u2019il s\u2019agisse de mieux planifier, d\u00e9l\u00e9guer, collaborer ou prendre des d\u00e9cisions dans un contexte en constante \u00e9volution, ce programme propose des outils concrets et des approches modernes pour gagner en efficacit\u00e9 et en impact dans ses projets.<\/p>\n<p>Le programme met un accent important sur les comp\u00e9tences humaines essentielles \u00e0 la r\u00e9ussite d\u2019un projet : communication claire, leadership mobilisateur, gestion des priorit\u00e9s et collaboration entre les parties prenantes.<\/p>\n<p>&nbsp;<\/p>\n<h1 data-section-id=\"1ut8zg\" data-start=\"263\" data-end=\"304\">Description des modules de la formation<\/h1>\n<h2 data-section-id=\"24smb4\" data-start=\"306\" data-end=\"360\">1.Fondements et m\u00e9thodologies de gestion de projet<\/h2>\n<p data-start=\"362\" data-end=\"733\">Dans un environnement organisationnel en constante \u00e9volution, la gestion de projet requiert une approche structur\u00e9e afin de planifier, coordonner et mener \u00e0 bien des initiatives strat\u00e9giques. Ce module pr\u00e9sente les fondements de la gestion de projet, les principales m\u00e9thodologies utilis\u00e9es ainsi que les outils permettant de structurer et piloter efficacement un projet.<\/p>\n<p data-start=\"735\" data-end=\"755\"><strong data-start=\"735\" data-end=\"755\">Th\u00e8mes abord\u00e9s :<\/strong><\/p>\n<ul data-start=\"757\" data-end=\"1214\">\n<li data-section-id=\"1bpgfv9\" data-start=\"757\" data-end=\"823\">Comprendre les caract\u00e9ristiques et les \u00e9tapes cl\u00e9s d\u2019un projet<\/li>\n<li data-section-id=\"15urpzz\" data-start=\"824\" data-end=\"884\">Identifier les d\u00e9fis courants dans la gestion de projets<\/li>\n<li data-section-id=\"1vrq2fw\" data-start=\"885\" data-end=\"952\">Introduction aux principales m\u00e9thodologies de gestion de projet<\/li>\n<li data-section-id=\"s01ixc\" data-start=\"953\" data-end=\"1014\">D\u00e9finir des objectifs clairs et des indicateurs de succ\u00e8s<\/li>\n<li data-section-id=\"82p3ec\" data-start=\"1015\" data-end=\"1075\">Structurer un projet et clarifier les livrables attendus<\/li>\n<li data-section-id=\"16h7qn2\" data-start=\"1076\" data-end=\"1131\">\u00c9laborer un cahier des charges et un plan de projet<\/li>\n<li data-section-id=\"spi9us\" data-start=\"1132\" data-end=\"1214\">G\u00e9rer les parties prenantes et assurer l\u2019alignement avec la vision strat\u00e9gique<\/li>\n<\/ul>\n<h2 data-section-id=\"l4i7nf\" data-start=\"1221\" data-end=\"1270\">2. Leadership et gestion des \u00e9quipes de projet<\/h2>\n<p data-start=\"1272\" data-end=\"1588\">La r\u00e9ussite d\u2019un projet repose en grande partie sur la capacit\u00e9 du gestionnaire \u00e0 mobiliser et coordonner une \u00e9quipe autour d\u2019objectifs communs. Ce module met l\u2019accent sur les comp\u00e9tences de leadership, la communication et les strat\u00e9gies permettant de maintenir l\u2019engagement et la collaboration au sein d\u2019une \u00e9quipe.<\/p>\n<p data-start=\"1590\" data-end=\"1610\"><strong data-start=\"1590\" data-end=\"1610\">Th\u00e8mes abord\u00e9s :<\/strong><\/p>\n<ul data-start=\"1612\" data-end=\"2121\">\n<li data-section-id=\"1n2dolk\" data-start=\"1612\" data-end=\"1664\">Comprendre les dynamiques d\u2019une \u00e9quipe de projet<\/li>\n<li data-section-id=\"1pms066\" data-start=\"1665\" data-end=\"1726\">Les styles de leadership et leur impact sur la motivation<\/li>\n<li data-section-id=\"4igquh\" data-start=\"1727\" data-end=\"1789\">Favoriser l\u2019initiative et l\u2019innovation au sein de l\u2019\u00e9quipe<\/li>\n<li data-section-id=\"fc4xmb\" data-start=\"1790\" data-end=\"1838\">Mobiliser et motiver les membres de l\u2019\u00e9quipe<\/li>\n<li data-section-id=\"11bpzxz\" data-start=\"1839\" data-end=\"1909\">Techniques de gestion des talents et d\u00e9veloppement des comp\u00e9tences<\/li>\n<li data-section-id=\"1jfo9kl\" data-start=\"1910\" data-end=\"1961\">D\u00e9velopper une communication claire et efficace<\/li>\n<li data-section-id=\"lc28vc\" data-start=\"1962\" data-end=\"2040\">Conduire des r\u00e9unions productives et offrir des r\u00e9troactions constructives<\/li>\n<li data-section-id=\"1sfkaln\" data-start=\"2041\" data-end=\"2121\">Favoriser la collaboration entre les diff\u00e9rentes fonctions de l\u2019organisation<\/li>\n<\/ul>\n<hr data-start=\"2123\" data-end=\"2126\" \/>\n<h2 data-section-id=\"nzqo8x\" data-start=\"2128\" data-end=\"2182\">3. Gestion des risques et planification strat\u00e9gique<\/h2>\n<p data-start=\"2184\" data-end=\"2405\">Tout projet comporte des incertitudes et des impr\u00e9vus. Ce module vise \u00e0 d\u00e9velopper la capacit\u00e9 d\u2019anticiper les risques, de planifier efficacement les ressources et d\u2019adapter les strat\u00e9gies lorsque les conditions \u00e9voluent.<\/p>\n<p data-start=\"2407\" data-end=\"2427\"><strong data-start=\"2407\" data-end=\"2427\">Th\u00e8mes abord\u00e9s :<\/strong><\/p>\n<ul data-start=\"2429\" data-end=\"2980\">\n<li data-section-id=\"z8tg1a\" data-start=\"2429\" data-end=\"2483\">Identifier les principaux risques li\u00e9s aux projets<\/li>\n<li data-section-id=\"13v5oik\" data-start=\"2484\" data-end=\"2533\">\u00c9laborer une strat\u00e9gie de gestion des risques<\/li>\n<li data-section-id=\"zled3v\" data-start=\"2534\" data-end=\"2607\">Utiliser des matrices d\u2019\u00e9valuation des risques (probabilit\u00e9 \/ impact)<\/li>\n<li data-section-id=\"1vtah0f\" data-start=\"2608\" data-end=\"2677\">D\u00e9velopper des plans de contingence et des solutions alternatives<\/li>\n<li data-section-id=\"17w3h0t\" data-start=\"2678\" data-end=\"2729\">Optimiser la gestion du temps et des ressources<\/li>\n<li data-section-id=\"1a3hetq\" data-start=\"2730\" data-end=\"2771\">Techniques de priorisation des t\u00e2ches<\/li>\n<li data-section-id=\"a3uiq9\" data-start=\"2772\" data-end=\"2844\">Estimer les charges de travail et pr\u00e9venir les d\u00e9passements de co\u00fbts<\/li>\n<li data-section-id=\"y2o2rj\" data-start=\"2845\" data-end=\"2920\">Adapter la planification lorsqu\u2019un projet \u00e9volue ou change de direction<\/li>\n<li data-section-id=\"18inpld\" data-start=\"2921\" data-end=\"2980\">Mettre en \u0153uvre des strat\u00e9gies de gestion du changement<\/li>\n<\/ul>\n<hr data-start=\"2982\" data-end=\"2985\" \/>\n<h2 data-section-id=\"ako1we\" data-start=\"2987\" data-end=\"3054\">4. Communication, collaboration et gestion des parties prenantes<\/h2>\n<p data-start=\"3056\" data-end=\"3260\">Un projet mobilise g\u00e9n\u00e9ralement plusieurs acteurs internes et externes. Une communication efficace est essentielle pour maintenir l\u2019alignement, favoriser la collaboration et assurer la r\u00e9ussite du projet.<\/p>\n<p data-start=\"3262\" data-end=\"3282\"><strong data-start=\"3262\" data-end=\"3282\">Th\u00e8mes abord\u00e9s :<\/strong><\/p>\n<ul data-start=\"3284\" data-end=\"3717\">\n<li data-section-id=\"10xdm3y\" data-start=\"3284\" data-end=\"3355\">D\u00e9velopper des strat\u00e9gies de communication efficaces dans un projet<\/li>\n<li data-section-id=\"10xdm3y\" data-start=\"3284\" data-end=\"3355\">G\u00e9rer des \u00e9quipes multidisciplinaires<\/li>\n<li data-section-id=\"1togjt8\" data-start=\"3398\" data-end=\"3447\">Pr\u00e9venir les conflits et g\u00e9rer les d\u00e9saccords<\/li>\n<li data-section-id=\"t9h26j\" data-start=\"3448\" data-end=\"3504\">Collaborer avec les parties prenantes et les clients<\/li>\n<li data-section-id=\"52nptl\" data-start=\"3505\" data-end=\"3569\">Utiliser des outils et pratiques favorisant la collaboration<\/li>\n<li data-section-id=\"1mka48y\" data-start=\"3570\" data-end=\"3620\">G\u00e9rer les impr\u00e9vus et les situations sensibles<\/li>\n<li data-section-id=\"9f698v\" data-start=\"3621\" data-end=\"3680\">\u00c9laborer un plan de communication en situation de crise<\/li>\n<li data-section-id=\"xlnc28\" data-start=\"3681\" data-end=\"3717\">Remobiliser une \u00e9quipe d\u00e9motiv\u00e9e<\/li>\n<\/ul>\n<h2 data-section-id=\"dcw6wh\" data-start=\"3724\" data-end=\"3770\">5. Suivi, optimisation et cl\u00f4ture du projet<\/h2>\n<p data-start=\"3772\" data-end=\"4010\">La r\u00e9ussite d\u2019un projet ne se limite pas \u00e0 la livraison du r\u00e9sultat attendu. Il est \u00e9galement essentiel d\u2019assurer un suivi rigoureux, d\u2019\u00e9valuer les r\u00e9sultats et de capitaliser sur les apprentissages afin d\u2019am\u00e9liorer les pratiques futures.<\/p>\n<p data-start=\"4012\" data-end=\"4032\"><strong data-start=\"4012\" data-end=\"4032\">Th\u00e8mes abord\u00e9s :<\/strong><\/p>\n<ul>\n<li data-start=\"4036\" data-end=\"4093\">Mettre en place des m\u00e9canismes de suivi et d\u2019\u00e9valuation<\/li>\n<li data-start=\"4096\" data-end=\"4146\">D\u00e9finir et suivre les indicateurs de performance<\/li>\n<li data-start=\"4096\" data-end=\"4146\">\u00c9valuer la satisfaction des parties prenantes<\/li>\n<li data-start=\"4096\" data-end=\"4146\">Cl\u00f4turer un projet de mani\u00e8re structur\u00e9e<\/li>\n<li data-start=\"4096\" data-end=\"4146\">Documenter les apprentissages et les bonnes pratiques<\/li>\n<li data-start=\"4096\" data-end=\"4146\">Mettre en place des plans d\u2019am\u00e9lioration et de continuit\u00e9<\/li>\n<li data-start=\"4096\" data-end=\"4146\">Assurer l\u2019appropriation des r\u00e9sultats par les parties prenantes<\/li>\n<li data-start=\"4096\" data-end=\"4146\">Valoriser les r\u00e9ussites et reconna\u00eetre les contributions de l\u2019\u00e9quipe<\/li>\n<li data-start=\"4096\" data-end=\"4146\">Transformer l\u2019exp\u00e9rience du projet en levier d\u2019am\u00e9lioration organisationnelle<\/li>\n<li style=\"list-style-type: none;\">\n<ul>\n<li style=\"list-style-type: none;\"><\/li>\n<\/ul>\n<\/li>\n<\/ul>\n<h3><\/h3>\n<h3><strong>TRAVAIL D\u2019INT\u00c9GRATION\u00a0\u00a0<\/strong><\/h3>\n<p>Dans une logique d\u2019\u00e9valuation authentique, chaque participant devra r\u00e9aliser un travail d\u2019int\u00e9gration, consistant en la mise en \u0153uvre d\u2019un projet num\u00e9rique concret. Ce projet servira de preuve tangible de l\u2019acquisition des comp\u00e9tences, en reproduisant les conditions r\u00e9elles du milieu professionnel. Cette approche permet d\u2019\u00e9valuer non seulement les connaissances techniques, mais aussi la capacit\u00e9 \u00e0 les appliquer efficacement dans un contexte de travail.<\/p>\n<p>&nbsp;<\/p>\n<h3><strong>TARIFS, DATES ET INSCRIPTION\u00a0<\/strong><\/h3>\n<p><strong>Formation en ligne : 5 595 $ + taxes. Programme de 40 heures<\/strong><\/p>\n<p>Automne 2026: <a href=\"https:\/\/www.institutleadership.ca\/montreal\/formations-certifications\/en-ligne-certification-en-gestion-de-projet-mercredis-am-octobre-2026\/\">Les mercredis AM du mercredi 7 octobre au mercredi 9 d\u00e9cembre 2026<\/a><\/p>\n<p>Hiver 2027 : <a href=\"https:\/\/www.institutleadership.ca\/montreal\/formations-certifications\/en-ligne-certification-en-gestion-de-projet-mardis-am-mars-2027\/\">Les mardis AM du mardi 9 mars au mardi 11 mai 2027 <\/a><\/p>\n<p>&nbsp;<\/p>\n<p>Les journ\u00e9es de formation sont admissibles \u00e0 la loi du 1 % pour la formation de la main d\u2019\u0153uvre. De plus, vous avez la possibilit\u00e9 d\u2019acc\u00e9der \u00e0 d\u2019autres financements. Pour cela, renseignez-vous directement aupr\u00e8s d\u2019Emploi Qu\u00e9bec de votre r\u00e9gion.<\/p>\n<p>Des rabais sont offerts aux\u00a0organismes \u00e0 but non lucratif \u00a0(15%) et gouvernementaux (10%).\u00a0<a href=\"https:\/\/www.institutleadership.ca\/montreal\/contact\/\">Contactez-nous<\/a>\u00a0pour plus de d\u00e9tails.<\/p>\n<p>Des tarifs avantageux sont aussi offerts lorsque trois participants ou plus, provenant d\u2019une m\u00eame entreprise, s\u2019inscrivent aux formations. Pour plus de d\u00e9tails, veuillez\u00a0<a href=\"https:\/\/www.institutleadership.ca\/montreal\/contact\/\">communiquer<\/a>\u00a0avec nous.<\/p>\n<p>*Frais d\u2019administration non remboursable (350$) en cas d\u2019annulation.<\/p>\n<p>Pour toutes demandes, veuillez nous contacter directement <a href=\"mailto:info@institutleadership.ca\">info@institutleadership.ca<\/a><\/p>\n<p>&nbsp;<\/p>\n<div class=\"grid_12 \">\n<div class=\"grid_12 \">\n<p>Des tarifs avantageux sont aussi offerts lorsque trois participants ou plus, provenant d\u2019une m\u00eame entreprise, s\u2019inscrivent aux formations. Pour plus de d\u00e9tails, veuillez\u00a0<a href=\"https:\/\/www.institutleadership.ca\/montreal\/contact\/\">communiquer<\/a>\u00a0avec nous.<\/p>\n<\/div>\n<\/div>\n<div id=\"page-content\"><\/div>\n<p>&nbsp;<\/p>\n<p>&nbsp;<\/p>\n","protected":false},"excerpt":{"rendered":"<p>Certification en gestion de projet Dans un contexte o\u00f9 les organisations doivent constamment s&#8217;adapter \u00e0 un environnement en rapide \u00e9volution, la ma\u00eetrise des comp\u00e9tences en gestion de projets devient essentielle pour assurer leur r\u00e9ussite et leur p\u00e9rennit\u00e9. Ce programme propose &hellip; <\/p>\n","protected":false},"author":17,"featured_media":12669,"parent":0,"menu_order":0,"comment_status":"closed","ping_status":"closed","template":"","meta":{"content-type":""},"yoast_head":"<!-- This site is optimized with the Yoast SEO plugin v20.6 - https:\/\/yoast.com\/wordpress\/plugins\/seo\/ -->\n<title>Certification en gestion de projet - Canada - Institut de Leadership<\/title>\n<meta name=\"robots\" content=\"index, follow, max-snippet:-1, max-image-preview:large, max-video-preview:-1\" \/>\n<link rel=\"canonical\" href=\"https:\/\/www.institutleadership.ca\/montreal\/certification-en-gestion-de-projet\/\" \/>\n<meta property=\"og:locale\" content=\"fr_CA\" \/>\n<meta property=\"og:type\" content=\"article\" \/>\n<meta property=\"og:title\" content=\"Certification en gestion de projet - Canada - Institut de Leadership\" \/>\n<meta property=\"og:description\" content=\"Certification en gestion de projet Dans un contexte o\u00f9 les organisations doivent constamment s&#8217;adapter \u00e0 un environnement en rapide \u00e9volution, la ma\u00eetrise des comp\u00e9tences en gestion de projets devient essentielle pour assurer leur r\u00e9ussite et leur p\u00e9rennit\u00e9. Ce programme propose &hellip;\" \/>\n<meta property=\"og:url\" content=\"https:\/\/www.institutleadership.ca\/montreal\/certification-en-gestion-de-projet\/\" \/>\n<meta property=\"og:site_name\" content=\"Canada - Institut de Leadership\" \/>\n<meta property=\"article:publisher\" content=\"https:\/\/www.facebook.com\/institutleadership\/\" \/>\n<meta property=\"article:modified_time\" content=\"2026-04-01T16:24:07+00:00\" \/>\n<meta property=\"og:image\" content=\"https:\/\/www.institutleadership.ca\/montreal\/wp-content\/uploads\/sites\/7\/2021\/01\/IMG_3379.jpg\" \/>\n\t<meta property=\"og:image:width\" content=\"1500\" \/>\n\t<meta property=\"og:image:height\" content=\"1000\" \/>\n\t<meta property=\"og:image:type\" content=\"image\/jpeg\" \/>\n<meta name=\"twitter:card\" content=\"summary_large_image\" \/>\n<meta name=\"twitter:label1\" content=\"Estimation du temps de lecture\" \/>\n\t<meta name=\"twitter:data1\" content=\"6 minutes\" \/>\n<script type=\"application\/ld+json\" class=\"yoast-schema-graph\">{\"@context\":\"https:\/\/schema.org\",\"@graph\":[{\"@type\":\"WebPage\",\"@id\":\"https:\/\/www.institutleadership.ca\/montreal\/certification-en-gestion-de-projet\/\",\"url\":\"https:\/\/www.institutleadership.ca\/montreal\/certification-en-gestion-de-projet\/\",\"name\":\"Certification en gestion de projet - Canada - Institut de Leadership\",\"isPartOf\":{\"@id\":\"https:\/\/www.institutleadership.ca\/montreal\/#website\"},\"datePublished\":\"2025-04-29T01:02:39+00:00\",\"dateModified\":\"2026-04-01T16:24:07+00:00\",\"breadcrumb\":{\"@id\":\"https:\/\/www.institutleadership.ca\/montreal\/certification-en-gestion-de-projet\/#breadcrumb\"},\"inLanguage\":\"fr-CA\",\"potentialAction\":[{\"@type\":\"ReadAction\",\"target\":[\"https:\/\/www.institutleadership.ca\/montreal\/certification-en-gestion-de-projet\/\"]}]},{\"@type\":\"BreadcrumbList\",\"@id\":\"https:\/\/www.institutleadership.ca\/montreal\/certification-en-gestion-de-projet\/#breadcrumb\",\"itemListElement\":[{\"@type\":\"ListItem\",\"position\":1,\"name\":\"Accueil\",\"item\":\"https:\/\/www.institutleadership.ca\/montreal\/\"},{\"@type\":\"ListItem\",\"position\":2,\"name\":\"Certification en gestion de projet\"}]},{\"@type\":\"WebSite\",\"@id\":\"https:\/\/www.institutleadership.ca\/montreal\/#website\",\"url\":\"https:\/\/www.institutleadership.ca\/montreal\/\",\"name\":\"Institut de leadership\",\"description\":\"Formations pour cadres et dirigeants\",\"publisher\":{\"@id\":\"https:\/\/www.institutleadership.ca\/montreal\/#organization\"},\"potentialAction\":[{\"@type\":\"SearchAction\",\"target\":{\"@type\":\"EntryPoint\",\"urlTemplate\":\"https:\/\/www.institutleadership.ca\/montreal\/?s={search_term_string}\"},\"query-input\":\"required name=search_term_string\"}],\"inLanguage\":\"fr-CA\"},{\"@type\":\"Organization\",\"@id\":\"https:\/\/www.institutleadership.ca\/montreal\/#organization\",\"name\":\"Institut de leadership\",\"url\":\"https:\/\/www.institutleadership.ca\/montreal\/\",\"logo\":{\"@type\":\"ImageObject\",\"inLanguage\":\"fr-CA\",\"@id\":\"https:\/\/www.institutleadership.ca\/montreal\/#\/schema\/logo\/image\/\",\"url\":\"https:\/\/www.institutleadership.ca\/montreal\/wp-content\/uploads\/sites\/7\/2019\/11\/Logo_Officiel-2-1.jpg\",\"contentUrl\":\"https:\/\/www.institutleadership.ca\/montreal\/wp-content\/uploads\/sites\/7\/2019\/11\/Logo_Officiel-2-1.jpg\",\"width\":2048,\"height\":1024,\"caption\":\"Institut de leadership\"},\"image\":{\"@id\":\"https:\/\/www.institutleadership.ca\/montreal\/#\/schema\/logo\/image\/\"},\"sameAs\":[\"https:\/\/www.facebook.com\/institutleadership\/\",\"https:\/\/www.linkedin.com\/school\/5305840\"]}]}<\/script>\n<!-- \/ Yoast SEO plugin. -->","yoast_head_json":{"title":"Certification en gestion de projet - Canada - Institut de Leadership","robots":{"index":"index","follow":"follow","max-snippet":"max-snippet:-1","max-image-preview":"max-image-preview:large","max-video-preview":"max-video-preview:-1"},"canonical":"https:\/\/www.institutleadership.ca\/montreal\/certification-en-gestion-de-projet\/","og_locale":"fr_CA","og_type":"article","og_title":"Certification en gestion de projet - Canada - Institut de Leadership","og_description":"Certification en gestion de projet Dans un contexte o\u00f9 les organisations doivent constamment s&#8217;adapter \u00e0 un environnement en rapide \u00e9volution, la ma\u00eetrise des comp\u00e9tences en gestion de projets devient essentielle pour assurer leur r\u00e9ussite et leur p\u00e9rennit\u00e9. Ce programme propose &hellip;","og_url":"https:\/\/www.institutleadership.ca\/montreal\/certification-en-gestion-de-projet\/","og_site_name":"Canada - Institut de Leadership","article_publisher":"https:\/\/www.facebook.com\/institutleadership\/","article_modified_time":"2026-04-01T16:24:07+00:00","og_image":[{"width":1500,"height":1000,"url":"https:\/\/www.institutleadership.ca\/montreal\/wp-content\/uploads\/sites\/7\/2021\/01\/IMG_3379.jpg","type":"image\/jpeg"}],"twitter_card":"summary_large_image","twitter_misc":{"Estimation du temps de lecture":"6 minutes"},"schema":{"@context":"https:\/\/schema.org","@graph":[{"@type":"WebPage","@id":"https:\/\/www.institutleadership.ca\/montreal\/certification-en-gestion-de-projet\/","url":"https:\/\/www.institutleadership.ca\/montreal\/certification-en-gestion-de-projet\/","name":"Certification en gestion de projet - Canada - Institut de Leadership","isPartOf":{"@id":"https:\/\/www.institutleadership.ca\/montreal\/#website"},"datePublished":"2025-04-29T01:02:39+00:00","dateModified":"2026-04-01T16:24:07+00:00","breadcrumb":{"@id":"https:\/\/www.institutleadership.ca\/montreal\/certification-en-gestion-de-projet\/#breadcrumb"},"inLanguage":"fr-CA","potentialAction":[{"@type":"ReadAction","target":["https:\/\/www.institutleadership.ca\/montreal\/certification-en-gestion-de-projet\/"]}]},{"@type":"BreadcrumbList","@id":"https:\/\/www.institutleadership.ca\/montreal\/certification-en-gestion-de-projet\/#breadcrumb","itemListElement":[{"@type":"ListItem","position":1,"name":"Accueil","item":"https:\/\/www.institutleadership.ca\/montreal\/"},{"@type":"ListItem","position":2,"name":"Certification en gestion de projet"}]},{"@type":"WebSite","@id":"https:\/\/www.institutleadership.ca\/montreal\/#website","url":"https:\/\/www.institutleadership.ca\/montreal\/","name":"Institut de leadership","description":"Formations pour cadres et dirigeants","publisher":{"@id":"https:\/\/www.institutleadership.ca\/montreal\/#organization"},"potentialAction":[{"@type":"SearchAction","target":{"@type":"EntryPoint","urlTemplate":"https:\/\/www.institutleadership.ca\/montreal\/?s={search_term_string}"},"query-input":"required name=search_term_string"}],"inLanguage":"fr-CA"},{"@type":"Organization","@id":"https:\/\/www.institutleadership.ca\/montreal\/#organization","name":"Institut de leadership","url":"https:\/\/www.institutleadership.ca\/montreal\/","logo":{"@type":"ImageObject","inLanguage":"fr-CA","@id":"https:\/\/www.institutleadership.ca\/montreal\/#\/schema\/logo\/image\/","url":"https:\/\/www.institutleadership.ca\/montreal\/wp-content\/uploads\/sites\/7\/2019\/11\/Logo_Officiel-2-1.jpg","contentUrl":"https:\/\/www.institutleadership.ca\/montreal\/wp-content\/uploads\/sites\/7\/2019\/11\/Logo_Officiel-2-1.jpg","width":2048,"height":1024,"caption":"Institut de leadership"},"image":{"@id":"https:\/\/www.institutleadership.ca\/montreal\/#\/schema\/logo\/image\/"},"sameAs":["https:\/\/www.facebook.com\/institutleadership\/","https:\/\/www.linkedin.com\/school\/5305840"]}]}},"_links":{"self":[{"href":"https:\/\/www.institutleadership.ca\/montreal\/wp-json\/wp\/v2\/pages\/17591"}],"collection":[{"href":"https:\/\/www.institutleadership.ca\/montreal\/wp-json\/wp\/v2\/pages"}],"about":[{"href":"https:\/\/www.institutleadership.ca\/montreal\/wp-json\/wp\/v2\/types\/page"}],"author":[{"embeddable":true,"href":"https:\/\/www.institutleadership.ca\/montreal\/wp-json\/wp\/v2\/users\/17"}],"replies":[{"embeddable":true,"href":"https:\/\/www.institutleadership.ca\/montreal\/wp-json\/wp\/v2\/comments?post=17591"}],"version-history":[{"count":68,"href":"https:\/\/www.institutleadership.ca\/montreal\/wp-json\/wp\/v2\/pages\/17591\/revisions"}],"predecessor-version":[{"id":19691,"href":"https:\/\/www.institutleadership.ca\/montreal\/wp-json\/wp\/v2\/pages\/17591\/revisions\/19691"}],"wp:featuredmedia":[{"embeddable":true,"href":"https:\/\/www.institutleadership.ca\/montreal\/wp-json\/wp\/v2\/media\/12669"}],"wp:attachment":[{"href":"https:\/\/www.institutleadership.ca\/montreal\/wp-json\/wp\/v2\/media?parent=17591"}],"curies":[{"name":"wp","href":"https:\/\/api.w.org\/{rel}","templated":true}]}}