{"id":18317,"date":"2025-09-09T09:42:15","date_gmt":"2025-09-09T13:42:15","guid":{"rendered":"https:\/\/www.institutleadership.ca\/montreal\/?page_id=18317"},"modified":"2026-01-19T16:26:48","modified_gmt":"2026-01-19T21:26:48","slug":"programme-en-gouvernance-et-transformation-continue","status":"publish","type":"page","link":"https:\/\/www.institutleadership.ca\/montreal\/programme-en-gouvernance-et-transformation-continue\/","title":{"rendered":"Programme en gouvernance et transformation continue"},"content":{"rendered":"<h1 data-start=\"210\" data-end=\"263\">Programme en gouvernance et transformation continue<\/h1>\n<p data-start=\"265\" data-end=\"567\">Unique dans son genre, ce programme de formation a \u00e9t\u00e9 \u00e9labor\u00e9 par des conseillers chevronn\u00e9s en collaboration avec des chefs de file ayant apprivois\u00e9 les concepts pr\u00e9sent\u00e9s. Chaque participant aura l\u2019opportunit\u00e9 de rencontrer diff\u00e9rents intervenants et d\u2019apprendre de leurs pratiques innovantes.<\/p>\n<p data-start=\"569\" data-end=\"801\">Ce programme a pour objectif principal d\u2019inspirer et d\u2019outiller les hauts dirigeants ainsi que les administrateurs afin qu\u2019ils puissent pratiquer et soutenir, avec aisance, la cr\u00e9ation de valeur et l\u2019innovation manag\u00e9riale.<\/p>\n<p data-start=\"803\" data-end=\"1008\">Enfin, les participants seront invit\u00e9s \u00e0 r\u00e9fl\u00e9chir et \u00e0 \u00e9changer autour d\u2019un enjeu crucial : comment assurer la p\u00e9rennit\u00e9 de leur organisation dans un environnement qui exige une transformation continue.<\/p>\n<h2 data-start=\"1015\" data-end=\"1069\">Au terme de ce programme, vous serez en mesure de :<\/h2>\n<ul data-start=\"1071\" data-end=\"1390\">\n<li data-start=\"1071\" data-end=\"1119\">\n<p data-start=\"1073\" data-end=\"1119\">explorer de nouvelles pratiques manag\u00e9riales;<\/p>\n<\/li>\n<li data-start=\"1120\" data-end=\"1184\">\n<p data-start=\"1122\" data-end=\"1184\">identifier des \u00e9volutions \u00e0 r\u00e9aliser dans votre organisation;<\/p>\n<\/li>\n<li data-start=\"1185\" data-end=\"1248\">\n<p data-start=\"1187\" data-end=\"1248\">pr\u00e9ciser vos intentions de transformation organisationnelle;<\/p>\n<\/li>\n<li data-start=\"1249\" data-end=\"1294\">\n<p data-start=\"1251\" data-end=\"1294\">apprivoiser de nouveaux outils de gestion;<\/p>\n<\/li>\n<li data-start=\"1295\" data-end=\"1341\">\n<p data-start=\"1297\" data-end=\"1341\">d\u00e9finir vos prochains enjeux de croissance;<\/p>\n<\/li>\n<li data-start=\"1342\" data-end=\"1390\">\n<p data-start=\"1344\" data-end=\"1390\">insuffler \u00e0 vos \u00e9quipes une nouvelle \u00e9nergie.<\/p>\n<\/li>\n<\/ul>\n<p data-start=\"1392\" data-end=\"1524\">Ce programme est tout indiqu\u00e9 pour les dirigeants d\u00e9sirant renforcer la capacit\u00e9 de leur organisation \u00e0 se transformer en continu.<\/p>\n<h2 data-start=\"1531\" data-end=\"1568\">\u00c0 qui s\u2019adresse le programme ?<\/h2>\n<p data-start=\"1570\" data-end=\"1767\">Cette formation est destin\u00e9e aux hauts dirigeants de toute organisation ainsi qu\u2019\u00e0 leurs administrateurs, peu importe leur secteur d\u2019activit\u00e9s ou le type d\u2019organisation (public, priv\u00e9, OBNL).<\/p>\n<p data-start=\"1769\" data-end=\"2044\">Pour \u00eatre admis, le haut dirigeant doit \u00eatre accompagn\u00e9 d\u2019un coll\u00e8gue membre du comit\u00e9 de direction ou d\u2019un membre du conseil d\u2019administration. Il peut \u00e9galement se faire accompagner de coll\u00e8gues suppl\u00e9mentaires, \u00e0 la condition qu\u2019ils soient membres du comit\u00e9 de direction.<\/p>\n<p data-start=\"2046\" data-end=\"2158\">Cette formule favorise un alignement entre les volont\u00e9s de la direction et celles du conseil d\u2019administration.<\/p>\n<h2 data-start=\"2165\" data-end=\"2201\">Comment se d\u00e9roule le programme ?<\/h2>\n<p data-start=\"2203\" data-end=\"2595\">Le programme est compos\u00e9 de 4 ateliers interactifs, de tables rondes et de moments de r\u00e9flexion. Les modules sont soutenus par des outils synth\u00e8se pratiques et concrets. Des t\u00e9moignages de dirigeants et d\u2019entrepreneurs viendront appuyer et approfondir les th\u00e8mes abord\u00e9s. Chaque participant aura aussi l\u2019opportunit\u00e9 d\u2019apprendre de l\u2019exp\u00e9rience des autres dirigeants et d\u2019\u00e9largir son r\u00e9seau.<\/p>\n<h2 data-start=\"2602\" data-end=\"2643\">Description des modules du programme<\/h2>\n<h3 data-start=\"2645\" data-end=\"2720\">Module: Pourquoi notre organisation doit se transformer en continu<\/h3>\n<ul data-start=\"2721\" data-end=\"3234\">\n<li data-start=\"2721\" data-end=\"2801\">\n<p data-start=\"2723\" data-end=\"2801\">Les raisons pour lesquelles la transformation continue est un incontournable;<\/p>\n<\/li>\n<li data-start=\"2802\" data-end=\"2920\">\n<p data-start=\"2804\" data-end=\"2920\">Nos environnements d\u2019affaires en changement perp\u00e9tuel : de plus en plus volatils, incertains, complexes et ambigus;<\/p>\n<\/li>\n<li data-start=\"2921\" data-end=\"2992\">\n<p data-start=\"2923\" data-end=\"2992\">Auto-\u00e9valuation de l\u2019environnement d\u2019affaires de notre organisation;<\/p>\n<\/li>\n<li data-start=\"2993\" data-end=\"3090\">\n<p data-start=\"2995\" data-end=\"3090\">Les conditions \u00e0 r\u00e9unir pour \u00e9voluer, prosp\u00e9rer et assurer la p\u00e9rennit\u00e9 de notre organisation;<\/p>\n<\/li>\n<li data-start=\"3091\" data-end=\"3219\">\n<p data-start=\"3093\" data-end=\"3219\">Le d\u00e9fi : comment adapter notre culture organisationnelle pour assurer sa p\u00e9rennit\u00e9 dans un contexte de changement perp\u00e9tuel;<\/p>\n<\/li>\n<li data-start=\"3220\" data-end=\"3234\">\n<p data-start=\"3222\" data-end=\"3234\">T\u00e9moignage.<\/p>\n<\/li>\n<\/ul>\n<h3 data-start=\"3236\" data-end=\"3282\">Module: Cr\u00e9er de la valeur, autrement<\/h3>\n<ul data-start=\"3283\" data-end=\"3691\">\n<li data-start=\"3283\" data-end=\"3382\">\n<p data-start=\"3285\" data-end=\"3382\">Identifier les tendances \u00e9mergentes qui n\u00e9cessitent de l\u2019innovation plut\u00f4t que de la r\u00e9novation;<\/p>\n<\/li>\n<li data-start=\"3383\" data-end=\"3436\">\n<p data-start=\"3385\" data-end=\"3436\">Pourquoi et pour qui cr\u00e9er de la valeur autrement;<\/p>\n<\/li>\n<li data-start=\"3437\" data-end=\"3570\">\n<p data-start=\"3439\" data-end=\"3570\">Comment transformer les pratiques de cr\u00e9ation de valeur : culture, structure, processus d\u00e9cisionnels et r\u00f4les dans l\u2019organisation;<\/p>\n<\/li>\n<li data-start=\"3571\" data-end=\"3643\">\n<p data-start=\"3573\" data-end=\"3643\">\u00c9laboration d\u2019une feuille de route pour cr\u00e9er de la valeur autrement;<\/p>\n<\/li>\n<li data-start=\"3644\" data-end=\"3691\">\n<p data-start=\"3646\" data-end=\"3691\">T\u00e9moignage d\u2019un entrepreneur-transformateur.<\/p>\n<\/li>\n<\/ul>\n<h3 data-start=\"3693\" data-end=\"3734\">Module: L\u2019innovation manag\u00e9riale<\/h3>\n<ul data-start=\"3735\" data-end=\"4079\">\n<li data-start=\"3735\" data-end=\"3781\">\n<p data-start=\"3737\" data-end=\"3781\">D\u00e9finir ce qu\u2019est l\u2019innovation manag\u00e9riale;<\/p>\n<\/li>\n<li data-start=\"3782\" data-end=\"3869\">\n<p data-start=\"3784\" data-end=\"3869\">La dynamique de gouvernance : une repr\u00e9sentation de la complexit\u00e9 organisationnelle;<\/p>\n<\/li>\n<li data-start=\"3870\" data-end=\"3954\">\n<p data-start=\"3872\" data-end=\"3954\">La cha\u00eene de cr\u00e9ation de valeur : permettre \u00e0 chacun de r\u00e9aliser sa contribution;<\/p>\n<\/li>\n<li data-start=\"3955\" data-end=\"4010\">\n<p data-start=\"3957\" data-end=\"4010\">La cartographie de notre capacit\u00e9 organisationnelle;<\/p>\n<\/li>\n<li data-start=\"4011\" data-end=\"4064\">\n<p data-start=\"4013\" data-end=\"4064\">La gouvernance de projet : une solution \u00e9mergente;<\/p>\n<\/li>\n<li data-start=\"4011\" data-end=\"4064\">\n<p data-start=\"4013\" data-end=\"4064\">T\u00e9moignage.<\/p>\n<\/li>\n<\/ul>\n<h3 data-start=\"4081\" data-end=\"4132\">Module: Innover, se transformer en continu<\/h3>\n<ul data-start=\"4133\" data-end=\"4888\">\n<li data-start=\"4133\" data-end=\"4209\">\n<p data-start=\"4135\" data-end=\"4209\">Pourquoi nos transformations ne peuvent plus se r\u00e9aliser par \u00ab \u00e0-coups \u00bb;<\/p>\n<\/li>\n<li data-start=\"4210\" data-end=\"4324\">\n<p data-start=\"4212\" data-end=\"4324\">Comment se transformer en mode projet pour g\u00e9n\u00e9rer, maximiser et acc\u00e9l\u00e9rer en continu les b\u00e9n\u00e9fices d\u2019affaires;<\/p>\n<\/li>\n<li data-start=\"4325\" data-end=\"4422\">\n<p data-start=\"4327\" data-end=\"4422\">Comment une culture collaborative favorisant l\u2019innovation permet de se transformer en continu;<\/p>\n<\/li>\n<li data-start=\"4423\" data-end=\"4541\">\n<p data-start=\"4425\" data-end=\"4541\">Comment augmenter notre capacit\u00e9 \u00e0 cr\u00e9er de la valeur en pla\u00e7ant celle-ci au c\u0153ur de tout projet de transformation;<\/p>\n<\/li>\n<li data-start=\"4542\" data-end=\"4715\">\n<p data-start=\"4544\" data-end=\"4715\">Pourquoi et comment les conseils d\u2019administration doivent s\u2019int\u00e9resser autant, sinon davantage, aux activit\u00e9s de transformation qu\u2019aux r\u00e9sultats op\u00e9rationnels r\u00e9currents;<\/p>\n<\/li>\n<li data-start=\"4716\" data-end=\"4845\">\n<p data-start=\"4718\" data-end=\"4845\">Comment assurer l\u2019alignement strat\u00e9gique des membres du conseil et de la direction sur les besoins de transformation continue;<\/p>\n<\/li>\n<li data-start=\"4846\" data-end=\"4860\">\n<p data-start=\"4848\" data-end=\"4860\">T\u00e9moignage;<\/p>\n<\/li>\n<li data-start=\"4861\" data-end=\"4888\">\n<p data-start=\"4863\" data-end=\"4888\">Conclusions et \u00e9changes.<\/p>\n<\/li>\n<\/ul>\n<p>&nbsp;<\/p>\n<h3>TARIFS, DATES ET INSCRIPTION<\/h3>\n<p><strong>Formation EN PR\u00c9SENTIEL \u00e0 Montr\u00e9al : 2 500$ + taxes\u00a0<\/strong><\/p>\n<ul>\n<li><a href=\"https:\/\/www.institutleadership.ca\/montreal\/formations-certifications\/presentiel-programme-en-gouvernance-et-transformation-continue-autonme-2026\/\">Automne 2026 : 5-6 novembre<\/a><\/li>\n<\/ul>\n<p>Tarif de groupe : 2 500$ pour chacun des deux premiers participants d\u2019une m\u00eame organisation. Un tarif de 2 000$ est offert pour tout participant suppl\u00e9mentaire venant de cette m\u00eame organisation.<\/p>\n<p>Des rabais sont offerts aux\u00a0organismes \u00e0 but non lucratif \u00a0(15%) et gouvernementaux (10%).\u00a0<a href=\"https:\/\/www.institutleadership.ca\/montreal\/contact\/\">Contactez-nous<\/a>\u00a0pour plus de d\u00e9tails.<\/p>\n<p>Les journ\u00e9es de formation sont admissibles \u00e0 la loi du 1 % pour la formation de la main d\u2019\u0153uvre. De plus, vous avez la possibilit\u00e9 d\u2019acc\u00e9der \u00e0 d\u2019autres financements. Pour cela, renseignez-vous directement aupr\u00e8s des repr\u00e9sentants d\u2019Emploi Qu\u00e9bec dans votre r\u00e9gion.<\/p>\n<p>*Les repas sont inclus (d\u00e9jeuner et diner).<\/p>\n","protected":false},"excerpt":{"rendered":"<p>Programme en gouvernance et transformation continue Unique dans son genre, ce programme de formation a \u00e9t\u00e9 \u00e9labor\u00e9 par des conseillers chevronn\u00e9s en collaboration avec des chefs de file ayant apprivois\u00e9 les concepts pr\u00e9sent\u00e9s. Chaque participant aura l\u2019opportunit\u00e9 de rencontrer diff\u00e9rents &hellip; <\/p>\n","protected":false},"author":17,"featured_media":0,"parent":0,"menu_order":0,"comment_status":"closed","ping_status":"closed","template":"","meta":{"content-type":""},"yoast_head":"<!-- This site is optimized with the Yoast SEO plugin v20.6 - https:\/\/yoast.com\/wordpress\/plugins\/seo\/ -->\n<title>Programme en gouvernance et transformation continue - Canada - Institut de Leadership<\/title>\n<meta name=\"robots\" content=\"index, follow, max-snippet:-1, max-image-preview:large, max-video-preview:-1\" \/>\n<link rel=\"canonical\" href=\"https:\/\/www.institutleadership.ca\/montreal\/programme-en-gouvernance-et-transformation-continue\/\" \/>\n<meta property=\"og:locale\" content=\"fr_CA\" \/>\n<meta property=\"og:type\" content=\"article\" \/>\n<meta property=\"og:title\" content=\"Programme en gouvernance et transformation continue - Canada - Institut de Leadership\" \/>\n<meta property=\"og:description\" content=\"Programme en gouvernance et transformation continue Unique dans son genre, ce programme de formation a \u00e9t\u00e9 \u00e9labor\u00e9 par des conseillers chevronn\u00e9s en collaboration avec des chefs de file ayant apprivois\u00e9 les concepts pr\u00e9sent\u00e9s. Chaque participant aura l\u2019opportunit\u00e9 de rencontrer diff\u00e9rents &hellip;\" \/>\n<meta property=\"og:url\" content=\"https:\/\/www.institutleadership.ca\/montreal\/programme-en-gouvernance-et-transformation-continue\/\" \/>\n<meta property=\"og:site_name\" content=\"Canada - Institut de Leadership\" \/>\n<meta property=\"article:publisher\" content=\"https:\/\/www.facebook.com\/institutleadership\/\" \/>\n<meta property=\"article:modified_time\" content=\"2026-01-19T21:26:48+00:00\" \/>\n<meta name=\"twitter:card\" content=\"summary_large_image\" \/>\n<meta name=\"twitter:label1\" content=\"Estimation du temps de lecture\" \/>\n\t<meta name=\"twitter:data1\" content=\"4 minutes\" \/>\n<script type=\"application\/ld+json\" class=\"yoast-schema-graph\">{\"@context\":\"https:\/\/schema.org\",\"@graph\":[{\"@type\":\"WebPage\",\"@id\":\"https:\/\/www.institutleadership.ca\/montreal\/programme-en-gouvernance-et-transformation-continue\/\",\"url\":\"https:\/\/www.institutleadership.ca\/montreal\/programme-en-gouvernance-et-transformation-continue\/\",\"name\":\"Programme en gouvernance et transformation continue - Canada - Institut de Leadership\",\"isPartOf\":{\"@id\":\"https:\/\/www.institutleadership.ca\/montreal\/#website\"},\"datePublished\":\"2025-09-09T13:42:15+00:00\",\"dateModified\":\"2026-01-19T21:26:48+00:00\",\"breadcrumb\":{\"@id\":\"https:\/\/www.institutleadership.ca\/montreal\/programme-en-gouvernance-et-transformation-continue\/#breadcrumb\"},\"inLanguage\":\"fr-CA\",\"potentialAction\":[{\"@type\":\"ReadAction\",\"target\":[\"https:\/\/www.institutleadership.ca\/montreal\/programme-en-gouvernance-et-transformation-continue\/\"]}]},{\"@type\":\"BreadcrumbList\",\"@id\":\"https:\/\/www.institutleadership.ca\/montreal\/programme-en-gouvernance-et-transformation-continue\/#breadcrumb\",\"itemListElement\":[{\"@type\":\"ListItem\",\"position\":1,\"name\":\"Accueil\",\"item\":\"https:\/\/www.institutleadership.ca\/montreal\/\"},{\"@type\":\"ListItem\",\"position\":2,\"name\":\"Programme en gouvernance et transformation continue\"}]},{\"@type\":\"WebSite\",\"@id\":\"https:\/\/www.institutleadership.ca\/montreal\/#website\",\"url\":\"https:\/\/www.institutleadership.ca\/montreal\/\",\"name\":\"Institut de leadership\",\"description\":\"Formations pour cadres et dirigeants\",\"publisher\":{\"@id\":\"https:\/\/www.institutleadership.ca\/montreal\/#organization\"},\"potentialAction\":[{\"@type\":\"SearchAction\",\"target\":{\"@type\":\"EntryPoint\",\"urlTemplate\":\"https:\/\/www.institutleadership.ca\/montreal\/?s={search_term_string}\"},\"query-input\":\"required name=search_term_string\"}],\"inLanguage\":\"fr-CA\"},{\"@type\":\"Organization\",\"@id\":\"https:\/\/www.institutleadership.ca\/montreal\/#organization\",\"name\":\"Institut de leadership\",\"url\":\"https:\/\/www.institutleadership.ca\/montreal\/\",\"logo\":{\"@type\":\"ImageObject\",\"inLanguage\":\"fr-CA\",\"@id\":\"https:\/\/www.institutleadership.ca\/montreal\/#\/schema\/logo\/image\/\",\"url\":\"https:\/\/www.institutleadership.ca\/montreal\/wp-content\/uploads\/sites\/7\/2019\/11\/Logo_Officiel-2-1.jpg\",\"contentUrl\":\"https:\/\/www.institutleadership.ca\/montreal\/wp-content\/uploads\/sites\/7\/2019\/11\/Logo_Officiel-2-1.jpg\",\"width\":2048,\"height\":1024,\"caption\":\"Institut de leadership\"},\"image\":{\"@id\":\"https:\/\/www.institutleadership.ca\/montreal\/#\/schema\/logo\/image\/\"},\"sameAs\":[\"https:\/\/www.facebook.com\/institutleadership\/\",\"https:\/\/www.linkedin.com\/school\/5305840\"]}]}<\/script>\n<!-- \/ Yoast SEO plugin. -->","yoast_head_json":{"title":"Programme en gouvernance et transformation continue - Canada - Institut de Leadership","robots":{"index":"index","follow":"follow","max-snippet":"max-snippet:-1","max-image-preview":"max-image-preview:large","max-video-preview":"max-video-preview:-1"},"canonical":"https:\/\/www.institutleadership.ca\/montreal\/programme-en-gouvernance-et-transformation-continue\/","og_locale":"fr_CA","og_type":"article","og_title":"Programme en gouvernance et transformation continue - Canada - Institut de Leadership","og_description":"Programme en gouvernance et transformation continue Unique dans son genre, ce programme de formation a \u00e9t\u00e9 \u00e9labor\u00e9 par des conseillers chevronn\u00e9s en collaboration avec des chefs de file ayant apprivois\u00e9 les concepts pr\u00e9sent\u00e9s. Chaque participant aura l\u2019opportunit\u00e9 de rencontrer diff\u00e9rents &hellip;","og_url":"https:\/\/www.institutleadership.ca\/montreal\/programme-en-gouvernance-et-transformation-continue\/","og_site_name":"Canada - Institut de Leadership","article_publisher":"https:\/\/www.facebook.com\/institutleadership\/","article_modified_time":"2026-01-19T21:26:48+00:00","twitter_card":"summary_large_image","twitter_misc":{"Estimation du temps de lecture":"4 minutes"},"schema":{"@context":"https:\/\/schema.org","@graph":[{"@type":"WebPage","@id":"https:\/\/www.institutleadership.ca\/montreal\/programme-en-gouvernance-et-transformation-continue\/","url":"https:\/\/www.institutleadership.ca\/montreal\/programme-en-gouvernance-et-transformation-continue\/","name":"Programme en gouvernance et transformation continue - Canada - Institut de Leadership","isPartOf":{"@id":"https:\/\/www.institutleadership.ca\/montreal\/#website"},"datePublished":"2025-09-09T13:42:15+00:00","dateModified":"2026-01-19T21:26:48+00:00","breadcrumb":{"@id":"https:\/\/www.institutleadership.ca\/montreal\/programme-en-gouvernance-et-transformation-continue\/#breadcrumb"},"inLanguage":"fr-CA","potentialAction":[{"@type":"ReadAction","target":["https:\/\/www.institutleadership.ca\/montreal\/programme-en-gouvernance-et-transformation-continue\/"]}]},{"@type":"BreadcrumbList","@id":"https:\/\/www.institutleadership.ca\/montreal\/programme-en-gouvernance-et-transformation-continue\/#breadcrumb","itemListElement":[{"@type":"ListItem","position":1,"name":"Accueil","item":"https:\/\/www.institutleadership.ca\/montreal\/"},{"@type":"ListItem","position":2,"name":"Programme en gouvernance et transformation continue"}]},{"@type":"WebSite","@id":"https:\/\/www.institutleadership.ca\/montreal\/#website","url":"https:\/\/www.institutleadership.ca\/montreal\/","name":"Institut de leadership","description":"Formations pour cadres et dirigeants","publisher":{"@id":"https:\/\/www.institutleadership.ca\/montreal\/#organization"},"potentialAction":[{"@type":"SearchAction","target":{"@type":"EntryPoint","urlTemplate":"https:\/\/www.institutleadership.ca\/montreal\/?s={search_term_string}"},"query-input":"required name=search_term_string"}],"inLanguage":"fr-CA"},{"@type":"Organization","@id":"https:\/\/www.institutleadership.ca\/montreal\/#organization","name":"Institut de leadership","url":"https:\/\/www.institutleadership.ca\/montreal\/","logo":{"@type":"ImageObject","inLanguage":"fr-CA","@id":"https:\/\/www.institutleadership.ca\/montreal\/#\/schema\/logo\/image\/","url":"https:\/\/www.institutleadership.ca\/montreal\/wp-content\/uploads\/sites\/7\/2019\/11\/Logo_Officiel-2-1.jpg","contentUrl":"https:\/\/www.institutleadership.ca\/montreal\/wp-content\/uploads\/sites\/7\/2019\/11\/Logo_Officiel-2-1.jpg","width":2048,"height":1024,"caption":"Institut de leadership"},"image":{"@id":"https:\/\/www.institutleadership.ca\/montreal\/#\/schema\/logo\/image\/"},"sameAs":["https:\/\/www.facebook.com\/institutleadership\/","https:\/\/www.linkedin.com\/school\/5305840"]}]}},"_links":{"self":[{"href":"https:\/\/www.institutleadership.ca\/montreal\/wp-json\/wp\/v2\/pages\/18317"}],"collection":[{"href":"https:\/\/www.institutleadership.ca\/montreal\/wp-json\/wp\/v2\/pages"}],"about":[{"href":"https:\/\/www.institutleadership.ca\/montreal\/wp-json\/wp\/v2\/types\/page"}],"author":[{"embeddable":true,"href":"https:\/\/www.institutleadership.ca\/montreal\/wp-json\/wp\/v2\/users\/17"}],"replies":[{"embeddable":true,"href":"https:\/\/www.institutleadership.ca\/montreal\/wp-json\/wp\/v2\/comments?post=18317"}],"version-history":[{"count":7,"href":"https:\/\/www.institutleadership.ca\/montreal\/wp-json\/wp\/v2\/pages\/18317\/revisions"}],"predecessor-version":[{"id":19145,"href":"https:\/\/www.institutleadership.ca\/montreal\/wp-json\/wp\/v2\/pages\/18317\/revisions\/19145"}],"wp:attachment":[{"href":"https:\/\/www.institutleadership.ca\/montreal\/wp-json\/wp\/v2\/media?parent=18317"}],"curies":[{"name":"wp","href":"https:\/\/api.w.org\/{rel}","templated":true}]}}