{"id":20948,"date":"2026-09-01T14:54:42","date_gmt":"2026-09-01T18:54:42","guid":{"rendered":"https:\/\/www.institutleadership.ca\/montreal\/?page_id=20948"},"modified":"2026-09-01T16:50:56","modified_gmt":"2026-09-01T20:50:56","slug":"intelligence-emotionnelle","status":"publish","type":"page","link":"https:\/\/www.institutleadership.ca\/montreal\/intelligence-emotionnelle\/","title":{"rendered":"Intelligence \u00e9motionnelle"},"content":{"rendered":"<p>Dans un environnement o\u00f9 les leaders doivent composer avec des situations exigeantes, des changements constants et des dynamiques humaines complexes, savoir reconna\u00eetre et g\u00e9rer ses propres \u00e9motions devient une comp\u00e9tence essentielle. Mais l\u2019intelligence \u00e9motionnelle va plus loin : elle permet \u00e9galement de mieux comprendre les r\u00e9actions et les besoins des autres, d\u2019adapter sa communication et de cr\u00e9er les conditions favorisant la confiance, la collaboration et la mobilisation.<\/p>\n<p>\u00c0 travers diff\u00e9rentes th\u00e9matiques telles que la connaissance de soi, la r\u00e9gulation des \u00e9motions, la gestion du stress, la motivation, l\u2019empathie, l\u2019\u00e9coute et les conversations d\u00e9licates, ce parcours propose une approche concr\u00e8te permettant aux participants de d\u00e9velopper une posture de leadership \u00e0 la fois consciente, humaine et efficace.<\/p>\n<h3><b>\u00c0 QUI S\u2019ADRESSE LA FORMATION ?<\/b><\/h3>\n<p>Cette formation s\u2019adresse aux gestionnaires et dirigeants qui souhaitent mieux comprendre l\u2019influence des \u00e9motions sur leur leadership et d\u00e9velopper leur capacit\u00e9 \u00e0 intervenir efficacement dans diff\u00e9rentes situations professionnelles.<\/p>\n<p>Elle est particuli\u00e8rement pertinente pour les personnes souhaitant :<\/p>\n<ul>\n<li>D\u00e9velopper une meilleure connaissance de soi et de leurs r\u00e9actions<\/li>\n<li>Renforcer leur capacit\u00e9 \u00e0 g\u00e9rer le stress et les situations \u00e9motionnellement exigeantes<\/li>\n<li>Am\u00e9liorer la qualit\u00e9 de leurs relations et de leur communication<\/li>\n<li>Cr\u00e9er un climat favorisant la confiance, la collaboration et la mobilisation.<\/li>\n<\/ul>\n<h3><b>OBJECTIFS P\u00c9DAGOGIQUES<\/b><\/h3>\n<p>\u00c0 l\u2019issue de cette formation, les participants seront en mesure de :<\/p>\n<ul>\n<li>Mieux comprendre leurs \u00e9motions et leur influence sur leur posture de leader<\/li>\n<li>D\u00e9velopper leur ma\u00eetrise de soi pour mieux g\u00e9rer le stress et les situations exigeantes<\/li>\n<li>Renforcer leur empathie et leur \u00e9coute afin de cr\u00e9er des relations de confiance<\/li>\n<li>Mobiliser leurs \u00e9quipes en favorisant la confiance, la s\u00e9curit\u00e9 psychologique et l\u2019engagement<\/li>\n<\/ul>\n<h3><b>DESCRIPTION DES MODULES<\/b><\/h3>\n<h4 class=\"p1\"><em><b>Comprendre l\u2019intelligence \u00e9motionnelle et mieux se conna\u00eetre<\/b><\/em><\/h4>\n<p class=\"p1\">Comprendre les fondements de l\u2019intelligence \u00e9motionnelle et d\u00e9velopper une meilleure connaissance de soi afin de mieux saisir l\u2019influence de ses \u00e9motions sur ses comportements, ses d\u00e9cisions et son impact comme leader.<\/p>\n<ul data-start=\"170\" data-end=\"278\">\n<li data-section-id=\"8f4k0y\" data-start=\"170\" data-end=\"204\">Comprendre les composantes de l\u2019intelligence \u00e9motionnelle<\/li>\n<li data-section-id=\"8f4k0y\" data-start=\"170\" data-end=\"204\">Identifier ses d\u00e9clencheurs, forces et valeurs<\/li>\n<li data-section-id=\"8f4k0y\" data-start=\"170\" data-end=\"204\">Reconna\u00eetre son impact \u00e9motionnel comme leader<\/li>\n<\/ul>\n<h4>D\u00e9velopper sa ma\u00eetrise de soi, g\u00e9rer son stress et soutenir sa motivation<\/h4>\n<p>D\u00e9velopper sa capacit\u00e9 \u00e0 r\u00e9guler ses \u00e9motions et \u00e0 g\u00e9rer son stress afin de pr\u00e9server son \u00e9nergie, sa motivation et une posture de leadership constructive dans les situations exigeantes.<\/p>\n<ul>\n<li>Mieux g\u00e9rer ses \u00e9motions et son stress<\/li>\n<li>Pr\u00e9server son \u00e9nergie dans les situations exigeantes<\/li>\n<li>Soutenir sa motivation et son engagement<\/li>\n<\/ul>\n<h4>D\u00e9velopper son empathie et cr\u00e9er des relations de confiance<\/h4>\n<p>D\u00e9velopper son empathie et sa capacit\u00e9 \u00e0 comprendre les \u00e9motions et les besoins des autres afin de renforcer la confiance et la qualit\u00e9 des relations professionnelles.<\/p>\n<ul>\n<li>D\u00e9velopper son \u00e9coute et son empathie<\/li>\n<li>Reconna\u00eetre et valider les \u00e9motions<\/li>\n<li>Renforcer la confiance et la s\u00e9curit\u00e9 psychologique<\/li>\n<\/ul>\n<h4>Communiquer avec courage, influencer et mobiliser<\/h4>\n<p>Appliquer les principes de l\u2019intelligence \u00e9motionnelle aux situations de gestion d\u00e9licates afin de communiquer avec courage, de r\u00e9duire les r\u00e9actions d\u00e9fensives et de mobiliser efficacement.<\/p>\n<ul>\n<li>Pr\u00e9parer les conversations d\u00e9licates<\/li>\n<li>Donner une r\u00e9troaction constructive<\/li>\n<li>Intervenir avec empathie et courage manag\u00e9rial<\/li>\n<\/ul>\n<h3><b>TARIFS<\/b><\/h3>\n<p>La formation en pr\u00e9sentiel \u00e0 Montr\u00e9al et en ligne est de 1 995$* + taxes.<\/p>\n<p>Les journ\u00e9es de formation sont admissibles \u00e0 la loi du 1 % pour la formation de la main d\u2019\u0153uvre. De plus, vous avez la possibilit\u00e9 d\u2019acc\u00e9der \u00e0 d\u2019autres financements. Pour cela, renseignez-vous directement aupr\u00e8s d\u2019Emploi Qu\u00e9bec de votre r\u00e9gion.<\/p>\n<p>Des rabais sont offerts* aux organismes \u00e0 but non lucratif (15%) et gouvernementaux (10%). Contactez-nous pour plus de d\u00e9tails.<br \/>\n*Les rabais ne sont pas cumulables avec d\u2019autres rabais ou tarif pr\u00e9f\u00e9rentiel.<\/p>\n<p>Des tarifs avantageux sont aussi offerts lorsque trois participants ou plus, provenant d\u2019une m\u00eame entreprise, s\u2019inscrivent aux formations. Pour plus de d\u00e9tails, veuillez communiquer avec nous.<\/p>\n<h3><b> DATES ET INSCRIPTION<\/b><\/h3>\n<h4><b>Formation en pr\u00e9sentiel \u00e0 Montr\u00e9al* :<\/b><\/h4>\n<ul>\n<li><a href=\"https:\/\/www.institutleadership.ca\/montreal\/formations-certifications\/en-presentiel-intelligence-emotionnelle-decembre-2026\/\">Automne 2026 : lundi 7 et mardi 8 d\u00e9cembre 9h \u00e0 16h<\/a><\/li>\n<\/ul>\n<h4><strong>Formation en ligne : \u00e0 venir<\/strong><\/h4>\n<p><span style=\"font-weight: 400;\">Des tarifs avantageux sont aussi offerts lorsque trois participants ou plus, provenant d\u2019une m\u00eame entreprise, s\u2019inscrivent aux formations. Pour plus de d\u00e9tails, veuillez <\/span><a href=\"https:\/\/www.institutleadership.ca\/montreal\/contact\/\"><span style=\"font-weight: 400;\">communiquer<\/span><\/a><span style=\"font-weight: 400;\"> avec nous.<\/span><\/p>\n<p><span style=\"font-weight: 400;\">*Frais d\u2019administration non remboursable (350$) en cas d\u2019annulation pour une inscription provenant d\u2019un pays autre que le Canada n\u00e9cessitant un visa d\u2019entr\u00e9e.<\/span><\/p>\n<p><span style=\"font-weight: 400;\">*Les repas sont inclus lors des formations en pr\u00e9sentiel (d\u00e9jeuner et d\u00eener).<\/span><\/p>\n","protected":false},"excerpt":{"rendered":"<p>Dans un environnement o\u00f9 les leaders doivent composer avec des situations exigeantes, des changements constants et des dynamiques humaines complexes, savoir reconna\u00eetre et g\u00e9rer ses propres \u00e9motions devient une comp\u00e9tence essentielle. Mais l\u2019intelligence \u00e9motionnelle va plus loin : elle permet &hellip; <\/p>\n","protected":false},"author":17,"featured_media":0,"parent":0,"menu_order":0,"comment_status":"closed","ping_status":"closed","template":"","meta":{"content-type":""},"yoast_head":"<!-- This site is optimized with the Yoast SEO plugin v20.6 - https:\/\/yoast.com\/wordpress\/plugins\/seo\/ -->\n<title>Intelligence \u00e9motionnelle - Canada - Institut de Leadership<\/title>\n<meta name=\"robots\" content=\"index, follow, max-snippet:-1, max-image-preview:large, max-video-preview:-1\" \/>\n<link rel=\"canonical\" href=\"https:\/\/www.institutleadership.ca\/montreal\/intelligence-emotionnelle\/\" \/>\n<meta property=\"og:locale\" content=\"fr_CA\" \/>\n<meta property=\"og:type\" content=\"article\" \/>\n<meta property=\"og:title\" content=\"Intelligence \u00e9motionnelle - Canada - Institut de Leadership\" \/>\n<meta property=\"og:description\" content=\"Dans un environnement o\u00f9 les leaders doivent composer avec des situations exigeantes, des changements constants et des dynamiques humaines complexes, savoir reconna\u00eetre et g\u00e9rer ses propres \u00e9motions devient une comp\u00e9tence essentielle. Mais l\u2019intelligence \u00e9motionnelle va plus loin : elle permet &hellip;\" \/>\n<meta property=\"og:url\" content=\"https:\/\/www.institutleadership.ca\/montreal\/intelligence-emotionnelle\/\" \/>\n<meta property=\"og:site_name\" content=\"Canada - Institut de Leadership\" \/>\n<meta property=\"article:publisher\" content=\"https:\/\/www.facebook.com\/institutleadership\/\" \/>\n<meta property=\"article:modified_time\" content=\"2026-09-01T20:50:56+00:00\" \/>\n<meta name=\"twitter:card\" content=\"summary_large_image\" \/>\n<meta name=\"twitter:label1\" content=\"Estimation du temps de lecture\" \/>\n\t<meta name=\"twitter:data1\" content=\"4 minutes\" \/>\n<script type=\"application\/ld+json\" class=\"yoast-schema-graph\">{\"@context\":\"https:\/\/schema.org\",\"@graph\":[{\"@type\":\"WebPage\",\"@id\":\"https:\/\/www.institutleadership.ca\/montreal\/intelligence-emotionnelle\/\",\"url\":\"https:\/\/www.institutleadership.ca\/montreal\/intelligence-emotionnelle\/\",\"name\":\"Intelligence \u00e9motionnelle - Canada - Institut de Leadership\",\"isPartOf\":{\"@id\":\"https:\/\/www.institutleadership.ca\/montreal\/#website\"},\"datePublished\":\"2026-09-01T18:54:42+00:00\",\"dateModified\":\"2026-09-01T20:50:56+00:00\",\"breadcrumb\":{\"@id\":\"https:\/\/www.institutleadership.ca\/montreal\/intelligence-emotionnelle\/#breadcrumb\"},\"inLanguage\":\"fr-CA\",\"potentialAction\":[{\"@type\":\"ReadAction\",\"target\":[\"https:\/\/www.institutleadership.ca\/montreal\/intelligence-emotionnelle\/\"]}]},{\"@type\":\"BreadcrumbList\",\"@id\":\"https:\/\/www.institutleadership.ca\/montreal\/intelligence-emotionnelle\/#breadcrumb\",\"itemListElement\":[{\"@type\":\"ListItem\",\"position\":1,\"name\":\"Accueil\",\"item\":\"https:\/\/www.institutleadership.ca\/montreal\/\"},{\"@type\":\"ListItem\",\"position\":2,\"name\":\"Intelligence \u00e9motionnelle\"}]},{\"@type\":\"WebSite\",\"@id\":\"https:\/\/www.institutleadership.ca\/montreal\/#website\",\"url\":\"https:\/\/www.institutleadership.ca\/montreal\/\",\"name\":\"Institut de leadership\",\"description\":\"Formations pour cadres et dirigeants\",\"publisher\":{\"@id\":\"https:\/\/www.institutleadership.ca\/montreal\/#organization\"},\"potentialAction\":[{\"@type\":\"SearchAction\",\"target\":{\"@type\":\"EntryPoint\",\"urlTemplate\":\"https:\/\/www.institutleadership.ca\/montreal\/?s={search_term_string}\"},\"query-input\":\"required name=search_term_string\"}],\"inLanguage\":\"fr-CA\"},{\"@type\":\"Organization\",\"@id\":\"https:\/\/www.institutleadership.ca\/montreal\/#organization\",\"name\":\"Institut de leadership\",\"url\":\"https:\/\/www.institutleadership.ca\/montreal\/\",\"logo\":{\"@type\":\"ImageObject\",\"inLanguage\":\"fr-CA\",\"@id\":\"https:\/\/www.institutleadership.ca\/montreal\/#\/schema\/logo\/image\/\",\"url\":\"https:\/\/www.institutleadership.ca\/montreal\/wp-content\/uploads\/sites\/7\/2019\/11\/Logo_Officiel-2-1.jpg\",\"contentUrl\":\"https:\/\/www.institutleadership.ca\/montreal\/wp-content\/uploads\/sites\/7\/2019\/11\/Logo_Officiel-2-1.jpg\",\"width\":2048,\"height\":1024,\"caption\":\"Institut de leadership\"},\"image\":{\"@id\":\"https:\/\/www.institutleadership.ca\/montreal\/#\/schema\/logo\/image\/\"},\"sameAs\":[\"https:\/\/www.facebook.com\/institutleadership\/\",\"https:\/\/www.linkedin.com\/school\/5305840\"]}]}<\/script>\n<!-- \/ Yoast SEO plugin. -->","yoast_head_json":{"title":"Intelligence \u00e9motionnelle - Canada - Institut de Leadership","robots":{"index":"index","follow":"follow","max-snippet":"max-snippet:-1","max-image-preview":"max-image-preview:large","max-video-preview":"max-video-preview:-1"},"canonical":"https:\/\/www.institutleadership.ca\/montreal\/intelligence-emotionnelle\/","og_locale":"fr_CA","og_type":"article","og_title":"Intelligence \u00e9motionnelle - Canada - Institut de Leadership","og_description":"Dans un environnement o\u00f9 les leaders doivent composer avec des situations exigeantes, des changements constants et des dynamiques humaines complexes, savoir reconna\u00eetre et g\u00e9rer ses propres \u00e9motions devient une comp\u00e9tence essentielle. Mais l\u2019intelligence \u00e9motionnelle va plus loin : elle permet &hellip;","og_url":"https:\/\/www.institutleadership.ca\/montreal\/intelligence-emotionnelle\/","og_site_name":"Canada - Institut de Leadership","article_publisher":"https:\/\/www.facebook.com\/institutleadership\/","article_modified_time":"2026-09-01T20:50:56+00:00","twitter_card":"summary_large_image","twitter_misc":{"Estimation du temps de lecture":"4 minutes"},"schema":{"@context":"https:\/\/schema.org","@graph":[{"@type":"WebPage","@id":"https:\/\/www.institutleadership.ca\/montreal\/intelligence-emotionnelle\/","url":"https:\/\/www.institutleadership.ca\/montreal\/intelligence-emotionnelle\/","name":"Intelligence \u00e9motionnelle - Canada - Institut de Leadership","isPartOf":{"@id":"https:\/\/www.institutleadership.ca\/montreal\/#website"},"datePublished":"2026-09-01T18:54:42+00:00","dateModified":"2026-09-01T20:50:56+00:00","breadcrumb":{"@id":"https:\/\/www.institutleadership.ca\/montreal\/intelligence-emotionnelle\/#breadcrumb"},"inLanguage":"fr-CA","potentialAction":[{"@type":"ReadAction","target":["https:\/\/www.institutleadership.ca\/montreal\/intelligence-emotionnelle\/"]}]},{"@type":"BreadcrumbList","@id":"https:\/\/www.institutleadership.ca\/montreal\/intelligence-emotionnelle\/#breadcrumb","itemListElement":[{"@type":"ListItem","position":1,"name":"Accueil","item":"https:\/\/www.institutleadership.ca\/montreal\/"},{"@type":"ListItem","position":2,"name":"Intelligence \u00e9motionnelle"}]},{"@type":"WebSite","@id":"https:\/\/www.institutleadership.ca\/montreal\/#website","url":"https:\/\/www.institutleadership.ca\/montreal\/","name":"Institut de leadership","description":"Formations pour cadres et dirigeants","publisher":{"@id":"https:\/\/www.institutleadership.ca\/montreal\/#organization"},"potentialAction":[{"@type":"SearchAction","target":{"@type":"EntryPoint","urlTemplate":"https:\/\/www.institutleadership.ca\/montreal\/?s={search_term_string}"},"query-input":"required name=search_term_string"}],"inLanguage":"fr-CA"},{"@type":"Organization","@id":"https:\/\/www.institutleadership.ca\/montreal\/#organization","name":"Institut de leadership","url":"https:\/\/www.institutleadership.ca\/montreal\/","logo":{"@type":"ImageObject","inLanguage":"fr-CA","@id":"https:\/\/www.institutleadership.ca\/montreal\/#\/schema\/logo\/image\/","url":"https:\/\/www.institutleadership.ca\/montreal\/wp-content\/uploads\/sites\/7\/2019\/11\/Logo_Officiel-2-1.jpg","contentUrl":"https:\/\/www.institutleadership.ca\/montreal\/wp-content\/uploads\/sites\/7\/2019\/11\/Logo_Officiel-2-1.jpg","width":2048,"height":1024,"caption":"Institut de leadership"},"image":{"@id":"https:\/\/www.institutleadership.ca\/montreal\/#\/schema\/logo\/image\/"},"sameAs":["https:\/\/www.facebook.com\/institutleadership\/","https:\/\/www.linkedin.com\/school\/5305840"]}]}},"_links":{"self":[{"href":"https:\/\/www.institutleadership.ca\/montreal\/wp-json\/wp\/v2\/pages\/20948"}],"collection":[{"href":"https:\/\/www.institutleadership.ca\/montreal\/wp-json\/wp\/v2\/pages"}],"about":[{"href":"https:\/\/www.institutleadership.ca\/montreal\/wp-json\/wp\/v2\/types\/page"}],"author":[{"embeddable":true,"href":"https:\/\/www.institutleadership.ca\/montreal\/wp-json\/wp\/v2\/users\/17"}],"replies":[{"embeddable":true,"href":"https:\/\/www.institutleadership.ca\/montreal\/wp-json\/wp\/v2\/comments?post=20948"}],"version-history":[{"count":4,"href":"https:\/\/www.institutleadership.ca\/montreal\/wp-json\/wp\/v2\/pages\/20948\/revisions"}],"predecessor-version":[{"id":20959,"href":"https:\/\/www.institutleadership.ca\/montreal\/wp-json\/wp\/v2\/pages\/20948\/revisions\/20959"}],"wp:attachment":[{"href":"https:\/\/www.institutleadership.ca\/montreal\/wp-json\/wp\/v2\/media?parent=20948"}],"curies":[{"name":"wp","href":"https:\/\/api.w.org\/{rel}","templated":true}]}}